{"id":8763,"date":"2024-08-18T22:09:01","date_gmt":"2024-08-18T21:09:01","guid":{"rendered":"https:\/\/www.jlrent.cz\/autovermietung-fuer-den-urlaub\/"},"modified":"2024-11-04T18:49:14","modified_gmt":"2024-11-04T17:49:14","slug":"autovermietung-fuer-den-urlaub","status":"publish","type":"page","link":"https:\/\/www.jlrent.cz\/de\/autovermietung-fuer-den-urlaub\/","title":{"rendered":"Autovermietung f\u00fcr den Urlaub"},"content":{"rendered":"\t\t<div data-elementor-type=\"wp-page\" data-elementor-id=\"8763\" class=\"elementor elementor-8763 elementor-6704\" data-elementor-post-type=\"page\">\n\t\t\t\t\t\t<section class=\"elementor-section elementor-top-section elementor-element elementor-element-7c67c2b elementor-section-height-min-height elementor-section-stretched elementor-section-boxed elementor-section-height-default elementor-section-items-middle\" data-id=\"7c67c2b\" data-element_type=\"section\" data-e-type=\"section\" data-settings=\"{&quot;background_background&quot;:&quot;classic&quot;,&quot;stretch_section&quot;:&quot;section-stretched&quot;}\">\n\t\t\t\t\t\t\t<div class=\"elementor-background-overlay\"><\/div>\n\t\t\t\t\t\t\t<div class=\"elementor-container elementor-column-gap-wider\">\n\t\t\t\t\t<div class=\"elementor-column elementor-col-100 elementor-top-column elementor-element elementor-element-483d28a\" data-id=\"483d28a\" data-element_type=\"column\" data-e-type=\"column\">\n\t\t\t<div class=\"elementor-widget-wrap elementor-element-populated\">\n\t\t\t\t<div class=\"elementor-element elementor-element-faa6079 e-flex e-con-boxed e-con e-parent\" data-id=\"faa6079\" data-element_type=\"container\" data-e-type=\"container\">\n\t\t\t\t\t<div class=\"e-con-inner\">\n\t\t<div class=\"elementor-element elementor-element-2a46a93 e-con-full e-flex e-con e-child\" data-id=\"2a46a93\" data-element_type=\"container\" data-e-type=\"container\">\n\t\t\t\t<div class=\"elementor-element elementor-element-99904e9 elementor-widget elementor-widget-heading\" data-id=\"99904e9\" data-element_type=\"widget\" data-e-type=\"widget\" data-widget_type=\"heading.default\">\n\t\t\t\t<div class=\"elementor-widget-container\">\n\t\t\t\t\t<h1 class=\"elementor-heading-title elementor-size-default\">Autovermietung f\u00fcr den Urlaub<\/h1>\t\t\t\t<\/div>\n\t\t\t\t<\/div>\n\t\t\t\t<\/div>\n\t\t\t\t\t<\/div>\n\t\t\t\t<\/div>\n\t\t\t\t\t<\/div>\n\t\t<\/div>\n\t\t\t\t\t<\/div>\n\t\t<\/section>\n\t\t\t\t<section class=\"elementor-section elementor-top-section elementor-element elementor-element-89dfe50 elementor-section-stretched elementor-section-boxed elementor-section-height-default elementor-section-height-default\" data-id=\"89dfe50\" data-element_type=\"section\" data-e-type=\"section\" data-settings=\"{&quot;stretch_section&quot;:&quot;section-stretched&quot;,&quot;background_background&quot;:&quot;classic&quot;}\">\n\t\t\t\t\t\t<div class=\"elementor-container elementor-column-gap-no\">\n\t\t\t\t\t<div class=\"elementor-column elementor-col-100 elementor-top-column elementor-element elementor-element-b55b389\" data-id=\"b55b389\" data-element_type=\"column\" data-e-type=\"column\">\n\t\t\t<div class=\"elementor-widget-wrap elementor-element-populated\">\n\t\t\t\t\t\t<section class=\"elementor-section elementor-inner-section elementor-element elementor-element-d2bb67d elementor-section-boxed elementor-section-height-default elementor-section-height-default\" data-id=\"d2bb67d\" data-element_type=\"section\" data-e-type=\"section\">\n\t\t\t\t\t\t<div class=\"elementor-container elementor-column-gap-wider\">\n\t\t\t\t\t<div class=\"elementor-column elementor-col-66 elementor-inner-column elementor-element elementor-element-eb14071\" data-id=\"eb14071\" data-element_type=\"column\" data-e-type=\"column\">\n\t\t\t<div class=\"elementor-widget-wrap elementor-element-populated\">\n\t\t\t\t\t\t<div class=\"elementor-element elementor-element-9ee3394 elementor-widget elementor-widget-heading\" data-id=\"9ee3394\" data-element_type=\"widget\" data-e-type=\"widget\" data-widget_type=\"heading.default\">\n\t\t\t\t<div class=\"elementor-widget-container\">\n\t\t\t\t\t<h2 class=\"elementor-heading-title elementor-size-default\">Genie\u00dfen Sie die Freiheit auf der Stra\u00dfe mit JL RENT - keine versteckten Geb\u00fchren, nur pures Fahrvergn\u00fcgen!<\/h2>\t\t\t\t<\/div>\n\t\t\t\t<\/div>\n\t\t\t\t\t<\/div>\n\t\t<\/div>\n\t\t\t\t<div class=\"elementor-column elementor-col-33 elementor-inner-column elementor-element elementor-element-b1526f8\" data-id=\"b1526f8\" data-element_type=\"column\" data-e-type=\"column\">\n\t\t\t<div class=\"elementor-widget-wrap elementor-element-populated\">\n\t\t\t\t\t\t<div class=\"elementor-element elementor-element-18472e6 elementor-laptop-align-center elementor-hidden-desktop elementor-hidden-laptop elementor-hidden-tablet elementor-hidden-mobile elementor-align-center elementor-widget elementor-widget-lottie\" data-id=\"18472e6\" data-element_type=\"widget\" data-e-type=\"widget\" data-settings=\"{&quot;source_json&quot;:{&quot;url&quot;:&quot;https:\\\/\\\/jlrent.cz\\\/wp-content\\\/uploads\\\/2024\\\/08\\\/Paper-plane-shadow2.json&quot;,&quot;id&quot;:6424,&quot;size&quot;:&quot;&quot;,&quot;alt&quot;:&quot;&quot;,&quot;source&quot;:&quot;library&quot;},&quot;number_of_times&quot;:2,&quot;end_point&quot;:{&quot;unit&quot;:&quot;%&quot;,&quot;size&quot;:58,&quot;sizes&quot;:[]},&quot;loop&quot;:&quot;yes&quot;,&quot;source&quot;:&quot;media_file&quot;,&quot;caption_source&quot;:&quot;none&quot;,&quot;link_to&quot;:&quot;none&quot;,&quot;trigger&quot;:&quot;arriving_to_viewport&quot;,&quot;viewport&quot;:{&quot;unit&quot;:&quot;%&quot;,&quot;size&quot;:&quot;&quot;,&quot;sizes&quot;:{&quot;start&quot;:0,&quot;end&quot;:100}},&quot;play_speed&quot;:{&quot;unit&quot;:&quot;px&quot;,&quot;size&quot;:1,&quot;sizes&quot;:[]},&quot;start_point&quot;:{&quot;unit&quot;:&quot;%&quot;,&quot;size&quot;:0,&quot;sizes&quot;:[]},&quot;renderer&quot;:&quot;svg&quot;}\" data-widget_type=\"lottie.default\">\n\t\t\t\t<div class=\"elementor-widget-container\">\n\t\t\t\t\t<div class=\"e-lottie__container\"><div class=\"e-lottie__animation\"><\/div><\/div>\t\t\t\t<\/div>\n\t\t\t\t<\/div>\n\t\t\t\t\t<\/div>\n\t\t<\/div>\n\t\t\t\t\t<\/div>\n\t\t<\/section>\n\t\t\t\t\t<\/div>\n\t\t<\/div>\n\t\t\t\t\t<\/div>\n\t\t<\/section>\n\t\t\t\t<section class=\"elementor-section elementor-top-section elementor-element elementor-element-372c63c elementor-section-content-middle elementor-section-stretched elementor-section-boxed elementor-section-height-default elementor-section-height-default\" data-id=\"372c63c\" data-element_type=\"section\" data-e-type=\"section\" data-settings=\"{&quot;stretch_section&quot;:&quot;section-stretched&quot;,&quot;background_background&quot;:&quot;classic&quot;}\">\n\t\t\t\t\t\t<div class=\"elementor-container elementor-column-gap-wider\">\n\t\t\t\t\t<div class=\"elementor-column elementor-col-50 elementor-top-column elementor-element elementor-element-8a29e92\" data-id=\"8a29e92\" data-element_type=\"column\" data-e-type=\"column\">\n\t\t\t<div class=\"elementor-widget-wrap elementor-element-populated\">\n\t\t\t\t\t\t<section class=\"elementor-section elementor-inner-section elementor-element elementor-element-ca95e2e elementor-section-boxed elementor-section-height-default elementor-section-height-default\" data-id=\"ca95e2e\" data-element_type=\"section\" data-e-type=\"section\">\n\t\t\t\t\t\t<div class=\"elementor-container elementor-column-gap-default\">\n\t\t\t\t\t<div class=\"elementor-column elementor-col-100 elementor-inner-column elementor-element elementor-element-400a540\" data-id=\"400a540\" data-element_type=\"column\" data-e-type=\"column\">\n\t\t\t<div class=\"elementor-widget-wrap elementor-element-populated\">\n\t\t\t\t\t\t<div class=\"elementor-element elementor-element-a1dc5c5 elementor-widget elementor-widget-text-editor\" data-id=\"a1dc5c5\" data-element_type=\"widget\" data-e-type=\"widget\" data-widget_type=\"text-editor.default\">\n\t\t\t\t<div class=\"elementor-widget-container\">\n\t\t\t\t\t\t\t\t\t<p>Ein Auto f\u00fcr Ihren Urlaub zu mieten kann eine gro\u00dfartige M\u00f6glichkeit sein, Ihre Reisen in vollen Z\u00fcgen und ohne Einschr\u00e4nkungen zu genie\u00dfen.<br \/>\nIn dieser schnelllebigen Zeit, in der Flexibilit\u00e4t das A und O ist, entscheiden sich immer mehr Menschen f\u00fcr diese Art der Fortbewegung.<br \/>\nStellen Sie sich vor, wie es ist, wenn Sie in Prag landen und in ein Auto einsteigen, das bereits f\u00fcr Sie bereitsteht, und sich auf den Weg zu neuen Abenteuern machen.<br \/>\nKein Warten auf \u00f6ffentliche Verkehrsmittel, keine Sorgen um das Timing.<br \/>\nNur Sie, Ihre Familie oder Freunde und endlose M\u00f6glichkeiten.    <\/p>\n<p>Autos werden zu einem Instrument der Freiheit, das spontane Reisen und geplante Urlaube erm\u00f6glicht.<br \/>\nEgal, ob Sie alleinstehend sind oder eine Familie haben, ein flexibler Mietwagen gibt Ihnen die M\u00f6glichkeit, die Reise nach Herzenslust zu genie\u00dfen.<br \/>\nF\u00fcr Familien bietet er Komfort und Platz f\u00fcr Kinder, w\u00e4hrend er f\u00fcr Singles oder Paare die T\u00fcr zu unerwarteten Stopps und der Entdeckung versteckter Sch\u00e4tze in der Umgebung \u00f6ffnet.  <\/p>\n\t\t\t\t\t\t\t\t<\/div>\n\t\t\t\t<\/div>\n\t\t\t\t\t<\/div>\n\t\t<\/div>\n\t\t\t\t\t<\/div>\n\t\t<\/section>\n\t\t\t\t\t<\/div>\n\t\t<\/div>\n\t\t\t\t<div class=\"elementor-column elementor-col-50 elementor-top-column elementor-element elementor-element-dab0067\" data-id=\"dab0067\" data-element_type=\"column\" data-e-type=\"column\">\n\t\t\t<div class=\"elementor-widget-wrap elementor-element-populated\">\n\t\t\t\t\t\t<div class=\"elementor-element elementor-element-544a9e5 elementor-widget__width-initial elementor-invisible elementor-widget elementor-widget-image\" data-id=\"544a9e5\" data-element_type=\"widget\" data-e-type=\"widget\" data-settings=\"{&quot;_animation&quot;:&quot;fadeIn&quot;}\" data-widget_type=\"image.default\">\n\t\t\t\t<div class=\"elementor-widget-container\">\n\t\t\t\t\t\t\t\t\t\t\t\t\t\t\t\t<a href=\"https:\/\/www.jlrent.cz\/de\/mieten-sie-ein-auto-fuer-das-wochenende\/\">\n\t\t\t\t\t\t\t<img fetchpriority=\"high\" decoding=\"async\" width=\"1200\" height=\"784\" src=\"https:\/\/www.jlrent.cz\/wp-content\/uploads\/2024\/08\/Pujceni-auta-na-dovolenou-\u2013-Co-potrebujete-vedet.webp\" class=\"attachment-full size-full wp-image-8374\" alt=\"P\u016fj\u010den\u00ed auta na dovolenou\" srcset=\"https:\/\/www.jlrent.cz\/wp-content\/uploads\/2024\/08\/Pujceni-auta-na-dovolenou-\u2013-Co-potrebujete-vedet.webp 1200w, https:\/\/www.jlrent.cz\/wp-content\/uploads\/2024\/08\/Pujceni-auta-na-dovolenou-\u2013-Co-potrebujete-vedet-500x327.webp 500w, https:\/\/www.jlrent.cz\/wp-content\/uploads\/2024\/08\/Pujceni-auta-na-dovolenou-\u2013-Co-potrebujete-vedet-300x196.webp 300w, https:\/\/www.jlrent.cz\/wp-content\/uploads\/2024\/08\/Pujceni-auta-na-dovolenou-\u2013-Co-potrebujete-vedet-768x502.webp 768w, https:\/\/www.jlrent.cz\/wp-content\/uploads\/2024\/08\/Pujceni-auta-na-dovolenou-\u2013-Co-potrebujete-vedet-115x75.webp 115w, https:\/\/www.jlrent.cz\/wp-content\/uploads\/2024\/08\/Pujceni-auta-na-dovolenou-\u2013-Co-potrebujete-vedet-484x316.webp 484w\" sizes=\"(max-width:767px) 484px, (max-width:1200px) 100vw, 1200px\" title=\"\">\t\t\t\t\t\t\t\t<\/a>\n\t\t\t\t\t\t\t\t\t\t\t\t\t\t\t<\/div>\n\t\t\t\t<\/div>\n\t\t\t\t\t<\/div>\n\t\t<\/div>\n\t\t\t\t\t<\/div>\n\t\t<\/section>\n\t\t\t\t<section class=\"elementor-section elementor-top-section elementor-element elementor-element-ea418b4 elementor-section-stretched elementor-section-boxed elementor-section-height-default elementor-section-height-default\" data-id=\"ea418b4\" data-element_type=\"section\" data-e-type=\"section\" data-settings=\"{&quot;stretch_section&quot;:&quot;section-stretched&quot;,&quot;background_background&quot;:&quot;classic&quot;}\">\n\t\t\t\t\t\t<div class=\"elementor-container elementor-column-gap-no\">\n\t\t\t\t\t<div class=\"elementor-column elementor-col-100 elementor-top-column elementor-element elementor-element-d0743c2\" data-id=\"d0743c2\" data-element_type=\"column\" data-e-type=\"column\">\n\t\t\t<div class=\"elementor-widget-wrap elementor-element-populated\">\n\t\t\t\t\t\t<section class=\"elementor-section elementor-inner-section elementor-element elementor-element-b216631 elementor-section-boxed elementor-section-height-default elementor-section-height-default\" data-id=\"b216631\" data-element_type=\"section\" data-e-type=\"section\">\n\t\t\t\t\t\t<div class=\"elementor-container elementor-column-gap-wider\">\n\t\t\t\t\t<div class=\"elementor-column elementor-col-66 elementor-inner-column elementor-element elementor-element-0b0928d\" data-id=\"0b0928d\" data-element_type=\"column\" data-e-type=\"column\">\n\t\t\t<div class=\"elementor-widget-wrap elementor-element-populated\">\n\t\t\t\t\t\t<div class=\"elementor-element elementor-element-bab3ee0 elementor-widget elementor-widget-heading\" data-id=\"bab3ee0\" data-element_type=\"widget\" data-e-type=\"widget\" data-widget_type=\"heading.default\">\n\t\t\t\t<div class=\"elementor-widget-container\">\n\t\t\t\t\t<h2 class=\"elementor-heading-title elementor-size-default\">Reisen mit einem Mietwagen<\/h2>\t\t\t\t<\/div>\n\t\t\t\t<\/div>\n\t\t\t\t\t<\/div>\n\t\t<\/div>\n\t\t\t\t<div class=\"elementor-column elementor-col-33 elementor-inner-column elementor-element elementor-element-52a655c elementor-hidden-mobile\" data-id=\"52a655c\" data-element_type=\"column\" data-e-type=\"column\">\n\t\t\t<div class=\"elementor-widget-wrap\">\n\t\t\t\t\t\t\t<\/div>\n\t\t<\/div>\n\t\t\t\t\t<\/div>\n\t\t<\/section>\n\t\t\t\t\t<\/div>\n\t\t<\/div>\n\t\t\t\t\t<\/div>\n\t\t<\/section>\n\t\t\t\t<section class=\"elementor-section elementor-top-section elementor-element elementor-element-4c92835 elementor-section-stretched elementor-section-boxed elementor-section-height-default elementor-section-height-default\" data-id=\"4c92835\" data-element_type=\"section\" data-e-type=\"section\" data-settings=\"{&quot;stretch_section&quot;:&quot;section-stretched&quot;,&quot;background_background&quot;:&quot;classic&quot;}\">\n\t\t\t\t\t\t\t<div class=\"elementor-background-overlay\"><\/div>\n\t\t\t\t\t\t\t<div class=\"elementor-container elementor-column-gap-wider\">\n\t\t\t\t\t<div class=\"elementor-column elementor-col-100 elementor-top-column elementor-element elementor-element-c0a4e55\" data-id=\"c0a4e55\" data-element_type=\"column\" data-e-type=\"column\" data-settings=\"{&quot;background_background&quot;:&quot;classic&quot;}\">\n\t\t\t<div class=\"elementor-widget-wrap elementor-element-populated\">\n\t\t\t\t<div class=\"elementor-element elementor-element-40e16b9 e-flex e-con-boxed e-con e-parent\" data-id=\"40e16b9\" data-element_type=\"container\" data-e-type=\"container\">\n\t\t\t\t\t<div class=\"e-con-inner\">\n\t\t\t\t<div class=\"elementor-element elementor-element-667a3fc elementor-widget elementor-widget-heading\" data-id=\"667a3fc\" data-element_type=\"widget\" data-e-type=\"widget\" data-widget_type=\"heading.default\">\n\t\t\t\t<div class=\"elementor-widget-container\">\n\t\t\t\t\t<h3 class=\"elementor-heading-title elementor-size-default\">1. grenz\u00fcberschreitende Geb\u00fchren bei der Anmietung eines Autos im Urlaub<\/h3>\t\t\t\t<\/div>\n\t\t\t\t<\/div>\n\t\t\t\t<div class=\"elementor-element elementor-element-24f87a0 elementor-widget elementor-widget-text-editor\" data-id=\"24f87a0\" data-element_type=\"widget\" data-e-type=\"widget\" data-widget_type=\"text-editor.default\">\n\t\t\t\t<div class=\"elementor-widget-container\">\n\t\t\t\t\t\t\t\t\t<p class=\"p1\">Einige L\u00e4nder erheben Geb\u00fchren f\u00fcr die Einreise und die Benutzung ihrer Stra\u00dfen, wie z.B. Mautgeb\u00fchren oder Autobahnbenutzungsgeb\u00fchren.<br \/>\nPlanen Sie Ihre Reiseroute und Ihr Budget so, dass Sie auf diese zus\u00e4tzlichen Kosten vorbereitet sind, die sich erheblich auf die Gesamtkosten f\u00fcr Ihren Mietwagen auswirken k\u00f6nnen.<br \/>\nVergewissern Sie sich, dass Sie alle notwendigen Informationen \u00fcber grenz\u00fcberschreitende Geb\u00fchren haben, insbesondere wenn Sie zwischen verschiedenen L\u00e4ndern innerhalb der EU reisen m\u00f6chten.  <\/p>\n\t\t\t\t\t\t\t\t<\/div>\n\t\t\t\t<\/div>\n\t\t\t\t<div class=\"elementor-element elementor-element-a979c7d elementor-widget elementor-widget-heading\" data-id=\"a979c7d\" data-element_type=\"widget\" data-e-type=\"widget\" data-widget_type=\"heading.default\">\n\t\t\t\t<div class=\"elementor-widget-container\">\n\t\t\t\t\t<h3 class=\"elementor-heading-title elementor-size-default\">2. Bedingungen f\u00fcr zus\u00e4tzliche Fahrer bei der Anmietung eines Autos<\/h3>\t\t\t\t<\/div>\n\t\t\t\t<\/div>\n\t\t\t\t<div class=\"elementor-element elementor-element-775993f elementor-widget elementor-widget-text-editor\" data-id=\"775993f\" data-element_type=\"widget\" data-e-type=\"widget\" data-widget_type=\"text-editor.default\">\n\t\t\t\t<div class=\"elementor-widget-container\">\n\t\t\t\t\t\t\t\t\t<p>Wenn Sie planen, mit anderen Personen zu reisen und nicht die ganze Zeit allein fahren m\u00f6chten, sollten Sie einen zus\u00e4tzlichen Fahrer in Betracht ziehen.<br \/>\nPr\u00fcfen Sie in den Allgemeinen Gesch\u00e4ftsbedingungen der Autovermietung, ob dieser Service kostenlos oder gegen eine zus\u00e4tzliche Geb\u00fchr angeboten wird.<br \/>\nWenn Sie sich nicht an diese Bedingungen halten, k\u00f6nnten im Falle eines Versicherungsanspruchs hohe Kosten auf Sie zukommen.<br \/>\nDie Bedingungen f\u00fcr einen Zusatzfahrer sind von entscheidender Bedeutung, denn wenn die Autovermietung von Ihnen verlangt, den Zusatzfahrer zu melden, und Sie dies nicht tun, k\u00f6nnten Sie Gefahr laufen, im Falle eines Unfalls alle Kosten zu tragen.   <\/p>\n\t\t\t\t\t\t\t\t<\/div>\n\t\t\t\t<\/div>\n\t\t\t\t<div class=\"elementor-element elementor-element-4a81c92 elementor-widget elementor-widget-heading\" data-id=\"4a81c92\" data-element_type=\"widget\" data-e-type=\"widget\" data-widget_type=\"heading.default\">\n\t\t\t\t<div class=\"elementor-widget-container\">\n\t\t\t\t\t<h3 class=\"elementor-heading-title elementor-size-default\">3. Erfahrung von Autovermietungen im Umgang mit technischen Ausf\u00e4llen im Ausland<\/h3>\t\t\t\t<\/div>\n\t\t\t\t<\/div>\n\t\t\t\t<div class=\"elementor-element elementor-element-9528ef5 elementor-widget elementor-widget-text-editor\" data-id=\"9528ef5\" data-element_type=\"widget\" data-e-type=\"widget\" data-widget_type=\"text-editor.default\">\n\t\t\t\t<div class=\"elementor-widget-container\">\n\t\t\t\t\t\t\t\t\t<p>Wenn Sie w\u00e4hrend Ihrer Reise eine technische St\u00f6rung oder einen Unfall haben, ist es wichtig zu wissen, dass Sie sich auf die Unterst\u00fctzung Ihres Autovermieters verlassen k\u00f6nnen.<br \/>\nPr\u00fcfen Sie vor der Buchung die Erfahrungen anderer Kunden und vergewissern Sie sich, dass die Autovermietung im Ausland professionellen Support bietet.<br \/>\nMit dem technischen Support von Autovermietungen im Ausland k\u00f6nnen Sie beruhigt reisen, da Sie wissen, dass Ihnen bei Bedarf professionelle Hilfe zur Verf\u00fcgung steht.  <\/p>\n\t\t\t\t\t\t\t\t<\/div>\n\t\t\t\t<\/div>\n\t\t\t\t<div class=\"elementor-element elementor-element-7d372f4 elementor-widget elementor-widget-heading\" data-id=\"7d372f4\" data-element_type=\"widget\" data-e-type=\"widget\" data-widget_type=\"heading.default\">\n\t\t\t\t<div class=\"elementor-widget-container\">\n\t\t\t\t\t<h3 class=\"elementor-heading-title elementor-size-default\">4. Reisem\u00f6glichkeiten mit einem Mietwagen in der EU<\/h3>\t\t\t\t<\/div>\n\t\t\t\t<\/div>\n\t\t\t\t<div class=\"elementor-element elementor-element-48d35d4 elementor-widget elementor-widget-text-editor\" data-id=\"48d35d4\" data-element_type=\"widget\" data-e-type=\"widget\" data-widget_type=\"text-editor.default\">\n\t\t\t\t<div class=\"elementor-widget-container\">\n\t\t\t\t\t\t\t\t\t<p>Die Autovermietung im Ausland ist <strong>KOSTENLOS<\/strong> und Sie k\u00f6nnen innerhalb der EU reisen.<br \/>\nMit unseren Autos k\u00f6nnen Sie sogar L\u00e4nder wie RUM\u00c4NIEN, BULGARIEN und GRIECHENLAND besuchen, nur berechnen wir eine h\u00f6here Kaution f\u00fcr das Auto, das h\u00e4ngt alles von der Vereinbarung ab.<br \/>\nMit unseren Autos k\u00f6nnen Sie auch in die Schweiz und nach Gro\u00dfbritannien fahren und wenn Sie nach Dubrovnik in Kroatien m\u00fcssen, ist es kein Problem, eine kurze \u00dcberfahrt durch Bosnien zu machen.  <\/p>\n\t\t\t\t\t\t\t\t<\/div>\n\t\t\t\t<\/div>\n\t\t\t\t<div class=\"elementor-element elementor-element-c3c9f5e elementor-widget elementor-widget-heading\" data-id=\"c3c9f5e\" data-element_type=\"widget\" data-e-type=\"widget\" data-widget_type=\"heading.default\">\n\t\t\t\t<div class=\"elementor-widget-container\">\n\t\t\t\t\t<h3 class=\"elementor-heading-title elementor-size-default\">5. Uneingeschr\u00e4nktes Fahren ohne Geb\u00fchren<\/h3>\t\t\t\t<\/div>\n\t\t\t\t<\/div>\n\t\t\t\t<div class=\"elementor-element elementor-element-73a963f elementor-widget elementor-widget-text-editor\" data-id=\"73a963f\" data-element_type=\"widget\" data-e-type=\"widget\" data-widget_type=\"text-editor.default\">\n\t\t\t\t<div class=\"elementor-widget-container\">\n\t\t\t\t\t\t\t\t\t<p>Sie k\u00f6nnen das Verfahren ohne zus\u00e4tzliche Kosten an Familienmitglieder oder Freunde weitergeben.<br \/>\nUnsere Police erfordert keine Sondergenehmigung f\u00fcr zus\u00e4tzliche Fahrer, so dass Sie w\u00e4hrend Ihres Urlaubs flexibel fahren k\u00f6nnen.<br \/>\nDas kostenlose Fahren eines Mietwagens bietet Ihnen den Vorteil, dass Sie den Fahrer wechseln k\u00f6nnen, ohne f\u00fcr diesen Service bezahlen zu m\u00fcssen.  <\/p>\n\t\t\t\t\t\t\t\t<\/div>\n\t\t\t\t<\/div>\n\t\t\t\t<div class=\"elementor-element elementor-element-556d3dc elementor-widget elementor-widget-heading\" data-id=\"556d3dc\" data-element_type=\"widget\" data-e-type=\"widget\" data-widget_type=\"heading.default\">\n\t\t\t\t<div class=\"elementor-widget-container\">\n\t\t\t\t\t<h3 class=\"elementor-heading-title elementor-size-default\">6. Wie wichtig es ist, die Gesch\u00e4ftsbedingungen der Autovermietung einzuhalten, wenn Sie ins Ausland reisen<\/h3>\t\t\t\t<\/div>\n\t\t\t\t<\/div>\n\t\t\t\t<div class=\"elementor-element elementor-element-5102c4e elementor-widget elementor-widget-text-editor\" data-id=\"5102c4e\" data-element_type=\"widget\" data-e-type=\"widget\" data-widget_type=\"text-editor.default\">\n\t\t\t\t<div class=\"elementor-widget-container\">\n\t\t\t\t\t\t\t\t\t<p class=\"p1\">Wenn Sie eine Reise mit einem <b>Mietwagen<\/b> planen, ist es wichtig zu wissen, in welche L\u00e4nder Sie reisen d\u00fcrfen und durch welche nicht. <b>Autovermietungen<\/b> haben oft sehr strenge Auflagen bez\u00fcglich der erlaubten L\u00e4nder, und wenn Sie gegen diese Auflagen versto\u00dfen, kann das ernste Konsequenzen haben.<br \/>\nDie \u00f6rtliche oder internationale Polizei kann Ihr Fahrzeug beschlagnahmen, was zu Verh\u00f6ren und saftigen Geldstrafen f\u00fchren kann.<br \/>\nWenn in einem nicht zugelassenen Land etwas passiert, kann es au\u00dferdem sein, dass <b>der Autovermieter<\/b> in diesem Land keine Versicherung, Hilfe oder sonstige Sicherheit bietet.<br \/>\nIn einem solchen Fall ist auch keine technische Hilfe oder Pannenhilfe m\u00f6glich.<br \/>\nEin Versto\u00df gegen diese Bedingungen k\u00f6nnte auch bedeuten, dass Sie als Mieter des Fahrzeugs rechtlich f\u00fcr die entstandenen Kosten aufkommen m\u00fcssen.    <\/p>\n\t\t\t\t\t\t\t\t<\/div>\n\t\t\t\t<\/div>\n\t\t\t\t<div class=\"elementor-element elementor-element-20e9584 elementor-widget elementor-widget-heading\" data-id=\"20e9584\" data-element_type=\"widget\" data-e-type=\"widget\" data-widget_type=\"heading.default\">\n\t\t\t\t<div class=\"elementor-widget-container\">\n\t\t\t\t\t<h3 class=\"elementor-heading-title elementor-size-default\">7. Mieten Sie ein Auto im Ausland ohne zus\u00e4tzliche Geb\u00fchren mit JL RENT<\/h3>\t\t\t\t<\/div>\n\t\t\t\t<\/div>\n\t\t\t\t<div class=\"elementor-element elementor-element-c39ff36 elementor-widget elementor-widget-text-editor\" data-id=\"c39ff36\" data-element_type=\"widget\" data-e-type=\"widget\" data-widget_type=\"text-editor.default\">\n\t\t\t\t<div class=\"elementor-widget-container\">\n\t\t\t\t\t\t\t\t\t<p class=\"p1\">Wenn Sie bei uns ein Auto im Ausland mieten, <b>fallen keine zus\u00e4tzlichen Geb\u00fchren an<\/b>, so dass Sie innerhalb der <b>EU<\/b> frei reisen k\u00f6nnen.<br \/>\nMit unseren Autos k\u00f6nnen Sie L\u00e4nder wie <b>Rum\u00e4nien<\/b>, <b>Bulgarien<\/b> und <b>Griechenland<\/b> besuchen; die einzige Bedingung ist eine h\u00f6here Kaution, die von einer individuellen Vereinbarung abh\u00e4ngt.<br \/>\nAuch in die <b>Schweiz<\/b> und nach <b>Gro\u00dfbritannien<\/b> k\u00f6nnen Sie ohne Einschr\u00e4nkungen reisen.<br \/>\nWenn Sie <b>Dubrovnik<\/b> in Kroatien besuchen m\u00f6chten, ist eine kurze \u00dcberfahrt durch <b>Bosnien<\/b> kein Problem.<br \/>\nUnser Service ist darauf ausgerichtet, Ihre Reise so bequem und problemlos wie m\u00f6glich zu gestalten.    <\/p>\n\t\t\t\t\t\t\t\t<\/div>\n\t\t\t\t<\/div>\n\t\t\t\t<div class=\"elementor-element elementor-element-73b4392 elementor-widget elementor-widget-heading\" data-id=\"73b4392\" data-element_type=\"widget\" data-e-type=\"widget\" data-widget_type=\"heading.default\">\n\t\t\t\t<div class=\"elementor-widget-container\">\n\t\t\t\t\t<h3 class=\"elementor-heading-title elementor-size-default\">8. Auswahl an Tarifen f\u00fcr die Autovermietung im Urlaub<\/h3>\t\t\t\t<\/div>\n\t\t\t\t<\/div>\n\t\t\t\t<div class=\"elementor-element elementor-element-d10a72c elementor-widget elementor-widget-text-editor\" data-id=\"d10a72c\" data-element_type=\"widget\" data-e-type=\"widget\" data-widget_type=\"text-editor.default\">\n\t\t\t\t<div class=\"elementor-widget-container\">\n\t\t\t\t\t\t\t\t\t<p class=\"p1\">Wir bieten zwei Arten von Tarifen f\u00fcr kurzfristige Autovermietungen an.<br \/>\nDer erste, g\u00fcnstigere Tarif beinhaltet ein Limit von 200 km pro Tag multipliziert mit der Anzahl der Miettage.<br \/>\nDer zweite Tarif hat <b>keine Kilometerbegrenzung<\/b>, so dass Sie unbegrenzt reisen k\u00f6nnen.<br \/>\nDieser Tarif ohne Kilometerbegrenzung ist f\u00fcr internationale Reisen ab dem vierten Tag der Anmietung verf\u00fcgbar.<br \/>\nWenn Sie ein Fahrzeug f\u00fcr weniger als vier Tage mieten, gilt ein Limit von 300 km pro Tag.<br \/>\nW\u00e4hlen Sie den Tarif, der am besten zu Ihren Bed\u00fcrfnissen und Reisepl\u00e4nen passt.     <\/p>\n\t\t\t\t\t\t\t\t<\/div>\n\t\t\t\t<\/div>\n\t\t\t\t<div class=\"elementor-element elementor-element-5f1535f elementor-widget elementor-widget-heading\" data-id=\"5f1535f\" data-element_type=\"widget\" data-e-type=\"widget\" data-widget_type=\"heading.default\">\n\t\t\t\t<div class=\"elementor-widget-container\">\n\t\t\t\t\t<h3 class=\"elementor-heading-title elementor-size-default\">9. Transparente und feste Preise ohne versteckte Geb\u00fchren<\/h3>\t\t\t\t<\/div>\n\t\t\t\t<\/div>\n\t\t\t\t<div class=\"elementor-element elementor-element-15f0e13 elementor-widget elementor-widget-text-editor\" data-id=\"15f0e13\" data-element_type=\"widget\" data-e-type=\"widget\" data-widget_type=\"text-editor.default\">\n\t\t\t\t<div class=\"elementor-widget-container\">\n\t\t\t\t\t\t\t\t\t<p class=\"p1\">Unsere Preise sind endg\u00fcltig und \u00e4ndern sich auch nicht, wenn Sie das Auto verschmutzt zur\u00fcckgeben oder w\u00e4hrend der Fahrt schneller fahren mussten.<br \/>\nWir berechnen keine zus\u00e4tzlichen Kosten f\u00fcr einen zus\u00e4tzlichen Fahrer oder f\u00fcr Fahrten ins Ausland.<br \/>\nAlle unsere Preise sind transparent, so dass Sie sicher sein k\u00f6nnen, dass es keine unangenehmen \u00dcberraschungen gibt, wenn Sie Ihr Auto zur\u00fcckgeben.  <\/p>\n\t\t\t\t\t\t\t\t<\/div>\n\t\t\t\t<\/div>\n\t\t\t\t<div class=\"elementor-element elementor-element-d719cd3 elementor-widget elementor-widget-heading\" data-id=\"d719cd3\" data-element_type=\"widget\" data-e-type=\"widget\" data-widget_type=\"heading.default\">\n\t\t\t\t<div class=\"elementor-widget-container\">\n\t\t\t\t\t<h3 class=\"elementor-heading-title elementor-size-default\">10. Vollst\u00e4ndige Preise einschlie\u00dflich Versicherung und Zusatzversicherung f\u00fcr Ihre Sicherheit<\/h3>\t\t\t\t<\/div>\n\t\t\t\t<\/div>\n\t\t\t\t<div class=\"elementor-element elementor-element-d425ba2 elementor-widget elementor-widget-text-editor\" data-id=\"d425ba2\" data-element_type=\"widget\" data-e-type=\"widget\" data-widget_type=\"text-editor.default\">\n\t\t\t\t<div class=\"elementor-widget-container\">\n\t\t\t\t\t\t\t\t\t<p class=\"p1\"><b>Bei JL RENT sind alle Preise komplett <\/b>und beinhalten eine Unfallversicherung mit einer festen Selbstbeteiligung von 10.000 CZK.<br \/>\nSelbst im Falle eines Totalschadens am Fahrzeug zahlen Sie keine einzige Krone mehr.<br \/>\nIm Gegensatz zu anderen Autovermietungen, die eine Pannenversicherung mit einer Selbstbeteiligung%-10% CZK (mindestens 5.000 CZK &#8211; 10.000 CZK) anbieten und f\u00fcr Sch\u00e4den an der Windschutzscheibe weitere 1.000 CZK aufschlagen, sorgen wir daf\u00fcr, dass alles klar und berechenbar ist.<br \/>\nF\u00fcr Reisen innerhalb der zugelassenen EU-L\u00e4nder bieten wir au\u00dferdem eine zus\u00e4tzliche Auslandshilfeversicherung und eine Mobilit\u00e4tsgarantie ab Werk an.<br \/>\nUnser Ziel ist es, maximale Transparenz zu schaffen, damit Sie immer wissen, woran Sie sind und beruhigt und ohne unn\u00f6tige Sorgen reisen k\u00f6nnen.    <\/p>\n\t\t\t\t\t\t\t\t<\/div>\n\t\t\t\t<\/div>\n\t\t\t\t<div class=\"elementor-element elementor-element-a52d254 elementor-widget elementor-widget-heading\" data-id=\"a52d254\" data-element_type=\"widget\" data-e-type=\"widget\" data-widget_type=\"heading.default\">\n\t\t\t\t<div class=\"elementor-widget-container\">\n\t\t\t\t\t<h3 class=\"elementor-heading-title elementor-size-default\">Tipps f\u00fcr die Auswahl der besten Autovermietung f\u00fcr Ihren Urlaub im Ausland<\/h3>\t\t\t\t<\/div>\n\t\t\t\t<\/div>\n\t\t\t\t<div class=\"elementor-element elementor-element-1f3054d elementor-widget elementor-widget-text-editor\" data-id=\"1f3054d\" data-element_type=\"widget\" data-e-type=\"widget\" data-widget_type=\"text-editor.default\">\n\t\t\t\t<div class=\"elementor-widget-container\">\n\t\t\t\t\t\t\t\t\t<p>Wenn Sie eine Reise ins Ausland planen, ist es wichtig, sich auf die Wahl des richtigen Autovermieters zu konzentrieren, denn das ist der Schl\u00fcssel zu einem reibungslosen Ablauf Ihres Urlaubs.<br \/>\nVergewissern Sie sich, dass Sie alle Bedingungen f\u00fcr die Anmietung eines Autos f\u00fcr Ihre Reise in die EU verstehen, um unangenehme \u00dcberraschungen zu vermeiden.<br \/>\nWenn Sie auf der Suche nach einer g\u00fcnstigen Autovermietung f\u00fcr Ihren Urlaub im Ausland sind, empfehlen wir Ihnen, die Angebote verschiedener Autovermietungen zu vergleichen.<br \/>\nDie beste Autovermietung f\u00fcr Ihre Europareise wird Ihnen nicht nur einen Mietwagen ohne versteckte Geb\u00fchren anbieten, sondern auch die M\u00f6glichkeit, einen Mietwagen mit mehreren Fahrern ohne Aufpreis zu fahren.<br \/>\nWenn Sie vorhaben, mit Ihrem Mietwagen durch Europa zu reisen, vergewissern Sie sich, dass die von Ihnen gew\u00e4hlte Autovermietung ihre Dienste auch in den Ziell\u00e4ndern anbietet, die Sie besuchen m\u00f6chten, z.B. in der Schweiz oder in Gro\u00dfbritannien.    <\/p>\n\t\t\t\t\t\t\t\t<\/div>\n\t\t\t\t<\/div>\n\t\t\t\t<div class=\"elementor-element elementor-element-46d967f elementor-widget elementor-widget-heading\" data-id=\"46d967f\" data-element_type=\"widget\" data-e-type=\"widget\" data-widget_type=\"heading.default\">\n\t\t\t\t<div class=\"elementor-widget-container\">\n\t\t\t\t\t<h3 class=\"elementor-heading-title elementor-size-default\">Interessante externe Links f\u00fcr Reisen ins Ausland mit einem Mietauto<\/h3>\t\t\t\t<\/div>\n\t\t\t\t<\/div>\n\t\t\t\t<div class=\"elementor-element elementor-element-9be690b elementor-widget elementor-widget-text-editor\" data-id=\"9be690b\" data-element_type=\"widget\" data-e-type=\"widget\" data-widget_type=\"text-editor.default\">\n\t\t\t\t<div class=\"elementor-widget-container\">\n\t\t\t\t\t\t\t\t\t<p><b><a href=\"https:\/\/www.jlrent.cz\/de\/mieten-sie-ein-auto-fuer-das-wochenende\/\">https:\/\/www.jlrent.cz\/pujceni-auta-na-vikend\/Port\u00e1l<\/a><\/b> bietet <b>Autofahrern<\/b> detaillierte Informationen \u00fcber Mautstellen, Mautbezahlungsm\u00f6glichkeiten und -regeln f\u00fcr verschiedene europ\u00e4ische L\u00e4nder, darunter \u00d6sterreich, Deutschland, die Slowakei und andere.\nHier finden Sie praktische Tipps, wie Sie die Maut richtig bezahlen und welche Besonderheiten in den verschiedenen L\u00e4ndern gelten.\nWeitere Informationen finden Sie auf ihrer Website<strong><a href=\"https:\/\/www.portalridice.cz\/\" target=\"_blank\" rel=\"noopener\"> hier.<\/a><\/strong>  <\/p>\n<p><b>Tolls.eu<\/b> bietet klare Informationen \u00fcber Mauterhebungsmethoden in ganz Europa, einschlie\u00dflich konventioneller und elektronischer Mautmarken, Mautstellen sowie Br\u00fccken- und Tunnelmaut.\nAu\u00dferdem finden Sie eine interaktive Karte mit einer \u00dcbersicht \u00fcber die Mautgeb\u00fchren in verschiedenen L\u00e4ndern, damit Sie Ihre Reise leicht planen k\u00f6nnen.\nWeitere Informationen finden Sie<b> <a href=\"https:\/\/www.tolls.eu\/\" target=\"_blank\" rel=\"noopener\">hier.<\/a><\/b>  <\/p>\n<p>Mieten Sie ein Auto f\u00fcr das Wochenende <a href=\"https:\/\/www.jlrent.cz\/de\/mieten-sie-ein-auto-fuer-das-wochenende\/\"><b>hier.<\/b><\/a><\/p>\n<p> <\/p>\t\t\t\t\t\t\t\t<\/div>\n\t\t\t\t<\/div>\n\t\t\t\t\t<\/div>\n\t\t\t\t<\/div>\n\t\t\t\t\t<\/div>\n\t\t<\/div>\n\t\t\t\t\t<\/div>\n\t\t<\/section>\n\t\t\t\t<section class=\"elementor-section elementor-top-section elementor-element elementor-element-2e77f36 elementor-section-stretched elementor-section-boxed elementor-section-height-default elementor-section-height-default\" data-id=\"2e77f36\" data-element_type=\"section\" data-e-type=\"section\" data-settings=\"{&quot;stretch_section&quot;:&quot;section-stretched&quot;,&quot;background_background&quot;:&quot;classic&quot;}\">\n\t\t\t\t\t\t<div class=\"elementor-container elementor-column-gap-no\">\n\t\t\t\t\t<div class=\"elementor-column elementor-col-100 elementor-top-column elementor-element elementor-element-73617ec\" data-id=\"73617ec\" data-element_type=\"column\" data-e-type=\"column\">\n\t\t\t<div class=\"elementor-widget-wrap elementor-element-populated\">\n\t\t\t\t\t\t<section class=\"elementor-section elementor-inner-section elementor-element elementor-element-fbd1f34 elementor-section-boxed elementor-section-height-default elementor-section-height-default\" data-id=\"fbd1f34\" data-element_type=\"section\" data-e-type=\"section\">\n\t\t\t\t\t\t<div class=\"elementor-container elementor-column-gap-wider\">\n\t\t\t\t\t<div class=\"elementor-column elementor-col-66 elementor-inner-column elementor-element elementor-element-ab32344\" data-id=\"ab32344\" data-element_type=\"column\" data-e-type=\"column\">\n\t\t\t<div class=\"elementor-widget-wrap elementor-element-populated\">\n\t\t\t\t\t\t<div class=\"elementor-element elementor-element-677dd06 elementor-widget elementor-widget-heading\" data-id=\"677dd06\" data-element_type=\"widget\" data-e-type=\"widget\" data-widget_type=\"heading.default\">\n\t\t\t\t<div class=\"elementor-widget-container\">\n\t\t\t\t\t<h2 class=\"elementor-heading-title elementor-size-default\">Weitere Dienstleistungen von JL Rent: Die Komplettl\u00f6sung f\u00fcr Ihre Reise<\/h2>\t\t\t\t<\/div>\n\t\t\t\t<\/div>\n\t\t\t\t\t<\/div>\n\t\t<\/div>\n\t\t\t\t<div class=\"elementor-column elementor-col-33 elementor-inner-column elementor-element elementor-element-4ae1ff0 elementor-hidden-mobile\" data-id=\"4ae1ff0\" data-element_type=\"column\" data-e-type=\"column\">\n\t\t\t<div class=\"elementor-widget-wrap\">\n\t\t\t\t\t\t\t<\/div>\n\t\t<\/div>\n\t\t\t\t\t<\/div>\n\t\t<\/section>\n\t\t\t\t\t<\/div>\n\t\t<\/div>\n\t\t\t\t\t<\/div>\n\t\t<\/section>\n\t\t\t\t<section class=\"elementor-section elementor-top-section elementor-element elementor-element-0d83772 elementor-section-stretched elementor-section-boxed elementor-section-height-default elementor-section-height-default\" data-id=\"0d83772\" data-element_type=\"section\" data-e-type=\"section\" data-settings=\"{&quot;stretch_section&quot;:&quot;section-stretched&quot;,&quot;background_background&quot;:&quot;classic&quot;}\">\n\t\t\t\t\t\t\t<div class=\"elementor-background-overlay\"><\/div>\n\t\t\t\t\t\t\t<div class=\"elementor-container elementor-column-gap-wider\">\n\t\t\t\t\t<div class=\"elementor-column elementor-col-100 elementor-top-column elementor-element elementor-element-f393518\" data-id=\"f393518\" data-element_type=\"column\" data-e-type=\"column\">\n\t\t\t<div class=\"elementor-widget-wrap elementor-element-populated\">\n\t\t\t\t\t\t<div class=\"elementor-element elementor-element-5350d15 elementor-testimonial--skin-default elementor-testimonial--layout-image_inline elementor-testimonial--align-center elementor-arrows-yes elementor-pagination-type-bullets elementor-widget elementor-widget-testimonial-carousel\" data-id=\"5350d15\" data-element_type=\"widget\" data-e-type=\"widget\" data-settings=\"{&quot;slides_per_view&quot;:&quot;3&quot;,&quot;show_arrows&quot;:&quot;yes&quot;,&quot;pagination&quot;:&quot;bullets&quot;,&quot;speed&quot;:500,&quot;autoplay&quot;:&quot;yes&quot;,&quot;autoplay_speed&quot;:5000,&quot;loop&quot;:&quot;yes&quot;,&quot;pause_on_hover&quot;:&quot;yes&quot;,&quot;pause_on_interaction&quot;:&quot;yes&quot;,&quot;space_between&quot;:{&quot;unit&quot;:&quot;px&quot;,&quot;size&quot;:10,&quot;sizes&quot;:[]},&quot;space_between_laptop&quot;:{&quot;unit&quot;:&quot;px&quot;,&quot;size&quot;:10,&quot;sizes&quot;:[]},&quot;space_between_tablet&quot;:{&quot;unit&quot;:&quot;px&quot;,&quot;size&quot;:10,&quot;sizes&quot;:[]},&quot;space_between_mobile&quot;:{&quot;unit&quot;:&quot;px&quot;,&quot;size&quot;:10,&quot;sizes&quot;:[]}}\" data-widget_type=\"testimonial-carousel.default\">\n\t\t\t\t<div class=\"elementor-widget-container\">\n\t\t\t\t\t\t\t\t\t<div class=\"elementor-swiper\">\n\t\t\t\t\t<div class=\"elementor-main-swiper swiper\" role=\"region\" aria-roledescription=\"carousel\" aria-label=\"Slider\">\n\t\t\t\t<div class=\"swiper-wrapper\">\n\t\t\t\t\t\t\t\t\t\t\t<div class=\"swiper-slide\" role=\"group\" aria-roledescription=\"slide\">\n\t\t\t\t\t\t\t\t\t<div class=\"elementor-testimonial\">\n\t\t\t\t\t\t\t<div class=\"elementor-testimonial__content\">\n\t\t\t\t\t<div class=\"elementor-testimonial__text\">\n\t\t\t\t\t\t<p>\t\t<div data-elementor-type=\"container\" data-elementor-id=\"8739\" class=\"elementor elementor-8739 elementor-6573\" data-elementor-post-type=\"elementor_library\">\n\t\t\t\t<div class=\"elementor-element elementor-element-fc9c817 e-flex e-con-boxed e-con e-child\" data-id=\"fc9c817\" data-element_type=\"container\" data-e-type=\"container\">\n\t\t\t\t\t<div class=\"e-con-inner\">\n\t\t<div class=\"elementor-element elementor-element-8f5a565 e-con-full e-flex e-con e-child\" data-id=\"8f5a565\" data-element_type=\"container\" data-e-type=\"container\" data-settings=\"{&quot;background_background&quot;:&quot;classic&quot;}\">\n\t\t\t\t<div class=\"elementor-element elementor-element-349ff2e elementor-widget elementor-widget-image\" data-id=\"349ff2e\" data-element_type=\"widget\" data-e-type=\"widget\" data-widget_type=\"image.default\">\n\t\t\t\t<div class=\"elementor-widget-container\">\n\t\t\t\t\t\t\t\t\t\t\t\t\t\t\t\t<a href=\"https:\/\/jlrent.cz\/\" target=\"_blank\" rel=\"noopener\">\n\t\t\t\t\t\t\t<img decoding=\"async\" width=\"489\" height=\"289\" src=\"https:\/\/www.jlrent.cz\/wp-content\/uploads\/2024\/06\/jlrentdovolena-auto.webp\" class=\"attachment-full size-full wp-image-7954\" alt=\"\" srcset=\"https:\/\/www.jlrent.cz\/wp-content\/uploads\/2024\/06\/jlrentdovolena-auto.webp 489w, https:\/\/www.jlrent.cz\/wp-content\/uploads\/2024\/06\/jlrentdovolena-auto-300x177.webp 300w, https:\/\/www.jlrent.cz\/wp-content\/uploads\/2024\/06\/jlrentdovolena-auto-127x75.webp 127w, https:\/\/www.jlrent.cz\/wp-content\/uploads\/2024\/06\/jlrentdovolena-auto-484x286.webp 484w\" sizes=\"(max-width:767px) 484px, 489px\" title=\"\">\t\t\t\t\t\t\t\t<\/a>\n\t\t\t\t\t\t\t\t\t\t\t\t\t\t\t<\/div>\n\t\t\t\t<\/div>\n\t\t\t\t<div class=\"elementor-element elementor-element-03e2117 elementor-widget elementor-widget-heading\" data-id=\"03e2117\" data-element_type=\"widget\" data-e-type=\"widget\" data-widget_type=\"heading.default\">\n\t\t\t\t<div class=\"elementor-widget-container\">\n\t\t\t\t\t<h4 class=\"elementor-heading-title elementor-size-default\">Autovermietung f\u00fcr den Urlaub<\/h4>\t\t\t\t<\/div>\n\t\t\t\t<\/div>\n\t\t\t\t<div class=\"elementor-element elementor-element-f0312d8 elementor-align-center elementor-mobile-align-left elementor-tablet-align-center elementor-widget-tablet__width-initial elementor-widget-mobile__width-auto elementor-widget elementor-widget-button\" data-id=\"f0312d8\" data-element_type=\"widget\" data-e-type=\"widget\" data-widget_type=\"button.default\">\n\t\t\t\t<div class=\"elementor-widget-container\">\n\t\t\t\t\t\t\t\t\t<div class=\"elementor-button-wrapper\">\n\t\t\t\t\t<a class=\"elementor-button elementor-button-link elementor-size-sm\" href=\"https:\/\/www.jlrent.cz\/de\/autovermietung-fuer-den-urlaub\/\">\n\t\t\t\t\t\t<span class=\"elementor-button-content-wrapper\">\n\t\t\t\t\t\t<span class=\"elementor-button-icon\">\n\t\t\t\t<svg aria-hidden=\"true\" class=\"e-font-icon-svg e-fas-arrow-right\" viewBox=\"0 0 448 512\" xmlns=\"http:\/\/www.w3.org\/2000\/svg\"><path d=\"M190.5 66.9l22.2-22.2c9.4-9.4 24.6-9.4 33.9 0L441 239c9.4 9.4 9.4 24.6 0 33.9L246.6 467.3c-9.4 9.4-24.6 9.4-33.9 0l-22.2-22.2c-9.5-9.5-9.3-25 .4-34.3L311.4 296H24c-13.3 0-24-10.7-24-24v-32c0-13.3 10.7-24 24-24h287.4L190.9 101.2c-9.8-9.3-10-24.8-.4-34.3z\"><\/path><\/svg>\t\t\t<\/span>\n\t\t\t\t\t\t\t\t\t<span class=\"elementor-button-text\">MEHR INFORMATIONEN<\/span>\n\t\t\t\t\t<\/span>\n\t\t\t\t\t<\/a>\n\t\t\t\t<\/div>\n\t\t\t\t\t\t\t\t<\/div>\n\t\t\t\t<\/div>\n\t\t\t\t<\/div>\n\t\t\t\t\t<\/div>\n\t\t\t\t<\/div>\n\t\t\t\t<\/div>\n\t\t<\/p>\n\t\t\t\t\t<\/div>\n\t\t\t\t\t\t\t\t\t<\/div>\n\t\t\t\t\t\t<div class=\"elementor-testimonial__footer\">\n\t\t\t\t\t\t\t\t\t\t\t<\/div>\n\t\t<\/div>\n\t\t\t\t\t\t\t\t<\/div>\n\t\t\t\t\t\t\t\t\t\t\t<div class=\"swiper-slide\" role=\"group\" aria-roledescription=\"slide\">\n\t\t\t\t\t\t\t\t\t<div class=\"elementor-testimonial\">\n\t\t\t\t\t\t\t<div class=\"elementor-testimonial__content\">\n\t\t\t\t\t<div class=\"elementor-testimonial__text\">\n\t\t\t\t\t\t<p>\t\t<div data-elementor-type=\"container\" data-elementor-id=\"8747\" class=\"elementor elementor-8747 elementor-6577\" data-elementor-post-type=\"elementor_library\">\n\t\t\t\t<div class=\"elementor-element elementor-element-fc9c817 e-flex e-con-boxed e-con e-child\" data-id=\"fc9c817\" data-element_type=\"container\" data-e-type=\"container\">\n\t\t\t\t\t<div class=\"e-con-inner\">\n\t\t<div class=\"elementor-element elementor-element-8f5a565 e-con-full e-flex e-con e-child\" data-id=\"8f5a565\" data-element_type=\"container\" data-e-type=\"container\" data-settings=\"{&quot;background_background&quot;:&quot;classic&quot;}\">\n\t\t\t\t<div class=\"elementor-element elementor-element-349ff2e elementor-widget elementor-widget-image\" data-id=\"349ff2e\" data-element_type=\"widget\" data-e-type=\"widget\" data-widget_type=\"image.default\">\n\t\t\t\t<div class=\"elementor-widget-container\">\n\t\t\t\t\t\t\t\t\t\t\t\t\t\t\t\t<a href=\"https:\/\/jlrent.cz\/\" target=\"_blank\" rel=\"noopener\">\n\t\t\t\t\t\t\t<img decoding=\"async\" width=\"489\" height=\"289\" src=\"https:\/\/www.jlrent.cz\/wp-content\/uploads\/2024\/06\/auto-na-vikend.webp\" class=\"attachment-full size-full wp-image-7956\" alt=\"\" srcset=\"https:\/\/www.jlrent.cz\/wp-content\/uploads\/2024\/06\/auto-na-vikend.webp 489w, https:\/\/www.jlrent.cz\/wp-content\/uploads\/2024\/06\/auto-na-vikend-300x177.webp 300w, https:\/\/www.jlrent.cz\/wp-content\/uploads\/2024\/06\/auto-na-vikend-127x75.webp 127w, https:\/\/www.jlrent.cz\/wp-content\/uploads\/2024\/06\/auto-na-vikend-484x286.webp 484w\" sizes=\"(max-width:767px) 484px, 489px\" title=\"\">\t\t\t\t\t\t\t\t<\/a>\n\t\t\t\t\t\t\t\t\t\t\t\t\t\t\t<\/div>\n\t\t\t\t<\/div>\n\t\t\t\t<div class=\"elementor-element elementor-element-03e2117 elementor-widget elementor-widget-heading\" data-id=\"03e2117\" data-element_type=\"widget\" data-e-type=\"widget\" data-widget_type=\"heading.default\">\n\t\t\t\t<div class=\"elementor-widget-container\">\n\t\t\t\t\t<h4 class=\"elementor-heading-title elementor-size-default\">Mieten Sie ein Auto f\u00fcr das Wochenende<\/h4>\t\t\t\t<\/div>\n\t\t\t\t<\/div>\n\t\t\t\t<div class=\"elementor-element elementor-element-f0312d8 elementor-align-center elementor-mobile-align-left elementor-tablet-align-center elementor-widget-tablet__width-initial elementor-widget-mobile__width-auto elementor-widget elementor-widget-button\" data-id=\"f0312d8\" data-element_type=\"widget\" data-e-type=\"widget\" data-widget_type=\"button.default\">\n\t\t\t\t<div class=\"elementor-widget-container\">\n\t\t\t\t\t\t\t\t\t<div class=\"elementor-button-wrapper\">\n\t\t\t\t\t<a class=\"elementor-button elementor-button-link elementor-size-sm\" href=\"https:\/\/www.jlrent.cz\/de\/mieten-sie-ein-auto-fuer-das-wochenende\/\">\n\t\t\t\t\t\t<span class=\"elementor-button-content-wrapper\">\n\t\t\t\t\t\t<span class=\"elementor-button-icon\">\n\t\t\t\t<svg aria-hidden=\"true\" class=\"e-font-icon-svg e-fas-arrow-right\" viewBox=\"0 0 448 512\" xmlns=\"http:\/\/www.w3.org\/2000\/svg\"><path d=\"M190.5 66.9l22.2-22.2c9.4-9.4 24.6-9.4 33.9 0L441 239c9.4 9.4 9.4 24.6 0 33.9L246.6 467.3c-9.4 9.4-24.6 9.4-33.9 0l-22.2-22.2c-9.5-9.5-9.3-25 .4-34.3L311.4 296H24c-13.3 0-24-10.7-24-24v-32c0-13.3 10.7-24 24-24h287.4L190.9 101.2c-9.8-9.3-10-24.8-.4-34.3z\"><\/path><\/svg>\t\t\t<\/span>\n\t\t\t\t\t\t\t\t\t<span class=\"elementor-button-text\">MEHR INFORMATIONEN<\/span>\n\t\t\t\t\t<\/span>\n\t\t\t\t\t<\/a>\n\t\t\t\t<\/div>\n\t\t\t\t\t\t\t\t<\/div>\n\t\t\t\t<\/div>\n\t\t\t\t<\/div>\n\t\t\t\t\t<\/div>\n\t\t\t\t<\/div>\n\t\t\t\t<\/div>\n\t\t<\/p>\n\t\t\t\t\t<\/div>\n\t\t\t\t\t\t\t\t\t<\/div>\n\t\t\t\t\t\t<div class=\"elementor-testimonial__footer\">\n\t\t\t\t\t\t\t\t\t\t\t<\/div>\n\t\t<\/div>\n\t\t\t\t\t\t\t\t<\/div>\n\t\t\t\t\t\t\t\t\t\t\t<div class=\"swiper-slide\" role=\"group\" aria-roledescription=\"slide\">\n\t\t\t\t\t\t\t\t\t<div class=\"elementor-testimonial\">\n\t\t\t\t\t\t\t<div class=\"elementor-testimonial__content\">\n\t\t\t\t\t<div class=\"elementor-testimonial__text\">\n\t\t\t\t\t\t<p>\t\t<div data-elementor-type=\"container\" data-elementor-id=\"8755\" class=\"elementor elementor-8755 elementor-6580\" data-elementor-post-type=\"elementor_library\">\n\t\t\t\t<div class=\"elementor-element elementor-element-fc9c817 e-flex e-con-boxed e-con e-child\" data-id=\"fc9c817\" data-element_type=\"container\" data-e-type=\"container\">\n\t\t\t\t\t<div class=\"e-con-inner\">\n\t\t<div class=\"elementor-element elementor-element-8f5a565 e-con-full e-flex e-con e-child\" data-id=\"8f5a565\" data-element_type=\"container\" data-e-type=\"container\" data-settings=\"{&quot;background_background&quot;:&quot;classic&quot;}\">\n\t\t\t\t<div class=\"elementor-element elementor-element-349ff2e elementor-widget elementor-widget-image\" data-id=\"349ff2e\" data-element_type=\"widget\" data-e-type=\"widget\" data-widget_type=\"image.default\">\n\t\t\t\t<div class=\"elementor-widget-container\">\n\t\t\t\t\t\t\t\t\t\t\t\t\t\t\t\t<a href=\"https:\/\/jlrent.cz\/\" target=\"_blank\" rel=\"noopener\">\n\t\t\t\t\t\t\t<img loading=\"lazy\" decoding=\"async\" width=\"489\" height=\"289\" src=\"https:\/\/www.jlrent.cz\/wp-content\/uploads\/2024\/08\/letiste-vaclava-havla-1.webp\" class=\"attachment-full size-full wp-image-8368\" alt=\"\" srcset=\"https:\/\/www.jlrent.cz\/wp-content\/uploads\/2024\/08\/letiste-vaclava-havla-1.webp 489w, https:\/\/www.jlrent.cz\/wp-content\/uploads\/2024\/08\/letiste-vaclava-havla-1-300x177.webp 300w, https:\/\/www.jlrent.cz\/wp-content\/uploads\/2024\/08\/letiste-vaclava-havla-1-127x75.webp 127w, https:\/\/www.jlrent.cz\/wp-content\/uploads\/2024\/08\/letiste-vaclava-havla-1-484x286.webp 484w\" sizes=\"(max-width:767px) 484px, 489px\" title=\"\">\t\t\t\t\t\t\t\t<\/a>\n\t\t\t\t\t\t\t\t\t\t\t\t\t\t\t<\/div>\n\t\t\t\t<\/div>\n\t\t\t\t<div class=\"elementor-element elementor-element-03e2117 elementor-widget elementor-widget-heading\" data-id=\"03e2117\" data-element_type=\"widget\" data-e-type=\"widget\" data-widget_type=\"heading.default\">\n\t\t\t\t<div class=\"elementor-widget-container\">\n\t\t\t\t\t<h4 class=\"elementor-heading-title elementor-size-default\">V\u00e1clav Havel Flughafen<\/h4>\t\t\t\t<\/div>\n\t\t\t\t<\/div>\n\t\t\t\t<div class=\"elementor-element elementor-element-f0312d8 elementor-align-center elementor-mobile-align-left elementor-tablet-align-center elementor-widget-tablet__width-initial elementor-widget-mobile__width-auto elementor-widget elementor-widget-button\" data-id=\"f0312d8\" data-element_type=\"widget\" data-e-type=\"widget\" data-widget_type=\"button.default\">\n\t\t\t\t<div class=\"elementor-widget-container\">\n\t\t\t\t\t\t\t\t\t<div class=\"elementor-button-wrapper\">\n\t\t\t\t\t<a class=\"elementor-button elementor-button-link elementor-size-sm\" href=\"https:\/\/www.jlrent.cz\/de\/autovermietung-am-prag-flughafen\/\">\n\t\t\t\t\t\t<span class=\"elementor-button-content-wrapper\">\n\t\t\t\t\t\t<span class=\"elementor-button-icon\">\n\t\t\t\t<svg aria-hidden=\"true\" class=\"e-font-icon-svg e-fas-arrow-right\" viewBox=\"0 0 448 512\" xmlns=\"http:\/\/www.w3.org\/2000\/svg\"><path d=\"M190.5 66.9l22.2-22.2c9.4-9.4 24.6-9.4 33.9 0L441 239c9.4 9.4 9.4 24.6 0 33.9L246.6 467.3c-9.4 9.4-24.6 9.4-33.9 0l-22.2-22.2c-9.5-9.5-9.3-25 .4-34.3L311.4 296H24c-13.3 0-24-10.7-24-24v-32c0-13.3 10.7-24 24-24h287.4L190.9 101.2c-9.8-9.3-10-24.8-.4-34.3z\"><\/path><\/svg>\t\t\t<\/span>\n\t\t\t\t\t\t\t\t\t<span class=\"elementor-button-text\">MEHR INFORMATIONEN<\/span>\n\t\t\t\t\t<\/span>\n\t\t\t\t\t<\/a>\n\t\t\t\t<\/div>\n\t\t\t\t\t\t\t\t<\/div>\n\t\t\t\t<\/div>\n\t\t\t\t<\/div>\n\t\t\t\t\t<\/div>\n\t\t\t\t<\/div>\n\t\t\t\t<\/div>\n\t\t<\/p>\n\t\t\t\t\t<\/div>\n\t\t\t\t\t\t\t\t\t<\/div>\n\t\t\t\t\t\t<div class=\"elementor-testimonial__footer\">\n\t\t\t\t\t\t\t\t\t\t\t<\/div>\n\t\t<\/div>\n\t\t\t\t\t\t\t\t<\/div>\n\t\t\t\t\t\t\t\t\t\t\t<div class=\"swiper-slide\" role=\"group\" aria-roledescription=\"slide\">\n\t\t\t\t\t\t\t\t\t<div class=\"elementor-testimonial\">\n\t\t\t\t\t\t\t<div class=\"elementor-testimonial__content\">\n\t\t\t\t\t<div class=\"elementor-testimonial__text\">\n\t\t\t\t\t\t<p>\t\t<div data-elementor-type=\"container\" data-elementor-id=\"8742\" class=\"elementor elementor-8742 elementor-6584\" data-elementor-post-type=\"elementor_library\">\n\t\t\t\t<div class=\"elementor-element elementor-element-fc9c817 e-flex e-con-boxed e-con e-child\" data-id=\"fc9c817\" data-element_type=\"container\" data-e-type=\"container\">\n\t\t\t\t\t<div class=\"e-con-inner\">\n\t\t<div class=\"elementor-element elementor-element-8f5a565 e-con-full e-flex e-con e-child\" data-id=\"8f5a565\" data-element_type=\"container\" data-e-type=\"container\" data-settings=\"{&quot;background_background&quot;:&quot;classic&quot;}\">\n\t\t\t\t<div class=\"elementor-element elementor-element-349ff2e elementor-widget elementor-widget-image\" data-id=\"349ff2e\" data-element_type=\"widget\" data-e-type=\"widget\" data-widget_type=\"image.default\">\n\t\t\t\t<div class=\"elementor-widget-container\">\n\t\t\t\t\t\t\t\t\t\t\t\t\t\t\t\t<a href=\"https:\/\/jlrent.cz\/\" target=\"_blank\" rel=\"noopener\">\n\t\t\t\t\t\t\t<img loading=\"lazy\" decoding=\"async\" width=\"489\" height=\"289\" src=\"https:\/\/www.jlrent.cz\/wp-content\/uploads\/2024\/08\/metro2.webp\" class=\"attachment-full size-full wp-image-8370\" alt=\"P\u0158ISTAVEN\u00cd VOZU | JL Rent\" srcset=\"https:\/\/www.jlrent.cz\/wp-content\/uploads\/2024\/08\/metro2.webp 489w, https:\/\/www.jlrent.cz\/wp-content\/uploads\/2024\/08\/metro2-300x177.webp 300w, https:\/\/www.jlrent.cz\/wp-content\/uploads\/2024\/08\/metro2-127x75.webp 127w, https:\/\/www.jlrent.cz\/wp-content\/uploads\/2024\/08\/metro2-484x286.webp 484w\" sizes=\"(max-width:767px) 484px, 489px\" title=\"\">\t\t\t\t\t\t\t\t<\/a>\n\t\t\t\t\t\t\t\t\t\t\t\t\t\t\t<\/div>\n\t\t\t\t<\/div>\n\t\t\t\t<div class=\"elementor-element elementor-element-03e2117 elementor-widget elementor-widget-heading\" data-id=\"03e2117\" data-element_type=\"widget\" data-e-type=\"widget\" data-widget_type=\"heading.default\">\n\t\t\t\t<div class=\"elementor-widget-container\">\n\t\t\t\t\t<h4 class=\"elementor-heading-title elementor-size-default\">Autovermietung in Prag<\/h4>\t\t\t\t<\/div>\n\t\t\t\t<\/div>\n\t\t\t\t<div class=\"elementor-element elementor-element-f0312d8 elementor-align-center elementor-mobile-align-left elementor-tablet-align-center elementor-widget-tablet__width-initial elementor-widget-mobile__width-auto elementor-widget elementor-widget-button\" data-id=\"f0312d8\" data-element_type=\"widget\" data-e-type=\"widget\" data-widget_type=\"button.default\">\n\t\t\t\t<div class=\"elementor-widget-container\">\n\t\t\t\t\t\t\t\t\t<div class=\"elementor-button-wrapper\">\n\t\t\t\t\t<a class=\"elementor-button elementor-button-link elementor-size-sm\" href=\"https:\/\/www.jlrent.cz\/de\/kostenloses-parken-in-der-prager-metro\/\">\n\t\t\t\t\t\t<span class=\"elementor-button-content-wrapper\">\n\t\t\t\t\t\t<span class=\"elementor-button-icon\">\n\t\t\t\t<svg aria-hidden=\"true\" class=\"e-font-icon-svg e-fas-arrow-right\" viewBox=\"0 0 448 512\" xmlns=\"http:\/\/www.w3.org\/2000\/svg\"><path d=\"M190.5 66.9l22.2-22.2c9.4-9.4 24.6-9.4 33.9 0L441 239c9.4 9.4 9.4 24.6 0 33.9L246.6 467.3c-9.4 9.4-24.6 9.4-33.9 0l-22.2-22.2c-9.5-9.5-9.3-25 .4-34.3L311.4 296H24c-13.3 0-24-10.7-24-24v-32c0-13.3 10.7-24 24-24h287.4L190.9 101.2c-9.8-9.3-10-24.8-.4-34.3z\"><\/path><\/svg>\t\t\t<\/span>\n\t\t\t\t\t\t\t\t\t<span class=\"elementor-button-text\">MEHR INFORMATIONEN<\/span>\n\t\t\t\t\t<\/span>\n\t\t\t\t\t<\/a>\n\t\t\t\t<\/div>\n\t\t\t\t\t\t\t\t<\/div>\n\t\t\t\t<\/div>\n\t\t\t\t<\/div>\n\t\t\t\t\t<\/div>\n\t\t\t\t<\/div>\n\t\t\t\t<\/div>\n\t\t<\/p>\n\t\t\t\t\t<\/div>\n\t\t\t\t\t\t\t\t\t<\/div>\n\t\t\t\t\t\t<div class=\"elementor-testimonial__footer\">\n\t\t\t\t\t\t\t\t\t\t\t<\/div>\n\t\t<\/div>\n\t\t\t\t\t\t\t\t<\/div>\n\t\t\t\t\t\t\t\t\t\t\t<div class=\"swiper-slide\" role=\"group\" aria-roledescription=\"slide\">\n\t\t\t\t\t\t\t\t\t<div class=\"elementor-testimonial\">\n\t\t\t\t\t\t\t<div class=\"elementor-testimonial__content\">\n\t\t\t\t\t<div class=\"elementor-testimonial__text\">\n\t\t\t\t\t\t<p>\t\t<div data-elementor-type=\"container\" data-elementor-id=\"8750\" class=\"elementor elementor-8750 elementor-6599\" data-elementor-post-type=\"elementor_library\">\n\t\t\t\t<div class=\"elementor-element elementor-element-fc9c817 e-flex e-con-boxed e-con e-child\" data-id=\"fc9c817\" data-element_type=\"container\" data-e-type=\"container\">\n\t\t\t\t\t<div class=\"e-con-inner\">\n\t\t<div class=\"elementor-element elementor-element-8f5a565 e-con-full e-flex e-con e-child\" data-id=\"8f5a565\" data-element_type=\"container\" data-e-type=\"container\" data-settings=\"{&quot;background_background&quot;:&quot;classic&quot;}\">\n\t\t\t\t<div class=\"elementor-element elementor-element-349ff2e elementor-widget elementor-widget-image\" data-id=\"349ff2e\" data-element_type=\"widget\" data-e-type=\"widget\" data-widget_type=\"image.default\">\n\t\t\t\t<div class=\"elementor-widget-container\">\n\t\t\t\t\t\t\t\t\t\t\t\t\t\t\t\t<a href=\"https:\/\/jlrent.cz\/\" target=\"_blank\" rel=\"noopener\">\n\t\t\t\t\t\t\t<img loading=\"lazy\" decoding=\"async\" width=\"489\" height=\"289\" src=\"https:\/\/www.jlrent.cz\/wp-content\/uploads\/2024\/06\/dlouhodoby-pronajem-aut.webp\" class=\"attachment-full size-full wp-image-7958\" alt=\"\" srcset=\"https:\/\/www.jlrent.cz\/wp-content\/uploads\/2024\/06\/dlouhodoby-pronajem-aut.webp 489w, https:\/\/www.jlrent.cz\/wp-content\/uploads\/2024\/06\/dlouhodoby-pronajem-aut-300x177.webp 300w, https:\/\/www.jlrent.cz\/wp-content\/uploads\/2024\/06\/dlouhodoby-pronajem-aut-127x75.webp 127w, https:\/\/www.jlrent.cz\/wp-content\/uploads\/2024\/06\/dlouhodoby-pronajem-aut-484x286.webp 484w\" sizes=\"(max-width:767px) 484px, 489px\" title=\"\">\t\t\t\t\t\t\t\t<\/a>\n\t\t\t\t\t\t\t\t\t\t\t\t\t\t\t<\/div>\n\t\t\t\t<\/div>\n\t\t\t\t<div class=\"elementor-element elementor-element-03e2117 elementor-widget elementor-widget-heading\" data-id=\"03e2117\" data-element_type=\"widget\" data-e-type=\"widget\" data-widget_type=\"heading.default\">\n\t\t\t\t<div class=\"elementor-widget-container\">\n\t\t\t\t\t<h4 class=\"elementor-heading-title elementor-size-default\">Langfristige Autovermietung<\/h4>\t\t\t\t<\/div>\n\t\t\t\t<\/div>\n\t\t\t\t<div class=\"elementor-element elementor-element-f0312d8 elementor-align-center elementor-mobile-align-left elementor-tablet-align-center elementor-widget-tablet__width-initial elementor-widget-mobile__width-auto elementor-widget elementor-widget-button\" data-id=\"f0312d8\" data-element_type=\"widget\" data-e-type=\"widget\" data-widget_type=\"button.default\">\n\t\t\t\t<div class=\"elementor-widget-container\">\n\t\t\t\t\t\t\t\t\t<div class=\"elementor-button-wrapper\">\n\t\t\t\t\t<a class=\"elementor-button elementor-button-link elementor-size-sm\" href=\"https:\/\/www.jlrent.cz\/de\/ersatzwagen\/\">\n\t\t\t\t\t\t<span class=\"elementor-button-content-wrapper\">\n\t\t\t\t\t\t<span class=\"elementor-button-icon\">\n\t\t\t\t<svg aria-hidden=\"true\" class=\"e-font-icon-svg e-fas-arrow-right\" viewBox=\"0 0 448 512\" xmlns=\"http:\/\/www.w3.org\/2000\/svg\"><path d=\"M190.5 66.9l22.2-22.2c9.4-9.4 24.6-9.4 33.9 0L441 239c9.4 9.4 9.4 24.6 0 33.9L246.6 467.3c-9.4 9.4-24.6 9.4-33.9 0l-22.2-22.2c-9.5-9.5-9.3-25 .4-34.3L311.4 296H24c-13.3 0-24-10.7-24-24v-32c0-13.3 10.7-24 24-24h287.4L190.9 101.2c-9.8-9.3-10-24.8-.4-34.3z\"><\/path><\/svg>\t\t\t<\/span>\n\t\t\t\t\t\t\t\t\t<span class=\"elementor-button-text\">MEHR INFORMATIONEN<\/span>\n\t\t\t\t\t<\/span>\n\t\t\t\t\t<\/a>\n\t\t\t\t<\/div>\n\t\t\t\t\t\t\t\t<\/div>\n\t\t\t\t<\/div>\n\t\t\t\t<\/div>\n\t\t\t\t\t<\/div>\n\t\t\t\t<\/div>\n\t\t\t\t<\/div>\n\t\t<\/p>\n\t\t\t\t\t<\/div>\n\t\t\t\t\t\t\t\t\t<\/div>\n\t\t\t\t\t\t<div class=\"elementor-testimonial__footer\">\n\t\t\t\t\t\t\t\t\t\t\t<\/div>\n\t\t<\/div>\n\t\t\t\t\t\t\t\t<\/div>\n\t\t\t\t\t\t\t\t\t\t\t<div class=\"swiper-slide\" role=\"group\" aria-roledescription=\"slide\">\n\t\t\t\t\t\t\t\t\t<div class=\"elementor-testimonial\">\n\t\t\t\t\t\t\t<div class=\"elementor-testimonial__content\">\n\t\t\t\t\t<div class=\"elementor-testimonial__text\">\n\t\t\t\t\t\t<p>\t\t<div data-elementor-type=\"container\" data-elementor-id=\"8758\" class=\"elementor elementor-8758 elementor-6603\" data-elementor-post-type=\"elementor_library\">\n\t\t\t\t<div class=\"elementor-element elementor-element-fc9c817 e-flex e-con-boxed e-con e-child\" data-id=\"fc9c817\" data-element_type=\"container\" data-e-type=\"container\">\n\t\t\t\t\t<div class=\"e-con-inner\">\n\t\t<div class=\"elementor-element elementor-element-8f5a565 e-con-full e-flex e-con e-child\" data-id=\"8f5a565\" data-element_type=\"container\" data-e-type=\"container\" data-settings=\"{&quot;background_background&quot;:&quot;classic&quot;}\">\n\t\t\t\t<div class=\"elementor-element elementor-element-349ff2e elementor-widget elementor-widget-image\" data-id=\"349ff2e\" data-element_type=\"widget\" data-e-type=\"widget\" data-widget_type=\"image.default\">\n\t\t\t\t<div class=\"elementor-widget-container\">\n\t\t\t\t\t\t\t\t\t\t\t\t\t\t\t\t<a href=\"https:\/\/jlrent.cz\/\" target=\"_blank\" rel=\"noopener\">\n\t\t\t\t\t\t\t<img loading=\"lazy\" decoding=\"async\" width=\"489\" height=\"289\" src=\"https:\/\/www.jlrent.cz\/wp-content\/uploads\/2024\/06\/kratkodoby-pronajem-vozidla.webp\" class=\"attachment-full size-full wp-image-7986\" alt=\"\" srcset=\"https:\/\/www.jlrent.cz\/wp-content\/uploads\/2024\/06\/kratkodoby-pronajem-vozidla.webp 489w, https:\/\/www.jlrent.cz\/wp-content\/uploads\/2024\/06\/kratkodoby-pronajem-vozidla-300x177.webp 300w, https:\/\/www.jlrent.cz\/wp-content\/uploads\/2024\/06\/kratkodoby-pronajem-vozidla-127x75.webp 127w, https:\/\/www.jlrent.cz\/wp-content\/uploads\/2024\/06\/kratkodoby-pronajem-vozidla-484x286.webp 484w\" sizes=\"(max-width:767px) 484px, 489px\" title=\"\">\t\t\t\t\t\t\t\t<\/a>\n\t\t\t\t\t\t\t\t\t\t\t\t\t\t\t<\/div>\n\t\t\t\t<\/div>\n\t\t\t\t<div class=\"elementor-element elementor-element-03e2117 elementor-widget elementor-widget-heading\" data-id=\"03e2117\" data-element_type=\"widget\" data-e-type=\"widget\" data-widget_type=\"heading.default\">\n\t\t\t\t<div class=\"elementor-widget-container\">\n\t\t\t\t\t<h4 class=\"elementor-heading-title elementor-size-default\">Kurzfristige Autovermietung<\/h4>\t\t\t\t<\/div>\n\t\t\t\t<\/div>\n\t\t\t\t<div class=\"elementor-element elementor-element-f0312d8 elementor-align-center elementor-mobile-align-left elementor-tablet-align-center elementor-widget-tablet__width-initial elementor-widget-mobile__width-auto elementor-widget elementor-widget-button\" data-id=\"f0312d8\" data-element_type=\"widget\" data-e-type=\"widget\" data-settings=\"{&quot;_animation&quot;:&quot;none&quot;}\" data-widget_type=\"button.default\">\n\t\t\t\t<div class=\"elementor-widget-container\">\n\t\t\t\t\t\t\t\t\t<div class=\"elementor-button-wrapper\">\n\t\t\t\t\t<a class=\"elementor-button elementor-button-link elementor-size-sm\" href=\"https:\/\/www.jlrent.cz\/pristaveni-vozu\/\">\n\t\t\t\t\t\t<span class=\"elementor-button-content-wrapper\">\n\t\t\t\t\t\t<span class=\"elementor-button-icon\">\n\t\t\t\t<svg aria-hidden=\"true\" class=\"e-font-icon-svg e-fas-arrow-right\" viewBox=\"0 0 448 512\" xmlns=\"http:\/\/www.w3.org\/2000\/svg\"><path d=\"M190.5 66.9l22.2-22.2c9.4-9.4 24.6-9.4 33.9 0L441 239c9.4 9.4 9.4 24.6 0 33.9L246.6 467.3c-9.4 9.4-24.6 9.4-33.9 0l-22.2-22.2c-9.5-9.5-9.3-25 .4-34.3L311.4 296H24c-13.3 0-24-10.7-24-24v-32c0-13.3 10.7-24 24-24h287.4L190.9 101.2c-9.8-9.3-10-24.8-.4-34.3z\"><\/path><\/svg>\t\t\t<\/span>\n\t\t\t\t\t\t\t\t\t<span class=\"elementor-button-text\">MEHR INFORMATIONEN<\/span>\n\t\t\t\t\t<\/span>\n\t\t\t\t\t<\/a>\n\t\t\t\t<\/div>\n\t\t\t\t\t\t\t\t<\/div>\n\t\t\t\t<\/div>\n\t\t\t\t<\/div>\n\t\t\t\t\t<\/div>\n\t\t\t\t<\/div>\n\t\t\t\t<\/div>\n\t\t<\/p>\n\t\t\t\t\t<\/div>\n\t\t\t\t\t\t\t\t\t<\/div>\n\t\t\t\t\t\t<div class=\"elementor-testimonial__footer\">\n\t\t\t\t\t\t\t\t\t\t\t<\/div>\n\t\t<\/div>\n\t\t\t\t\t\t\t\t<\/div>\n\t\t\t\t\t\t\t\t\t\t\t<div class=\"swiper-slide\" role=\"group\" aria-roledescription=\"slide\">\n\t\t\t\t\t\t\t\t\t<div class=\"elementor-testimonial\">\n\t\t\t\t\t\t\t<div class=\"elementor-testimonial__content\">\n\t\t\t\t\t<div class=\"elementor-testimonial__text\">\n\t\t\t\t\t\t<p>\t\t<div data-elementor-type=\"container\" data-elementor-id=\"8765\" class=\"elementor elementor-8765 elementor-6606\" data-elementor-post-type=\"elementor_library\">\n\t\t\t\t<div class=\"elementor-element elementor-element-fc9c817 e-flex e-con-boxed e-con e-child\" data-id=\"fc9c817\" data-element_type=\"container\" data-e-type=\"container\">\n\t\t\t\t\t<div class=\"e-con-inner\">\n\t\t<div class=\"elementor-element elementor-element-8f5a565 e-con-full e-flex e-con e-child\" data-id=\"8f5a565\" data-element_type=\"container\" data-e-type=\"container\" data-settings=\"{&quot;background_background&quot;:&quot;classic&quot;}\">\n\t\t\t\t<div class=\"elementor-element elementor-element-349ff2e elementor-widget elementor-widget-image\" data-id=\"349ff2e\" data-element_type=\"widget\" data-e-type=\"widget\" data-widget_type=\"image.default\">\n\t\t\t\t<div class=\"elementor-widget-container\">\n\t\t\t\t\t\t\t\t\t\t\t\t\t\t\t\t<a href=\"https:\/\/jlrent.cz\/autopujcovna-praha-hlavni-nadrazi\/\" target=\"_blank\" rel=\"noopener\">\n\t\t\t\t\t\t\t<img loading=\"lazy\" decoding=\"async\" width=\"489\" height=\"289\" src=\"https:\/\/www.jlrent.cz\/wp-content\/uploads\/2024\/06\/hlavni-nadrazi-praha.webp\" class=\"attachment-full size-full wp-image-7988\" alt=\"\" srcset=\"https:\/\/www.jlrent.cz\/wp-content\/uploads\/2024\/06\/hlavni-nadrazi-praha.webp 489w, https:\/\/www.jlrent.cz\/wp-content\/uploads\/2024\/06\/hlavni-nadrazi-praha-300x177.webp 300w, https:\/\/www.jlrent.cz\/wp-content\/uploads\/2024\/06\/hlavni-nadrazi-praha-127x75.webp 127w, https:\/\/www.jlrent.cz\/wp-content\/uploads\/2024\/06\/hlavni-nadrazi-praha-484x286.webp 484w\" sizes=\"(max-width:767px) 484px, 489px\" title=\"\">\t\t\t\t\t\t\t\t<\/a>\n\t\t\t\t\t\t\t\t\t\t\t\t\t\t\t<\/div>\n\t\t\t\t<\/div>\n\t\t\t\t<div class=\"elementor-element elementor-element-03e2117 elementor-widget elementor-widget-heading\" data-id=\"03e2117\" data-element_type=\"widget\" data-e-type=\"widget\" data-widget_type=\"heading.default\">\n\t\t\t\t<div class=\"elementor-widget-container\">\n\t\t\t\t\t<h4 class=\"elementor-heading-title elementor-size-default\">Hauptbahnhof Prag<\/h4>\t\t\t\t<\/div>\n\t\t\t\t<\/div>\n\t\t\t\t<div class=\"elementor-element elementor-element-f0312d8 elementor-align-center elementor-mobile-align-left elementor-tablet-align-center elementor-widget-tablet__width-initial elementor-widget-mobile__width-auto elementor-widget elementor-widget-button\" data-id=\"f0312d8\" data-element_type=\"widget\" data-e-type=\"widget\" data-widget_type=\"button.default\">\n\t\t\t\t<div class=\"elementor-widget-container\">\n\t\t\t\t\t\t\t\t\t<div class=\"elementor-button-wrapper\">\n\t\t\t\t\t<a class=\"elementor-button elementor-button-link elementor-size-sm\" href=\"https:\/\/www.jlrent.cz\/de\/hauptbahnhof-prag\/\">\n\t\t\t\t\t\t<span class=\"elementor-button-content-wrapper\">\n\t\t\t\t\t\t<span class=\"elementor-button-icon\">\n\t\t\t\t<svg aria-hidden=\"true\" class=\"e-font-icon-svg e-fas-arrow-right\" viewBox=\"0 0 448 512\" xmlns=\"http:\/\/www.w3.org\/2000\/svg\"><path d=\"M190.5 66.9l22.2-22.2c9.4-9.4 24.6-9.4 33.9 0L441 239c9.4 9.4 9.4 24.6 0 33.9L246.6 467.3c-9.4 9.4-24.6 9.4-33.9 0l-22.2-22.2c-9.5-9.5-9.3-25 .4-34.3L311.4 296H24c-13.3 0-24-10.7-24-24v-32c0-13.3 10.7-24 24-24h287.4L190.9 101.2c-9.8-9.3-10-24.8-.4-34.3z\"><\/path><\/svg>\t\t\t<\/span>\n\t\t\t\t\t\t\t\t\t<span class=\"elementor-button-text\">MEHR INFORMATIONEN<\/span>\n\t\t\t\t\t<\/span>\n\t\t\t\t\t<\/a>\n\t\t\t\t<\/div>\n\t\t\t\t\t\t\t\t<\/div>\n\t\t\t\t<\/div>\n\t\t\t\t<\/div>\n\t\t\t\t\t<\/div>\n\t\t\t\t<\/div>\n\t\t\t\t<\/div>\n\t\t<\/p>\n\t\t\t\t\t<\/div>\n\t\t\t\t\t\t\t\t\t<\/div>\n\t\t\t\t\t\t<div class=\"elementor-testimonial__footer\">\n\t\t\t\t\t\t\t\t\t\t\t<\/div>\n\t\t<\/div>\n\t\t\t\t\t\t\t\t<\/div>\n\t\t\t\t\t\t\t\t\t\t\t<div class=\"swiper-slide\" role=\"group\" aria-roledescription=\"slide\">\n\t\t\t\t\t\t\t\t\t<div class=\"elementor-testimonial\">\n\t\t\t\t\t\t\t<div class=\"elementor-testimonial__content\">\n\t\t\t\t\t<div class=\"elementor-testimonial__text\">\n\t\t\t\t\t\t<p>\t\t<div data-elementor-type=\"container\" data-elementor-id=\"8770\" class=\"elementor elementor-8770 elementor-6609\" data-elementor-post-type=\"elementor_library\">\n\t\t\t\t<div class=\"elementor-element elementor-element-fc9c817 e-flex e-con-boxed e-con e-child\" data-id=\"fc9c817\" data-element_type=\"container\" data-e-type=\"container\">\n\t\t\t\t\t<div class=\"e-con-inner\">\n\t\t<div class=\"elementor-element elementor-element-8f5a565 e-con-full e-flex e-con e-child\" data-id=\"8f5a565\" data-element_type=\"container\" data-e-type=\"container\" data-settings=\"{&quot;background_background&quot;:&quot;classic&quot;}\">\n\t\t\t\t<div class=\"elementor-element elementor-element-349ff2e elementor-widget elementor-widget-image\" data-id=\"349ff2e\" data-element_type=\"widget\" data-e-type=\"widget\" data-widget_type=\"image.default\">\n\t\t\t\t<div class=\"elementor-widget-container\">\n\t\t\t\t\t\t\t\t\t\t\t\t\t\t\t\t<a href=\"https:\/\/jlrent.cz\/autopujcovna-praha-hlavni-nadrazi\/\" target=\"_blank\" rel=\"noopener\">\n\t\t\t\t\t\t\t<img loading=\"lazy\" decoding=\"async\" width=\"489\" height=\"289\" src=\"https:\/\/www.jlrent.cz\/wp-content\/uploads\/2024\/06\/nahradni-vozidlo.webp\" class=\"attachment-full size-full wp-image-7960\" alt=\"\" srcset=\"https:\/\/www.jlrent.cz\/wp-content\/uploads\/2024\/06\/nahradni-vozidlo.webp 489w, https:\/\/www.jlrent.cz\/wp-content\/uploads\/2024\/06\/nahradni-vozidlo-300x177.webp 300w, https:\/\/www.jlrent.cz\/wp-content\/uploads\/2024\/06\/nahradni-vozidlo-127x75.webp 127w, https:\/\/www.jlrent.cz\/wp-content\/uploads\/2024\/06\/nahradni-vozidlo-484x286.webp 484w\" sizes=\"(max-width:767px) 484px, 489px\" title=\"\">\t\t\t\t\t\t\t\t<\/a>\n\t\t\t\t\t\t\t\t\t\t\t\t\t\t\t<\/div>\n\t\t\t\t<\/div>\n\t\t\t\t<div class=\"elementor-element elementor-element-03e2117 elementor-widget elementor-widget-heading\" data-id=\"03e2117\" data-element_type=\"widget\" data-e-type=\"widget\" data-widget_type=\"heading.default\">\n\t\t\t\t<div class=\"elementor-widget-container\">\n\t\t\t\t\t<h4 class=\"elementor-heading-title elementor-size-default\">Ersatzfahrzeug\n\n<\/h4>\t\t\t\t<\/div>\n\t\t\t\t<\/div>\n\t\t\t\t<div class=\"elementor-element elementor-element-f0312d8 elementor-align-center elementor-mobile-align-left elementor-tablet-align-center elementor-widget-tablet__width-initial elementor-widget-mobile__width-auto elementor-widget elementor-widget-button\" data-id=\"f0312d8\" data-element_type=\"widget\" data-e-type=\"widget\" data-widget_type=\"button.default\">\n\t\t\t\t<div class=\"elementor-widget-container\">\n\t\t\t\t\t\t\t\t\t<div class=\"elementor-button-wrapper\">\n\t\t\t\t\t<a class=\"elementor-button elementor-button-link elementor-size-sm\" href=\"https:\/\/www.jlrent.cz\/de\/ersatzwagen\/\">\n\t\t\t\t\t\t<span class=\"elementor-button-content-wrapper\">\n\t\t\t\t\t\t<span class=\"elementor-button-icon\">\n\t\t\t\t<svg aria-hidden=\"true\" class=\"e-font-icon-svg e-fas-arrow-right\" viewBox=\"0 0 448 512\" xmlns=\"http:\/\/www.w3.org\/2000\/svg\"><path d=\"M190.5 66.9l22.2-22.2c9.4-9.4 24.6-9.4 33.9 0L441 239c9.4 9.4 9.4 24.6 0 33.9L246.6 467.3c-9.4 9.4-24.6 9.4-33.9 0l-22.2-22.2c-9.5-9.5-9.3-25 .4-34.3L311.4 296H24c-13.3 0-24-10.7-24-24v-32c0-13.3 10.7-24 24-24h287.4L190.9 101.2c-9.8-9.3-10-24.8-.4-34.3z\"><\/path><\/svg>\t\t\t<\/span>\n\t\t\t\t\t\t\t\t\t<span class=\"elementor-button-text\">MEHR INFORMATIONEN<\/span>\n\t\t\t\t\t<\/span>\n\t\t\t\t\t<\/a>\n\t\t\t\t<\/div>\n\t\t\t\t\t\t\t\t<\/div>\n\t\t\t\t<\/div>\n\t\t\t\t<\/div>\n\t\t\t\t\t<\/div>\n\t\t\t\t<\/div>\n\t\t\t\t<\/div>\n\t\t<\/p>\n\t\t\t\t\t<\/div>\n\t\t\t\t\t\t\t\t\t<\/div>\n\t\t\t\t\t\t<div class=\"elementor-testimonial__footer\">\n\t\t\t\t\t\t\t\t\t\t\t<\/div>\n\t\t<\/div>\n\t\t\t\t\t\t\t\t<\/div>\n\t\t\t\t\t\t\t\t\t<\/div>\n\t\t\t\t\t\t\t\t\t\t\t\t\t\t\t<div class=\"elementor-swiper-button elementor-swiper-button-prev\" role=\"button\" tabindex=\"0\" aria-label=\"Voriger\">\n\t\t\t\t\t\t\t<svg aria-hidden=\"true\" class=\"e-font-icon-svg e-eicon-chevron-left\" viewBox=\"0 0 1000 1000\" xmlns=\"http:\/\/www.w3.org\/2000\/svg\"><path d=\"M646 125C629 125 613 133 604 142L308 442C296 454 292 471 292 487 292 504 296 521 308 533L604 854C617 867 629 875 646 875 663 875 679 871 692 858 704 846 713 829 713 812 713 796 708 779 692 767L438 487 692 225C700 217 708 204 708 187 708 171 704 154 692 142 675 129 663 125 646 125Z\"><\/path><\/svg>\t\t\t\t\t\t<\/div>\n\t\t\t\t\t\t<div class=\"elementor-swiper-button elementor-swiper-button-next\" role=\"button\" tabindex=\"0\" aria-label=\"N\u00e4chster\">\n\t\t\t\t\t\t\t<svg aria-hidden=\"true\" class=\"e-font-icon-svg e-eicon-chevron-right\" viewBox=\"0 0 1000 1000\" xmlns=\"http:\/\/www.w3.org\/2000\/svg\"><path d=\"M696 533C708 521 713 504 713 487 713 471 708 454 696 446L400 146C388 133 375 125 354 125 338 125 325 129 313 142 300 154 292 171 292 187 292 204 296 221 308 233L563 492 304 771C292 783 288 800 288 817 288 833 296 850 308 863 321 871 338 875 354 875 371 875 388 867 400 854L696 533Z\"><\/path><\/svg>\t\t\t\t\t\t<\/div>\n\t\t\t\t\t\t\t\t\t\t\t\t\t\t\t\t<div class=\"swiper-pagination\"><\/div>\n\t\t\t\t\t\t\t\t\t\t\t\t<\/div>\n\t\t\t\t<\/div>\n\t\t\t\t\t\t\t\t<\/div>\n\t\t\t\t<\/div>\n\t\t\t\t\t<\/div>\n\t\t<\/div>\n\t\t\t\t\t<\/div>\n\t\t<\/section>\n\t\t\t\t<\/div>\n\t\t","protected":false},"excerpt":{"rendered":"<p>Autovermietung f\u00fcr den Urlaub Genie\u00dfen Sie die Freiheit auf der Stra\u00dfe mit JL RENT &#8211; keine versteckten Geb\u00fchren, nur pures Fahrvergn\u00fcgen! Ein Auto f\u00fcr Ihren Urlaub<span class=\"excerpt-hellip\"> [\u2026]<\/span><\/p>\n","protected":false},"author":1,"featured_media":0,"parent":0,"menu_order":0,"comment_status":"open","ping_status":"closed","template":"","meta":{"footnotes":""},"class_list":["post-8763","page","type-page","status-publish","hentry"],"_links":{"self":[{"href":"https:\/\/www.jlrent.cz\/de\/wp-json\/wp\/v2\/pages\/8763","targetHints":{"allow":["GET"]}}],"collection":[{"href":"https:\/\/www.jlrent.cz\/de\/wp-json\/wp\/v2\/pages"}],"about":[{"href":"https:\/\/www.jlrent.cz\/de\/wp-json\/wp\/v2\/types\/page"}],"author":[{"embeddable":true,"href":"https:\/\/www.jlrent.cz\/de\/wp-json\/wp\/v2\/users\/1"}],"replies":[{"embeddable":true,"href":"https:\/\/www.jlrent.cz\/de\/wp-json\/wp\/v2\/comments?post=8763"}],"version-history":[{"count":0,"href":"https:\/\/www.jlrent.cz\/de\/wp-json\/wp\/v2\/pages\/8763\/revisions"}],"wp:attachment":[{"href":"https:\/\/www.jlrent.cz\/de\/wp-json\/wp\/v2\/media?parent=8763"}],"curies":[{"name":"wp","href":"https:\/\/api.w.org\/{rel}","templated":true}]}}