{"id":8894,"date":"2024-04-18T21:50:19","date_gmt":"2024-04-18T20:50:19","guid":{"rendered":"https:\/\/www.jlrent.cz\/hauptbahnhof-prag\/"},"modified":"2024-10-30T11:11:34","modified_gmt":"2024-10-30T10:11:34","slug":"hauptbahnhof-prag","status":"publish","type":"page","link":"https:\/\/www.jlrent.cz\/de\/hauptbahnhof-prag\/","title":{"rendered":"Hauptbahnhof Prag"},"content":{"rendered":"\t\t<div data-elementor-type=\"wp-page\" data-elementor-id=\"8894\" class=\"elementor elementor-8894 elementor-779\" data-elementor-post-type=\"page\">\n\t\t\t\t\t\t<section class=\"elementor-section elementor-top-section elementor-element elementor-element-533d04a4 elementor-section-height-min-height elementor-section-stretched elementor-section-boxed elementor-section-height-default elementor-section-items-middle\" data-id=\"533d04a4\" data-element_type=\"section\" data-e-type=\"section\" data-settings=\"{&quot;background_background&quot;:&quot;classic&quot;,&quot;stretch_section&quot;:&quot;section-stretched&quot;}\">\n\t\t\t\t\t\t\t<div class=\"elementor-background-overlay\"><\/div>\n\t\t\t\t\t\t\t<div class=\"elementor-container elementor-column-gap-wider\">\n\t\t\t\t\t<div class=\"elementor-column elementor-col-100 elementor-top-column elementor-element elementor-element-7c1e000\" data-id=\"7c1e000\" data-element_type=\"column\" data-e-type=\"column\">\n\t\t\t<div class=\"elementor-widget-wrap elementor-element-populated\">\n\t\t\t\t<div class=\"elementor-element elementor-element-23c6226 e-flex e-con-boxed e-con e-parent\" data-id=\"23c6226\" data-element_type=\"container\" data-e-type=\"container\">\n\t\t\t\t\t<div class=\"e-con-inner\">\n\t\t<div class=\"elementor-element elementor-element-5875593 e-con-full e-flex e-con e-child\" data-id=\"5875593\" data-element_type=\"container\" data-e-type=\"container\">\n\t\t\t\t<div class=\"elementor-element elementor-element-2b4fcaa elementor-widget elementor-widget-heading\" data-id=\"2b4fcaa\" data-element_type=\"widget\" data-e-type=\"widget\" data-widget_type=\"heading.default\">\n\t\t\t\t<div class=\"elementor-widget-container\">\n\t\t\t\t\t<h1 class=\"elementor-heading-title elementor-size-default\">Autovermietung Prag Hauptbahnhof | Jl Rent<\/h1>\t\t\t\t<\/div>\n\t\t\t\t<\/div>\n\t\t\t\t<\/div>\n\t\t\t\t\t<\/div>\n\t\t\t\t<\/div>\n\t\t\t\t\t<\/div>\n\t\t<\/div>\n\t\t\t\t\t<\/div>\n\t\t<\/section>\n\t\t\t\t<section class=\"elementor-section elementor-top-section elementor-element elementor-element-3cffad3 elementor-section-stretched elementor-section-boxed elementor-section-height-default elementor-section-height-default\" data-id=\"3cffad3\" data-element_type=\"section\" data-e-type=\"section\" data-settings=\"{&quot;stretch_section&quot;:&quot;section-stretched&quot;,&quot;background_background&quot;:&quot;classic&quot;}\">\n\t\t\t\t\t\t<div class=\"elementor-container elementor-column-gap-no\">\n\t\t\t\t\t<div class=\"elementor-column elementor-col-100 elementor-top-column elementor-element elementor-element-195790b6\" data-id=\"195790b6\" data-element_type=\"column\" data-e-type=\"column\">\n\t\t\t<div class=\"elementor-widget-wrap elementor-element-populated\">\n\t\t\t\t\t\t<section class=\"elementor-section elementor-inner-section elementor-element elementor-element-3b919dc0 elementor-section-boxed elementor-section-height-default elementor-section-height-default\" data-id=\"3b919dc0\" data-element_type=\"section\" data-e-type=\"section\">\n\t\t\t\t\t\t<div class=\"elementor-container elementor-column-gap-wider\">\n\t\t\t\t\t<div class=\"elementor-column elementor-col-66 elementor-inner-column elementor-element elementor-element-2c735ca4\" data-id=\"2c735ca4\" data-element_type=\"column\" data-e-type=\"column\">\n\t\t\t<div class=\"elementor-widget-wrap elementor-element-populated\">\n\t\t\t\t\t\t<div class=\"elementor-element elementor-element-ef6454c elementor-widget elementor-widget-heading\" data-id=\"ef6454c\" data-element_type=\"widget\" data-e-type=\"widget\" data-widget_type=\"heading.default\">\n\t\t\t\t<div class=\"elementor-widget-container\">\n\t\t\t\t\t<h2 class=\"elementor-heading-title elementor-size-default\">Bequeme Autovermietung am Hauptbahnhof Prag | JL Rent<\/h2>\t\t\t\t<\/div>\n\t\t\t\t<\/div>\n\t\t\t\t\t<\/div>\n\t\t<\/div>\n\t\t\t\t<div class=\"elementor-column elementor-col-33 elementor-inner-column elementor-element elementor-element-7d25ef73\" data-id=\"7d25ef73\" data-element_type=\"column\" data-e-type=\"column\">\n\t\t\t<div class=\"elementor-widget-wrap elementor-element-populated\">\n\t\t\t\t\t\t<div class=\"elementor-element elementor-element-310dacc elementor-laptop-align-center elementor-align-center elementor-widget elementor-widget-lottie\" data-id=\"310dacc\" data-element_type=\"widget\" data-e-type=\"widget\" data-settings=\"{&quot;source_json&quot;:{&quot;url&quot;:&quot;https:\\\/\\\/jlrent.cz\\\/wp-content\\\/uploads\\\/2024\\\/07\\\/vlak400pxw2.json&quot;,&quot;id&quot;:4550,&quot;size&quot;:&quot;&quot;,&quot;alt&quot;:&quot;&quot;,&quot;source&quot;:&quot;library&quot;},&quot;end_point&quot;:{&quot;unit&quot;:&quot;%&quot;,&quot;size&quot;:58,&quot;sizes&quot;:[]},&quot;source&quot;:&quot;media_file&quot;,&quot;caption_source&quot;:&quot;none&quot;,&quot;link_to&quot;:&quot;none&quot;,&quot;trigger&quot;:&quot;arriving_to_viewport&quot;,&quot;viewport&quot;:{&quot;unit&quot;:&quot;%&quot;,&quot;size&quot;:&quot;&quot;,&quot;sizes&quot;:{&quot;start&quot;:0,&quot;end&quot;:100}},&quot;play_speed&quot;:{&quot;unit&quot;:&quot;px&quot;,&quot;size&quot;:1,&quot;sizes&quot;:[]},&quot;start_point&quot;:{&quot;unit&quot;:&quot;%&quot;,&quot;size&quot;:0,&quot;sizes&quot;:[]},&quot;renderer&quot;:&quot;svg&quot;}\" data-widget_type=\"lottie.default\">\n\t\t\t\t<div class=\"elementor-widget-container\">\n\t\t\t\t\t<div class=\"e-lottie__container\"><div class=\"e-lottie__animation\"><\/div><\/div>\t\t\t\t<\/div>\n\t\t\t\t<\/div>\n\t\t\t\t\t<\/div>\n\t\t<\/div>\n\t\t\t\t\t<\/div>\n\t\t<\/section>\n\t\t\t\t\t<\/div>\n\t\t<\/div>\n\t\t\t\t\t<\/div>\n\t\t<\/section>\n\t\t\t\t<section class=\"elementor-section elementor-top-section elementor-element elementor-element-7d3c169 elementor-section-content-middle elementor-section-stretched elementor-section-boxed elementor-section-height-default elementor-section-height-default\" data-id=\"7d3c169\" data-element_type=\"section\" data-e-type=\"section\" data-settings=\"{&quot;stretch_section&quot;:&quot;section-stretched&quot;,&quot;background_background&quot;:&quot;classic&quot;}\">\n\t\t\t\t\t\t<div class=\"elementor-container elementor-column-gap-wider\">\n\t\t\t\t\t<div class=\"elementor-column elementor-col-50 elementor-top-column elementor-element elementor-element-7339160\" data-id=\"7339160\" data-element_type=\"column\" data-e-type=\"column\">\n\t\t\t<div class=\"elementor-widget-wrap elementor-element-populated\">\n\t\t\t\t\t\t<section class=\"elementor-section elementor-inner-section elementor-element elementor-element-96d6af3 elementor-section-boxed elementor-section-height-default elementor-section-height-default\" data-id=\"96d6af3\" data-element_type=\"section\" data-e-type=\"section\">\n\t\t\t\t\t\t<div class=\"elementor-container elementor-column-gap-default\">\n\t\t\t\t\t<div class=\"elementor-column elementor-col-100 elementor-inner-column elementor-element elementor-element-1d01e1f\" data-id=\"1d01e1f\" data-element_type=\"column\" data-e-type=\"column\">\n\t\t\t<div class=\"elementor-widget-wrap elementor-element-populated\">\n\t\t\t\t\t\t<div class=\"elementor-element elementor-element-7be8d14 elementor-widget elementor-widget-text-editor\" data-id=\"7be8d14\" data-element_type=\"widget\" data-e-type=\"widget\" data-widget_type=\"text-editor.default\">\n\t\t\t\t<div class=\"elementor-widget-container\">\n\t\t\t\t\t\t\t\t\t<p>Unsere familiengef\u00fchrte Autovermietung JL Rent bringt den Wagen direkt zu Ihnen an den Prager Hauptbahnhof! Wir bieten unseren Service an, um Ihre Reise noch einfacher zu machen und sicherzustellen, dass Ihre Autovermietung so komfortabel wie m\u00f6glich ist. Jetzt k\u00f6nnen Sie ein hochwertiges Fahrzeug direkt am Prager Hauptbahnhof bekommen, v\u00f6llig kostenlos!<\/p><p>Diese kostenlose Lieferung erm\u00f6glicht es Ihnen, Ihre Reise ohne unn\u00f6tige Komplikationen und Verz\u00f6gerungen anzutreten. Mit uns m\u00fcssen Sie sich keine Gedanken \u00fcber komplizierte Transfers oder das Warten auf ein Taxi machen. Unser Service ist so benutzerfreundlich wie m\u00f6glich, und das alles mit der pers\u00f6nlichen Note eines Familienunternehmens. Unser Team ist immer f\u00fcr Sie da und sorgt daf\u00fcr, dass Ihre Anmietung von Anfang bis Ende reibungslos abl\u00e4uft.<\/p><p>Testen Sie unseren Service und sehen Sie, wie einfach und problemlos das Reisen in Prag und Umgebung sein kann. Mit einer Autovermietung von <b>JL RENT<\/b> k\u00f6nnen Sie sicher sein, dass Sie schnell und bequem dorthin gelangen, wo Sie hinwollen. Schlie\u00dfen Sie sich unseren zufriedenen Kunden an und erleben Sie den Unterschied, den eine hochwertige und zuverl\u00e4ssige Autovermietung ausmachen kann.<\/p>\t\t\t\t\t\t\t\t<\/div>\n\t\t\t\t<\/div>\n\t\t\t\t\t<\/div>\n\t\t<\/div>\n\t\t\t\t\t<\/div>\n\t\t<\/section>\n\t\t\t\t\t<\/div>\n\t\t<\/div>\n\t\t\t\t<div class=\"elementor-column elementor-col-50 elementor-top-column elementor-element elementor-element-bcbd3c0\" data-id=\"bcbd3c0\" data-element_type=\"column\" data-e-type=\"column\">\n\t\t\t<div class=\"elementor-widget-wrap elementor-element-populated\">\n\t\t\t\t\t\t<div class=\"elementor-element elementor-element-e027b64 elementor-widget__width-initial elementor-invisible elementor-widget elementor-widget-image\" data-id=\"e027b64\" data-element_type=\"widget\" data-e-type=\"widget\" data-settings=\"{&quot;_animation&quot;:&quot;fadeIn&quot;}\" data-widget_type=\"image.default\">\n\t\t\t\t<div class=\"elementor-widget-container\">\n\t\t\t\t\t\t\t\t\t\t\t\t\t\t\t<img fetchpriority=\"high\" decoding=\"async\" width=\"1500\" height=\"1000\" src=\"https:\/\/www.jlrent.cz\/wp-content\/uploads\/2024\/09\/hlavni-nadrazi-praha.webp\" class=\"attachment-full size-full wp-image-8514\" alt=\"hlavn\u00ed n\u00e1dra\u017e\u00ed JL Rent\" srcset=\"https:\/\/www.jlrent.cz\/wp-content\/uploads\/2024\/09\/hlavni-nadrazi-praha.webp 1500w, https:\/\/www.jlrent.cz\/wp-content\/uploads\/2024\/09\/hlavni-nadrazi-praha-500x333.webp 500w, https:\/\/www.jlrent.cz\/wp-content\/uploads\/2024\/09\/hlavni-nadrazi-praha-1200x800.webp 1200w, https:\/\/www.jlrent.cz\/wp-content\/uploads\/2024\/09\/hlavni-nadrazi-praha-300x200.webp 300w, https:\/\/www.jlrent.cz\/wp-content\/uploads\/2024\/09\/hlavni-nadrazi-praha-768x512.webp 768w, https:\/\/www.jlrent.cz\/wp-content\/uploads\/2024\/09\/hlavni-nadrazi-praha-113x75.webp 113w, https:\/\/www.jlrent.cz\/wp-content\/uploads\/2024\/09\/hlavni-nadrazi-praha-484x323.webp 484w\" sizes=\"(max-width:767px) 484px, (max-width:1500px) 100vw, 1500px\" title=\"\">\t\t\t\t\t\t\t\t\t\t\t\t\t\t\t<\/div>\n\t\t\t\t<\/div>\n\t\t\t\t\t<\/div>\n\t\t<\/div>\n\t\t\t\t\t<\/div>\n\t\t<\/section>\n\t\t\t\t<section class=\"elementor-section elementor-top-section elementor-element elementor-element-b83a6af elementor-section-stretched elementor-section-boxed elementor-section-height-default elementor-section-height-default\" data-id=\"b83a6af\" data-element_type=\"section\" data-e-type=\"section\" data-settings=\"{&quot;stretch_section&quot;:&quot;section-stretched&quot;,&quot;background_background&quot;:&quot;classic&quot;}\">\n\t\t\t\t\t\t<div class=\"elementor-container elementor-column-gap-no\">\n\t\t\t\t\t<div class=\"elementor-column elementor-col-100 elementor-top-column elementor-element elementor-element-5d40d53\" data-id=\"5d40d53\" data-element_type=\"column\" data-e-type=\"column\">\n\t\t\t<div class=\"elementor-widget-wrap elementor-element-populated\">\n\t\t\t\t\t\t<section class=\"elementor-section elementor-inner-section elementor-element elementor-element-c2d4124 elementor-section-boxed elementor-section-height-default elementor-section-height-default\" data-id=\"c2d4124\" data-element_type=\"section\" data-e-type=\"section\">\n\t\t\t\t\t\t<div class=\"elementor-container elementor-column-gap-wider\">\n\t\t\t\t\t<div class=\"elementor-column elementor-col-66 elementor-inner-column elementor-element elementor-element-9e4d740\" data-id=\"9e4d740\" data-element_type=\"column\" data-e-type=\"column\">\n\t\t\t<div class=\"elementor-widget-wrap elementor-element-populated\">\n\t\t\t\t\t\t<div class=\"elementor-element elementor-element-23370cf elementor-widget elementor-widget-heading\" data-id=\"23370cf\" data-element_type=\"widget\" data-e-type=\"widget\" data-widget_type=\"heading.default\">\n\t\t\t\t<div class=\"elementor-widget-container\">\n\t\t\t\t\t<h2 class=\"elementor-heading-title elementor-size-default\">Vorteile unserer Autovermietung | JL RENT<\/h2>\t\t\t\t<\/div>\n\t\t\t\t<\/div>\n\t\t\t\t\t<\/div>\n\t\t<\/div>\n\t\t\t\t<div class=\"elementor-column elementor-col-33 elementor-inner-column elementor-element elementor-element-58db6dc\" data-id=\"58db6dc\" data-element_type=\"column\" data-e-type=\"column\">\n\t\t\t<div class=\"elementor-widget-wrap\">\n\t\t\t\t\t\t\t<\/div>\n\t\t<\/div>\n\t\t\t\t\t<\/div>\n\t\t<\/section>\n\t\t\t\t\t<\/div>\n\t\t<\/div>\n\t\t\t\t\t<\/div>\n\t\t<\/section>\n\t\t\t\t<section class=\"elementor-section elementor-top-section elementor-element elementor-element-9c7616f elementor-section-stretched elementor-section-boxed elementor-section-height-default elementor-section-height-default\" data-id=\"9c7616f\" data-element_type=\"section\" data-e-type=\"section\" data-settings=\"{&quot;stretch_section&quot;:&quot;section-stretched&quot;,&quot;background_background&quot;:&quot;classic&quot;}\">\n\t\t\t\t\t\t<div class=\"elementor-container elementor-column-gap-wider\">\n\t\t\t\t\t<div class=\"elementor-column elementor-col-100 elementor-top-column elementor-element elementor-element-f44bc3f\" data-id=\"f44bc3f\" data-element_type=\"column\" data-e-type=\"column\" data-settings=\"{&quot;background_background&quot;:&quot;classic&quot;}\">\n\t\t\t<div class=\"elementor-widget-wrap elementor-element-populated\">\n\t\t\t\t\t\t<section class=\"elementor-section elementor-inner-section elementor-element elementor-element-843c084 elementor-section-boxed elementor-section-height-default elementor-section-height-default\" data-id=\"843c084\" data-element_type=\"section\" data-e-type=\"section\">\n\t\t\t\t\t\t<div class=\"elementor-container elementor-column-gap-default\">\n\t\t\t\t\t<div class=\"elementor-column elementor-col-50 elementor-inner-column elementor-element elementor-element-1536199\" data-id=\"1536199\" data-element_type=\"column\" data-e-type=\"column\" data-settings=\"{&quot;background_background&quot;:&quot;classic&quot;}\">\n\t\t\t<div class=\"elementor-widget-wrap elementor-element-populated\">\n\t\t\t\t\t\t<div class=\"elementor-element elementor-element-be50e17 elementor-widget elementor-widget-heading\" data-id=\"be50e17\" data-element_type=\"widget\" data-e-type=\"widget\" data-widget_type=\"heading.default\">\n\t\t\t\t<div class=\"elementor-widget-container\">\n\t\t\t\t\t<h3 class=\"elementor-heading-title elementor-size-default\">Bequemlichkeit und Effizienz<\/h3>\t\t\t\t<\/div>\n\t\t\t\t<\/div>\n\t\t\t\t<div class=\"elementor-element elementor-element-d6e7c8f elementor-widget elementor-widget-text-editor\" data-id=\"d6e7c8f\" data-element_type=\"widget\" data-e-type=\"widget\" data-widget_type=\"text-editor.default\">\n\t\t\t\t<div class=\"elementor-widget-container\">\n\t\t\t\t\t\t\t\t\t<p>Keine unn\u00f6tigen Stopps bei der Autovermietung.<br \/>\nDer Wagen kommt direkt zu Ihnen an den Hauptbahnhof in Prag, und Sie k\u00f6nnen Ihre Reise sofort antreten. <\/p>\n\t\t\t\t\t\t\t\t<\/div>\n\t\t\t\t<\/div>\n\t\t\t\t\t<\/div>\n\t\t<\/div>\n\t\t\t\t<div class=\"elementor-column elementor-col-50 elementor-inner-column elementor-element elementor-element-5a151a6\" data-id=\"5a151a6\" data-element_type=\"column\" data-e-type=\"column\" data-settings=\"{&quot;background_background&quot;:&quot;classic&quot;}\">\n\t\t\t<div class=\"elementor-widget-wrap elementor-element-populated\">\n\t\t\t\t\t\t<div class=\"elementor-element elementor-element-504d964 elementor-widget elementor-widget-heading\" data-id=\"504d964\" data-element_type=\"widget\" data-e-type=\"widget\" data-widget_type=\"heading.default\">\n\t\t\t\t<div class=\"elementor-widget-container\">\n\t\t\t\t\t<h3 class=\"elementor-heading-title elementor-size-default\">Gro\u00dfe Auswahl an Fahrzeugen<\/h3>\t\t\t\t<\/div>\n\t\t\t\t<\/div>\n\t\t\t\t<div class=\"elementor-element elementor-element-041f30f elementor-widget elementor-widget-text-editor\" data-id=\"041f30f\" data-element_type=\"widget\" data-e-type=\"widget\" data-widget_type=\"text-editor.default\">\n\t\t\t\t<div class=\"elementor-widget-container\">\n\t\t\t\t\t\t\t\t\t<p>Wir bieten eine gro\u00dfe Auswahl an Fahrzeugen, von kleinen Kompaktwagen \u00fcber ger\u00e4umige Familienfahrzeuge bis hin zu Luxuslimousinen. Finden Sie das richtige Fahrzeug f\u00fcr Ihre Bed\u00fcrfnisse. <\/p>\n\t\t\t\t\t\t\t\t<\/div>\n\t\t\t\t<\/div>\n\t\t\t\t\t<\/div>\n\t\t<\/div>\n\t\t\t\t\t<\/div>\n\t\t<\/section>\n\t\t\t\t<section class=\"elementor-section elementor-inner-section elementor-element elementor-element-482ba03 elementor-section-boxed elementor-section-height-default elementor-section-height-default\" data-id=\"482ba03\" data-element_type=\"section\" data-e-type=\"section\">\n\t\t\t\t\t\t<div class=\"elementor-container elementor-column-gap-default\">\n\t\t\t\t\t<div class=\"elementor-column elementor-col-50 elementor-inner-column elementor-element elementor-element-9eac17a\" data-id=\"9eac17a\" data-element_type=\"column\" data-e-type=\"column\" data-settings=\"{&quot;background_background&quot;:&quot;classic&quot;}\">\n\t\t\t<div class=\"elementor-widget-wrap elementor-element-populated\">\n\t\t\t\t\t\t<div class=\"elementor-element elementor-element-b645ea5 elementor-widget elementor-widget-heading\" data-id=\"b645ea5\" data-element_type=\"widget\" data-e-type=\"widget\" data-widget_type=\"heading.default\">\n\t\t\t\t<div class=\"elementor-widget-container\">\n\t\t\t\t\t<h3 class=\"elementor-heading-title elementor-size-default\">Flexible Mietdauer  <\/h3>\t\t\t\t<\/div>\n\t\t\t\t<\/div>\n\t\t\t\t<div class=\"elementor-element elementor-element-9368264 elementor-widget elementor-widget-text-editor\" data-id=\"9368264\" data-element_type=\"widget\" data-e-type=\"widget\" data-widget_type=\"text-editor.default\">\n\t\t\t\t<div class=\"elementor-widget-container\">\n\t\t\t\t\t\t\t\t\tKeine versteckten Geb\u00fchren.\nUnsere Preispolitik ist klar und transparent, damit Sie immer wissen, was Sie bezahlen.   <\/br><\/br>\t\t\t\t\t\t\t\t<\/div>\n\t\t\t\t<\/div>\n\t\t\t\t\t<\/div>\n\t\t<\/div>\n\t\t\t\t<div class=\"elementor-column elementor-col-50 elementor-inner-column elementor-element elementor-element-fd5995b\" data-id=\"fd5995b\" data-element_type=\"column\" data-e-type=\"column\" data-settings=\"{&quot;background_background&quot;:&quot;classic&quot;}\">\n\t\t\t<div class=\"elementor-widget-wrap elementor-element-populated\">\n\t\t\t\t\t\t<div class=\"elementor-element elementor-element-be1d8ad elementor-widget elementor-widget-heading\" data-id=\"be1d8ad\" data-element_type=\"widget\" data-e-type=\"widget\" data-widget_type=\"heading.default\">\n\t\t\t\t<div class=\"elementor-widget-container\">\n\t\t\t\t\t<h3 class=\"elementor-heading-title elementor-size-default\">Professionelle Kundenbetreuung<\/h3>\t\t\t\t<\/div>\n\t\t\t\t<\/div>\n\t\t\t\t<div class=\"elementor-element elementor-element-027acd2 elementor-widget elementor-widget-text-editor\" data-id=\"027acd2\" data-element_type=\"widget\" data-e-type=\"widget\" data-widget_type=\"text-editor.default\">\n\t\t\t\t<div class=\"elementor-widget-container\">\n\t\t\t\t\t\t\t\t\t<p>Unser Team ist hier, um Ihnen die Hilfe und Unterst\u00fctzung zu geben, die Sie brauchen. Ihre Zufriedenheit ist unsere Priorit\u00e4t.<\/p>\t\t\t\t\t\t\t\t<\/div>\n\t\t\t\t<\/div>\n\t\t\t\t\t<\/div>\n\t\t<\/div>\n\t\t\t\t\t<\/div>\n\t\t<\/section>\n\t\t\t\t\t<\/div>\n\t\t<\/div>\n\t\t\t\t\t<\/div>\n\t\t<\/section>\n\t\t<div class=\"elementor-element elementor-element-0ccf437 e-flex e-con-boxed e-con e-parent\" data-id=\"0ccf437\" data-element_type=\"container\" data-e-type=\"container\" data-settings=\"{&quot;background_background&quot;:&quot;classic&quot;}\">\n\t\t\t\t\t<div class=\"e-con-inner\">\n\t\t\t\t<div class=\"elementor-element elementor-element-f74336e elementor-align-center elementor-mobile-align-center elementor-invisible elementor-widget elementor-widget-button\" data-id=\"f74336e\" data-element_type=\"widget\" data-e-type=\"widget\" data-settings=\"{&quot;_animation&quot;:&quot;fadeInUp&quot;}\" data-widget_type=\"button.default\">\n\t\t\t\t<div class=\"elementor-widget-container\">\n\t\t\t\t\t\t\t\t\t<div class=\"elementor-button-wrapper\">\n\t\t\t\t\t<a class=\"elementor-button elementor-button-link elementor-size-sm\" href=\"https:\/\/www.jlrent.cz\/de\/ueber-uns\/\">\n\t\t\t\t\t\t<span class=\"elementor-button-content-wrapper\">\n\t\t\t\t\t\t<span class=\"elementor-button-icon\">\n\t\t\t\t<svg aria-hidden=\"true\" class=\"e-font-icon-svg e-fas-arrow-right\" viewBox=\"0 0 448 512\" xmlns=\"http:\/\/www.w3.org\/2000\/svg\"><path d=\"M190.5 66.9l22.2-22.2c9.4-9.4 24.6-9.4 33.9 0L441 239c9.4 9.4 9.4 24.6 0 33.9L246.6 467.3c-9.4 9.4-24.6 9.4-33.9 0l-22.2-22.2c-9.5-9.5-9.3-25 .4-34.3L311.4 296H24c-13.3 0-24-10.7-24-24v-32c0-13.3 10.7-24 24-24h287.4L190.9 101.2c-9.8-9.3-10-24.8-.4-34.3z\"><\/path><\/svg>\t\t\t<\/span>\n\t\t\t\t\t\t\t\t\t<span class=\"elementor-button-text\">\u00dcber uns<\/span>\n\t\t\t\t\t<\/span>\n\t\t\t\t\t<\/a>\n\t\t\t\t<\/div>\n\t\t\t\t\t\t\t\t<\/div>\n\t\t\t\t<\/div>\n\t\t\t\t\t<\/div>\n\t\t\t\t<\/div>\n\t\t\t\t<section class=\"elementor-section elementor-top-section elementor-element elementor-element-b159345 elementor-section-stretched elementor-section-boxed elementor-section-height-default elementor-section-height-default\" data-id=\"b159345\" data-element_type=\"section\" data-e-type=\"section\" data-settings=\"{&quot;stretch_section&quot;:&quot;section-stretched&quot;,&quot;background_background&quot;:&quot;classic&quot;}\">\n\t\t\t\t\t\t<div class=\"elementor-container elementor-column-gap-no\">\n\t\t\t\t\t<div class=\"elementor-column elementor-col-100 elementor-top-column elementor-element elementor-element-189f09f\" data-id=\"189f09f\" data-element_type=\"column\" data-e-type=\"column\">\n\t\t\t<div class=\"elementor-widget-wrap elementor-element-populated\">\n\t\t\t\t\t\t<section class=\"elementor-section elementor-inner-section elementor-element elementor-element-eaa8c28 elementor-section-boxed elementor-section-height-default elementor-section-height-default\" data-id=\"eaa8c28\" data-element_type=\"section\" data-e-type=\"section\">\n\t\t\t\t\t\t<div class=\"elementor-container elementor-column-gap-wider\">\n\t\t\t\t\t<div class=\"elementor-column elementor-col-66 elementor-inner-column elementor-element elementor-element-852f50e\" data-id=\"852f50e\" data-element_type=\"column\" data-e-type=\"column\">\n\t\t\t<div class=\"elementor-widget-wrap elementor-element-populated\">\n\t\t\t\t\t\t<div class=\"elementor-element elementor-element-5700e47 elementor-widget elementor-widget-heading\" data-id=\"5700e47\" data-element_type=\"widget\" data-e-type=\"widget\" data-widget_type=\"heading.default\">\n\t\t\t\t<div class=\"elementor-widget-container\">\n\t\t\t\t\t<h2 class=\"elementor-heading-title elementor-size-default\">Angebot an Autos<\/h2>\t\t\t\t<\/div>\n\t\t\t\t<\/div>\n\t\t\t\t\t<\/div>\n\t\t<\/div>\n\t\t\t\t<div class=\"elementor-column elementor-col-33 elementor-inner-column elementor-element elementor-element-5f9a851\" data-id=\"5f9a851\" data-element_type=\"column\" data-e-type=\"column\">\n\t\t\t<div class=\"elementor-widget-wrap\">\n\t\t\t\t\t\t\t<\/div>\n\t\t<\/div>\n\t\t\t\t\t<\/div>\n\t\t<\/section>\n\t\t\t\t\t<\/div>\n\t\t<\/div>\n\t\t\t\t\t<\/div>\n\t\t<\/section>\n\t\t<div class=\"elementor-element elementor-element-3886237 e-flex e-con-boxed e-con e-parent\" data-id=\"3886237\" data-element_type=\"container\" data-e-type=\"container\" data-settings=\"{&quot;background_background&quot;:&quot;classic&quot;}\">\n\t\t\t\t\t<div class=\"e-con-inner\">\n\t\t\t\t<div class=\"elementor-element elementor-element-3cb01a7 elementor-testimonial--skin-default elementor-testimonial--layout-image_inline elementor-testimonial--align-center elementor-arrows-yes elementor-pagination-type-bullets elementor-widget elementor-widget-testimonial-carousel\" data-id=\"3cb01a7\" data-element_type=\"widget\" data-e-type=\"widget\" data-settings=\"{&quot;slides_per_view&quot;:&quot;3&quot;,&quot;show_arrows&quot;:&quot;yes&quot;,&quot;pagination&quot;:&quot;bullets&quot;,&quot;speed&quot;:500,&quot;autoplay&quot;:&quot;yes&quot;,&quot;autoplay_speed&quot;:5000,&quot;loop&quot;:&quot;yes&quot;,&quot;pause_on_hover&quot;:&quot;yes&quot;,&quot;pause_on_interaction&quot;:&quot;yes&quot;,&quot;space_between&quot;:{&quot;unit&quot;:&quot;px&quot;,&quot;size&quot;:10,&quot;sizes&quot;:[]},&quot;space_between_laptop&quot;:{&quot;unit&quot;:&quot;px&quot;,&quot;size&quot;:10,&quot;sizes&quot;:[]},&quot;space_between_tablet&quot;:{&quot;unit&quot;:&quot;px&quot;,&quot;size&quot;:10,&quot;sizes&quot;:[]},&quot;space_between_mobile&quot;:{&quot;unit&quot;:&quot;px&quot;,&quot;size&quot;:10,&quot;sizes&quot;:[]}}\" data-widget_type=\"testimonial-carousel.default\">\n\t\t\t\t<div class=\"elementor-widget-container\">\n\t\t\t\t\t\t\t\t\t<div class=\"elementor-swiper\">\n\t\t\t\t\t<div class=\"elementor-main-swiper swiper\" role=\"region\" aria-roledescription=\"carousel\" aria-label=\"Slider\">\n\t\t\t\t<div class=\"swiper-wrapper\">\n\t\t\t\t\t\t\t\t\t\t\t<div class=\"swiper-slide\" role=\"group\" aria-roledescription=\"slide\">\n\t\t\t\t\t\t\t\t\t<div class=\"elementor-testimonial\">\n\t\t\t\t\t\t\t<div class=\"elementor-testimonial__content\">\n\t\t\t\t\t<div class=\"elementor-testimonial__text\">\n\t\t\t\t\t\t<p>\t\t<div data-elementor-type=\"container\" data-elementor-id=\"8796\" class=\"elementor elementor-8796 elementor-3797\" data-elementor-post-type=\"elementor_library\">\n\t\t\t\t<div class=\"elementor-element elementor-element-acdd0a7 e-flex e-con-boxed e-con e-child\" data-id=\"acdd0a7\" data-element_type=\"container\" data-e-type=\"container\">\n\t\t\t\t\t<div class=\"e-con-inner\">\n\t\t<div class=\"elementor-element elementor-element-27c9851 e-con-full e-flex e-con e-child\" data-id=\"27c9851\" data-element_type=\"container\" data-e-type=\"container\" data-settings=\"{&quot;background_background&quot;:&quot;gradient&quot;}\">\n\t\t\t\t<div class=\"elementor-element elementor-element-760f12d3 elementor-widget elementor-widget-image\" data-id=\"760f12d3\" data-element_type=\"widget\" data-e-type=\"widget\" data-widget_type=\"image.default\">\n\t\t\t\t<div class=\"elementor-widget-container\">\n\t\t\t\t\t\t\t\t\t\t\t\t\t\t\t<img decoding=\"async\" width=\"780\" height=\"390\" src=\"https:\/\/www.jlrent.cz\/wp-content\/uploads\/2024\/07\/pronajem-skoda-octavia-kombi.webp\" class=\"attachment-full size-full wp-image-8148\" alt=\"\" srcset=\"https:\/\/www.jlrent.cz\/wp-content\/uploads\/2024\/07\/pronajem-skoda-octavia-kombi.webp 780w, https:\/\/www.jlrent.cz\/wp-content\/uploads\/2024\/07\/pronajem-skoda-octavia-kombi-500x250.webp 500w, https:\/\/www.jlrent.cz\/wp-content\/uploads\/2024\/07\/pronajem-skoda-octavia-kombi-300x150.webp 300w, https:\/\/www.jlrent.cz\/wp-content\/uploads\/2024\/07\/pronajem-skoda-octavia-kombi-768x384.webp 768w, https:\/\/www.jlrent.cz\/wp-content\/uploads\/2024\/07\/pronajem-skoda-octavia-kombi-150x75.webp 150w, https:\/\/www.jlrent.cz\/wp-content\/uploads\/2024\/07\/pronajem-skoda-octavia-kombi-484x242.webp 484w\" sizes=\"(max-width:767px) 484px, (max-width:780px) 100vw, 780px\" title=\"\">\t\t\t\t\t\t\t\t\t\t\t\t\t\t\t<\/div>\n\t\t\t\t<\/div>\n\t\t\t\t<div class=\"elementor-element elementor-element-41050c7c elementor-widget elementor-widget-text-editor\" data-id=\"41050c7c\" data-element_type=\"widget\" data-e-type=\"widget\" data-widget_type=\"text-editor.default\">\n\t\t\t\t<div class=\"elementor-widget-container\">\n\t\t\t\t\t\t\t\t\t<p>\u0160KODA OCTAVIA<\/p><p style=\"color: #ff5733;\">Ab 700 CZK<\/p>\t\t\t\t\t\t\t\t<\/div>\n\t\t\t\t<\/div>\n\t\t\t\t<div class=\"elementor-element elementor-element-ba9f997 elementor-align-center elementor-mobile-align-center elementor-widget elementor-widget-button\" data-id=\"ba9f997\" data-element_type=\"widget\" data-e-type=\"widget\" data-widget_type=\"button.default\">\n\t\t\t\t<div class=\"elementor-widget-container\">\n\t\t\t\t\t\t\t\t\t<div class=\"elementor-button-wrapper\">\n\t\t\t\t\t<a class=\"elementor-button elementor-button-link elementor-size-sm\" href=\"https:\/\/www.jlrent.cz\/de\/mieten-sie-einen-skoda-octavia-kombi\/\">\n\t\t\t\t\t\t<span class=\"elementor-button-content-wrapper\">\n\t\t\t\t\t\t\t\t\t<span class=\"elementor-button-text\">Einfach bestellen<\/span>\n\t\t\t\t\t<\/span>\n\t\t\t\t\t<\/a>\n\t\t\t\t<\/div>\n\t\t\t\t\t\t\t\t<\/div>\n\t\t\t\t<\/div>\n\t\t\t\t<div class=\"elementor-element elementor-element-9e73cce elementor-widget elementor-widget-html\" data-id=\"9e73cce\" data-element_type=\"widget\" data-e-type=\"widget\" data-widget_type=\"html.default\">\n\t\t\t\t<div class=\"elementor-widget-container\">\n\t\t\t\t\t<script>\ndocument.querySelector('.elementor-3797 .elementor-element.elementor-element-27c9851').addEventListener('click', function(event) {\n    event.preventDefault(); \/\/ Zabr\u00e1n\u00ed v\u00fdchoz\u00edmu chov\u00e1n\u00ed, pokud by \u0161lo o odkaz\n    window.location.assign('https:\/\/www.jlrent.cz\/de\/mieten-sie-einen-skoda-octavia-kombi\/');\n});\n<\/script>\t\t\t\t<\/div>\n\t\t\t\t<\/div>\n\t\t\t\t<\/div>\n\t\t\t\t\t<\/div>\n\t\t\t\t<\/div>\n\t\t\t\t<\/div>\n\t\t<\/p>\n\t\t\t\t\t<\/div>\n\t\t\t\t\t\t\t\t\t<\/div>\n\t\t\t\t\t\t<div class=\"elementor-testimonial__footer\">\n\t\t\t\t\t\t\t\t\t\t\t<\/div>\n\t\t<\/div>\n\t\t\t\t\t\t\t\t<\/div>\n\t\t\t\t\t\t\t\t\t\t\t<div class=\"swiper-slide\" role=\"group\" aria-roledescription=\"slide\">\n\t\t\t\t\t\t\t\t\t<div class=\"elementor-testimonial\">\n\t\t\t\t\t\t\t<div class=\"elementor-testimonial__content\">\n\t\t\t\t\t<div class=\"elementor-testimonial__text\">\n\t\t\t\t\t\t<p>\t\t<div data-elementor-type=\"container\" data-elementor-id=\"8788\" class=\"elementor elementor-8788 elementor-3794\" data-elementor-post-type=\"elementor_library\">\n\t\t\t\t<div class=\"elementor-element elementor-element-6bc5215d e-flex e-con-boxed e-con e-child\" data-id=\"6bc5215d\" data-element_type=\"container\" data-e-type=\"container\">\n\t\t\t\t\t<div class=\"e-con-inner\">\n\t\t<div class=\"elementor-element elementor-element-c0bd88f e-con-full e-flex e-con e-child\" data-id=\"c0bd88f\" data-element_type=\"container\" data-e-type=\"container\" data-settings=\"{&quot;background_background&quot;:&quot;gradient&quot;}\">\n\t\t\t\t<div class=\"elementor-element elementor-element-3a3ea70c elementor-widget elementor-widget-image\" data-id=\"3a3ea70c\" data-element_type=\"widget\" data-e-type=\"widget\" data-widget_type=\"image.default\">\n\t\t\t\t<div class=\"elementor-widget-container\">\n\t\t\t\t\t\t\t\t\t\t\t\t\t\t\t\t<a href=\"https:\/\/jlrent.cz\/pronajem-seat-leon-fr\/\" target=\"_blank\" rel=\"noopener\">\n\t\t\t\t\t\t\t<img decoding=\"async\" width=\"780\" height=\"390\" src=\"https:\/\/www.jlrent.cz\/wp-content\/uploads\/2024\/07\/pronajem-seat-leon3.webp\" class=\"attachment-full size-full wp-image-8392\" alt=\"Seat Leon FR\" srcset=\"https:\/\/www.jlrent.cz\/wp-content\/uploads\/2024\/07\/pronajem-seat-leon3.webp 780w, https:\/\/www.jlrent.cz\/wp-content\/uploads\/2024\/07\/pronajem-seat-leon3-500x250.webp 500w, https:\/\/www.jlrent.cz\/wp-content\/uploads\/2024\/07\/pronajem-seat-leon3-300x150.webp 300w, https:\/\/www.jlrent.cz\/wp-content\/uploads\/2024\/07\/pronajem-seat-leon3-768x384.webp 768w, https:\/\/www.jlrent.cz\/wp-content\/uploads\/2024\/07\/pronajem-seat-leon3-150x75.webp 150w, https:\/\/www.jlrent.cz\/wp-content\/uploads\/2024\/07\/pronajem-seat-leon3-484x242.webp 484w\" sizes=\"(max-width:767px) 484px, (max-width:780px) 100vw, 780px\" title=\"\">\t\t\t\t\t\t\t\t<\/a>\n\t\t\t\t\t\t\t\t\t\t\t\t\t\t\t<\/div>\n\t\t\t\t<\/div>\n\t\t\t\t<div class=\"elementor-element elementor-element-7804ab0a elementor-widget elementor-widget-text-editor\" data-id=\"7804ab0a\" data-element_type=\"widget\" data-e-type=\"widget\" data-widget_type=\"text-editor.default\">\n\t\t\t\t<div class=\"elementor-widget-container\">\n\t\t\t\t\t\t\t\t\t<p>SEAT LEON FR<\/p><p style=\"color: #ff5733;\">Ab 950 CZK<\/p>\t\t\t\t\t\t\t\t<\/div>\n\t\t\t\t<\/div>\n\t\t\t\t<div class=\"elementor-element elementor-element-ff43dfc elementor-align-center elementor-mobile-align-center elementor-widget elementor-widget-button\" data-id=\"ff43dfc\" data-element_type=\"widget\" data-e-type=\"widget\" data-widget_type=\"button.default\">\n\t\t\t\t<div class=\"elementor-widget-container\">\n\t\t\t\t\t\t\t\t\t<div class=\"elementor-button-wrapper\">\n\t\t\t\t\t<a class=\"elementor-button elementor-button-link elementor-size-sm\" href=\"https:\/\/www.jlrent.cz\/de\/mieten-sie-einen-seat-leon-fr\/\">\n\t\t\t\t\t\t<span class=\"elementor-button-content-wrapper\">\n\t\t\t\t\t\t\t\t\t<span class=\"elementor-button-text\">Einfach bestellen<\/span>\n\t\t\t\t\t<\/span>\n\t\t\t\t\t<\/a>\n\t\t\t\t<\/div>\n\t\t\t\t\t\t\t\t<\/div>\n\t\t\t\t<\/div>\n\t\t\t\t<div class=\"elementor-element elementor-element-465d40a elementor-widget elementor-widget-html\" data-id=\"465d40a\" data-element_type=\"widget\" data-e-type=\"widget\" data-widget_type=\"html.default\">\n\t\t\t\t<div class=\"elementor-widget-container\">\n\t\t\t\t\t<script>\ndocument.querySelector('.elementor-3794 .elementor-element.elementor-element-6bc5215d').addEventListener('click', function(event) {\n    event.preventDefault(); \/\/ Zabr\u00e1n\u00ed v\u00fdchoz\u00edmu chov\u00e1n\u00ed, pokud by \u0161lo o odkaz\n    window.location.assign('https:\/\/www.jlrent.cz\/de\/mieten-sie-einen-seat-leon-fr\/');\n});\n<\/script>\t\t\t\t<\/div>\n\t\t\t\t<\/div>\n\t\t\t\t<\/div>\n\t\t\t\t\t<\/div>\n\t\t\t\t<\/div>\n\t\t\t\t<\/div>\n\t\t<\/p>\n\t\t\t\t\t<\/div>\n\t\t\t\t\t\t\t\t\t<\/div>\n\t\t\t\t\t\t<div class=\"elementor-testimonial__footer\">\n\t\t\t\t\t\t\t\t\t\t\t<\/div>\n\t\t<\/div>\n\t\t\t\t\t\t\t\t<\/div>\n\t\t\t\t\t\t\t\t\t\t\t<div class=\"swiper-slide\" role=\"group\" aria-roledescription=\"slide\">\n\t\t\t\t\t\t\t\t\t<div class=\"elementor-testimonial\">\n\t\t\t\t\t\t\t<div class=\"elementor-testimonial__content\">\n\t\t\t\t\t<div class=\"elementor-testimonial__text\">\n\t\t\t\t\t\t<p>\t\t<div data-elementor-type=\"container\" data-elementor-id=\"8802\" class=\"elementor elementor-8802 elementor-3791\" data-elementor-post-type=\"elementor_library\">\n\t\t\t\t<div class=\"elementor-element elementor-element-646c413f e-flex e-con-boxed e-con e-child\" data-id=\"646c413f\" data-element_type=\"container\" data-e-type=\"container\">\n\t\t\t\t\t<div class=\"e-con-inner\">\n\t\t<div class=\"elementor-element elementor-element-d7c8739 e-con-full e-flex e-con e-child\" data-id=\"d7c8739\" data-element_type=\"container\" data-e-type=\"container\" data-settings=\"{&quot;background_background&quot;:&quot;gradient&quot;}\">\n\t\t\t\t<div class=\"elementor-element elementor-element-ece6e03 elementor-widget elementor-widget-image\" data-id=\"ece6e03\" data-element_type=\"widget\" data-e-type=\"widget\" data-widget_type=\"image.default\">\n\t\t\t\t<div class=\"elementor-widget-container\">\n\t\t\t\t\t\t\t\t\t\t\t\t\t\t\t<img loading=\"lazy\" decoding=\"async\" width=\"780\" height=\"390\" src=\"https:\/\/www.jlrent.cz\/wp-content\/uploads\/2024\/07\/pronajem-skoda-karoq.webp\" class=\"attachment-full size-full wp-image-8118\" alt=\"\" srcset=\"https:\/\/www.jlrent.cz\/wp-content\/uploads\/2024\/07\/pronajem-skoda-karoq.webp 780w, https:\/\/www.jlrent.cz\/wp-content\/uploads\/2024\/07\/pronajem-skoda-karoq-500x250.webp 500w, https:\/\/www.jlrent.cz\/wp-content\/uploads\/2024\/07\/pronajem-skoda-karoq-300x150.webp 300w, https:\/\/www.jlrent.cz\/wp-content\/uploads\/2024\/07\/pronajem-skoda-karoq-768x384.webp 768w, https:\/\/www.jlrent.cz\/wp-content\/uploads\/2024\/07\/pronajem-skoda-karoq-150x75.webp 150w, https:\/\/www.jlrent.cz\/wp-content\/uploads\/2024\/07\/pronajem-skoda-karoq-484x242.webp 484w\" sizes=\"(max-width:767px) 484px, (max-width:780px) 100vw, 780px\" title=\"\">\t\t\t\t\t\t\t\t\t\t\t\t\t\t\t<\/div>\n\t\t\t\t<\/div>\n\t\t\t\t<div class=\"elementor-element elementor-element-626a18b elementor-widget elementor-widget-text-editor\" data-id=\"626a18b\" data-element_type=\"widget\" data-e-type=\"widget\" data-widget_type=\"text-editor.default\">\n\t\t\t\t<div class=\"elementor-widget-container\">\n\t\t\t\t\t\t\t\t\t<p>Skoda Karoq<\/p><p style=\"color: #ff5733;\">Ab 850 CZK<\/p>\t\t\t\t\t\t\t\t<\/div>\n\t\t\t\t<\/div>\n\t\t\t\t<div class=\"elementor-element elementor-element-0ca3921 elementor-align-center elementor-mobile-align-center elementor-widget elementor-widget-button\" data-id=\"0ca3921\" data-element_type=\"widget\" data-e-type=\"widget\" data-widget_type=\"button.default\">\n\t\t\t\t<div class=\"elementor-widget-container\">\n\t\t\t\t\t\t\t\t\t<div class=\"elementor-button-wrapper\">\n\t\t\t\t\t<a class=\"elementor-button elementor-button-link elementor-size-sm\" href=\"https:\/\/www.jlrent.cz\/de\/mieten-sie-einen-skoda-karoq\/\">\n\t\t\t\t\t\t<span class=\"elementor-button-content-wrapper\">\n\t\t\t\t\t\t\t\t\t<span class=\"elementor-button-text\">Einfach bestellen<\/span>\n\t\t\t\t\t<\/span>\n\t\t\t\t\t<\/a>\n\t\t\t\t<\/div>\n\t\t\t\t\t\t\t\t<\/div>\n\t\t\t\t<\/div>\n\t\t\t\t<div class=\"elementor-element elementor-element-a9f69cd elementor-widget elementor-widget-html\" data-id=\"a9f69cd\" data-element_type=\"widget\" data-e-type=\"widget\" data-widget_type=\"html.default\">\n\t\t\t\t<div class=\"elementor-widget-container\">\n\t\t\t\t\t<script>\ndocument.querySelector('.elementor-3791 .elementor-element.elementor-element-646c413f').addEventListener('click', function(event) {\n    event.preventDefault(); \/\/ Zabr\u00e1n\u00ed v\u00fdchoz\u00edmu chov\u00e1n\u00ed, pokud by \u0161lo o odkaz\n    window.location.assign('https:\/\/www.jlrent.cz\/de\/mieten-sie-einen-skoda-karoq\/');\n});\n<\/script>\t\t\t\t<\/div>\n\t\t\t\t<\/div>\n\t\t\t\t<\/div>\n\t\t\t\t\t<\/div>\n\t\t\t\t<\/div>\n\t\t\t\t<\/div>\n\t\t<\/p>\n\t\t\t\t\t<\/div>\n\t\t\t\t\t\t\t\t\t<\/div>\n\t\t\t\t\t\t<div class=\"elementor-testimonial__footer\">\n\t\t\t\t\t\t\t\t\t\t\t<\/div>\n\t\t<\/div>\n\t\t\t\t\t\t\t\t<\/div>\n\t\t\t\t\t\t\t\t\t\t\t<div class=\"swiper-slide\" role=\"group\" aria-roledescription=\"slide\">\n\t\t\t\t\t\t\t\t\t<div class=\"elementor-testimonial\">\n\t\t\t\t\t\t\t<div class=\"elementor-testimonial__content\">\n\t\t\t\t\t<div class=\"elementor-testimonial__text\">\n\t\t\t\t\t\t<p>\t\t<div data-elementor-type=\"container\" data-elementor-id=\"8798\" class=\"elementor elementor-8798 elementor-3788\" data-elementor-post-type=\"elementor_library\">\n\t\t\t\t<div class=\"elementor-element elementor-element-65596b1c e-flex e-con-boxed e-con e-child\" data-id=\"65596b1c\" data-element_type=\"container\" data-e-type=\"container\">\n\t\t\t\t\t<div class=\"e-con-inner\">\n\t\t<div class=\"elementor-element elementor-element-c99c7cf e-con-full e-flex e-con e-child\" data-id=\"c99c7cf\" data-element_type=\"container\" data-e-type=\"container\" data-settings=\"{&quot;background_background&quot;:&quot;gradient&quot;}\">\n\t\t\t\t<div class=\"elementor-element elementor-element-82b3898 elementor-widget elementor-widget-image\" data-id=\"82b3898\" data-element_type=\"widget\" data-e-type=\"widget\" data-widget_type=\"image.default\">\n\t\t\t\t<div class=\"elementor-widget-container\">\n\t\t\t\t\t\t\t\t\t\t\t\t\t\t\t\t<a href=\"https:\/\/jlrent.cz\/pronajem-skoda-superb-2\/\" target=\"_blank\" rel=\"noopener\">\n\t\t\t\t\t\t\t<img loading=\"lazy\" decoding=\"async\" width=\"780\" height=\"390\" src=\"https:\/\/www.jlrent.cz\/wp-content\/uploads\/2024\/07\/pronajem-skoda-superb-style.webp\" class=\"attachment-full size-full wp-image-8186\" alt=\"\" srcset=\"https:\/\/www.jlrent.cz\/wp-content\/uploads\/2024\/07\/pronajem-skoda-superb-style.webp 780w, https:\/\/www.jlrent.cz\/wp-content\/uploads\/2024\/07\/pronajem-skoda-superb-style-500x250.webp 500w, https:\/\/www.jlrent.cz\/wp-content\/uploads\/2024\/07\/pronajem-skoda-superb-style-300x150.webp 300w, https:\/\/www.jlrent.cz\/wp-content\/uploads\/2024\/07\/pronajem-skoda-superb-style-768x384.webp 768w, https:\/\/www.jlrent.cz\/wp-content\/uploads\/2024\/07\/pronajem-skoda-superb-style-150x75.webp 150w, https:\/\/www.jlrent.cz\/wp-content\/uploads\/2024\/07\/pronajem-skoda-superb-style-484x242.webp 484w\" sizes=\"(max-width:767px) 484px, (max-width:780px) 100vw, 780px\" title=\"\">\t\t\t\t\t\t\t\t<\/a>\n\t\t\t\t\t\t\t\t\t\t\t\t\t\t\t<\/div>\n\t\t\t\t<\/div>\n\t\t\t\t<div class=\"elementor-element elementor-element-c8eee30 elementor-widget elementor-widget-text-editor\" data-id=\"c8eee30\" data-element_type=\"widget\" data-e-type=\"widget\" data-widget_type=\"text-editor.default\">\n\t\t\t\t<div class=\"elementor-widget-container\">\n\t\t\t\t\t\t\t\t\t<p>\u0160KODA SUPERB<\/p><p style=\"color: #ff5733;\">Ab 900 CZK<\/p>\t\t\t\t\t\t\t\t<\/div>\n\t\t\t\t<\/div>\n\t\t\t\t<div class=\"elementor-element elementor-element-b375872 elementor-align-center elementor-mobile-align-center elementor-widget elementor-widget-button\" data-id=\"b375872\" data-element_type=\"widget\" data-e-type=\"widget\" data-widget_type=\"button.default\">\n\t\t\t\t<div class=\"elementor-widget-container\">\n\t\t\t\t\t\t\t\t\t<div class=\"elementor-button-wrapper\">\n\t\t\t\t\t<a class=\"elementor-button elementor-button-link elementor-size-sm\" href=\"https:\/\/www.jlrent.cz\/de\/mieten-sie-einen-skoda-superb\/\">\n\t\t\t\t\t\t<span class=\"elementor-button-content-wrapper\">\n\t\t\t\t\t\t\t\t\t<span class=\"elementor-button-text\">Einfach bestellen<\/span>\n\t\t\t\t\t<\/span>\n\t\t\t\t\t<\/a>\n\t\t\t\t<\/div>\n\t\t\t\t\t\t\t\t<\/div>\n\t\t\t\t<\/div>\n\t\t\t\t<div class=\"elementor-element elementor-element-d1328bd elementor-widget elementor-widget-html\" data-id=\"d1328bd\" data-element_type=\"widget\" data-e-type=\"widget\" data-widget_type=\"html.default\">\n\t\t\t\t<div class=\"elementor-widget-container\">\n\t\t\t\t\t<script>\ndocument.querySelector('.elementor-3788 .elementor-element.elementor-element-65596b1c').addEventListener('click', function(event) {\n    event.preventDefault(); \/\/ Zabr\u00e1n\u00ed v\u00fdchoz\u00edmu chov\u00e1n\u00ed, pokud by \u0161lo o odkaz\n    window.location.assign('https:\/\/www.jlrent.cz\/de\/mieten-sie-einen-skoda-superb\/');\n});\n<\/script>\t\t\t\t<\/div>\n\t\t\t\t<\/div>\n\t\t\t\t<\/div>\n\t\t\t\t\t<\/div>\n\t\t\t\t<\/div>\n\t\t\t\t<\/div>\n\t\t<\/p>\n\t\t\t\t\t<\/div>\n\t\t\t\t\t\t\t\t\t<\/div>\n\t\t\t\t\t\t<div class=\"elementor-testimonial__footer\">\n\t\t\t\t\t\t\t\t\t\t\t<\/div>\n\t\t<\/div>\n\t\t\t\t\t\t\t\t<\/div>\n\t\t\t\t\t\t\t\t\t\t\t<div class=\"swiper-slide\" role=\"group\" aria-roledescription=\"slide\">\n\t\t\t\t\t\t\t\t\t<div class=\"elementor-testimonial\">\n\t\t\t\t\t\t\t<div class=\"elementor-testimonial__content\">\n\t\t\t\t\t<div class=\"elementor-testimonial__text\">\n\t\t\t\t\t\t<p>\t\t<div data-elementor-type=\"container\" data-elementor-id=\"8790\" class=\"elementor elementor-8790 elementor-3785\" data-elementor-post-type=\"elementor_library\">\n\t\t\t\t<div class=\"elementor-element elementor-element-fc9c817 e-flex e-con-boxed e-con e-child\" data-id=\"fc9c817\" data-element_type=\"container\" data-e-type=\"container\">\n\t\t\t\t\t<div class=\"e-con-inner\">\n\t\t<div class=\"elementor-element elementor-element-d527444 e-con-full e-flex e-con e-child\" data-id=\"d527444\" data-element_type=\"container\" data-e-type=\"container\" data-settings=\"{&quot;background_background&quot;:&quot;gradient&quot;}\">\n\t\t\t\t<div class=\"elementor-element elementor-element-9d305d3 elementor-widget elementor-widget-image\" data-id=\"9d305d3\" data-element_type=\"widget\" data-e-type=\"widget\" data-widget_type=\"image.default\">\n\t\t\t\t<div class=\"elementor-widget-container\">\n\t\t\t\t\t\t\t\t\t\t\t\t\t\t\t\t<a href=\"https:\/\/www.jlrent.cz\/de\/einen-skoda-fabia-mieten\/\">\n\t\t\t\t\t\t\t<img loading=\"lazy\" decoding=\"async\" width=\"780\" height=\"390\" src=\"https:\/\/www.jlrent.cz\/wp-content\/uploads\/2024\/07\/pronajem-skoda-fabia-1.webp\" class=\"attachment-full size-full wp-image-8106\" alt=\"\" srcset=\"https:\/\/www.jlrent.cz\/wp-content\/uploads\/2024\/07\/pronajem-skoda-fabia-1.webp 780w, https:\/\/www.jlrent.cz\/wp-content\/uploads\/2024\/07\/pronajem-skoda-fabia-1-500x250.webp 500w, https:\/\/www.jlrent.cz\/wp-content\/uploads\/2024\/07\/pronajem-skoda-fabia-1-300x150.webp 300w, https:\/\/www.jlrent.cz\/wp-content\/uploads\/2024\/07\/pronajem-skoda-fabia-1-768x384.webp 768w, https:\/\/www.jlrent.cz\/wp-content\/uploads\/2024\/07\/pronajem-skoda-fabia-1-150x75.webp 150w, https:\/\/www.jlrent.cz\/wp-content\/uploads\/2024\/07\/pronajem-skoda-fabia-1-484x242.webp 484w\" sizes=\"(max-width:767px) 484px, (max-width:780px) 100vw, 780px\" title=\"\">\t\t\t\t\t\t\t\t<\/a>\n\t\t\t\t\t\t\t\t\t\t\t\t\t\t\t<\/div>\n\t\t\t\t<\/div>\n\t\t\t\t<div class=\"elementor-element elementor-element-2779f8d elementor-widget elementor-widget-text-editor\" data-id=\"2779f8d\" data-element_type=\"widget\" data-e-type=\"widget\" data-widget_type=\"text-editor.default\">\n\t\t\t\t<div class=\"elementor-widget-container\">\n\t\t\t\t\t\t\t\t\t<p>\u0160KODA FABIA<\/p><p style=\"color: #ff5733;\">Ab 575 CZK<\/p>\t\t\t\t\t\t\t\t<\/div>\n\t\t\t\t<\/div>\n\t\t\t\t<div class=\"elementor-element elementor-element-75e57d6 elementor-align-center elementor-mobile-align-center elementor-widget elementor-widget-button\" data-id=\"75e57d6\" data-element_type=\"widget\" data-e-type=\"widget\" data-widget_type=\"button.default\">\n\t\t\t\t<div class=\"elementor-widget-container\">\n\t\t\t\t\t\t\t\t\t<div class=\"elementor-button-wrapper\">\n\t\t\t\t\t<a class=\"elementor-button elementor-button-link elementor-size-sm\" href=\"https:\/\/www.jlrent.cz\/de\/mieten-sie-einen-skoda-fabia\/\">\n\t\t\t\t\t\t<span class=\"elementor-button-content-wrapper\">\n\t\t\t\t\t\t\t\t\t<span class=\"elementor-button-text\">Einfach bestellen<\/span>\n\t\t\t\t\t<\/span>\n\t\t\t\t\t<\/a>\n\t\t\t\t<\/div>\n\t\t\t\t\t\t\t\t<\/div>\n\t\t\t\t<\/div>\n\t\t\t\t<div class=\"elementor-element elementor-element-da26a3e elementor-widget elementor-widget-html\" data-id=\"da26a3e\" data-element_type=\"widget\" data-e-type=\"widget\" data-widget_type=\"html.default\">\n\t\t\t\t<div class=\"elementor-widget-container\">\n\t\t\t\t\t<script>\ndocument.querySelector('.elementor-3785 .elementor-element.elementor-element-fc9c817').addEventListener('click', function(event) {\n    event.preventDefault(); \/\/ Zabr\u00e1n\u00ed v\u00fdchoz\u00edmu chov\u00e1n\u00ed, pokud by \u0161lo o odkaz\n    window.location.assign('https:\/\/www.jlrent.cz\/de\/mieten-sie-einen-skoda-fabia\/');\n});\n<\/script>\t\t\t\t<\/div>\n\t\t\t\t<\/div>\n\t\t\t\t<\/div>\n\t\t\t\t\t<\/div>\n\t\t\t\t<\/div>\n\t\t\t\t<\/div>\n\t\t<\/p>\n\t\t\t\t\t<\/div>\n\t\t\t\t\t\t\t\t\t<\/div>\n\t\t\t\t\t\t<div class=\"elementor-testimonial__footer\">\n\t\t\t\t\t\t\t\t\t\t\t<\/div>\n\t\t<\/div>\n\t\t\t\t\t\t\t\t<\/div>\n\t\t\t\t\t\t\t\t\t<\/div>\n\t\t\t\t\t\t\t\t\t\t\t\t\t\t\t<div class=\"elementor-swiper-button elementor-swiper-button-prev\" role=\"button\" tabindex=\"0\" aria-label=\"Voriger\">\n\t\t\t\t\t\t\t<svg aria-hidden=\"true\" class=\"e-font-icon-svg e-eicon-chevron-left\" viewBox=\"0 0 1000 1000\" xmlns=\"http:\/\/www.w3.org\/2000\/svg\"><path d=\"M646 125C629 125 613 133 604 142L308 442C296 454 292 471 292 487 292 504 296 521 308 533L604 854C617 867 629 875 646 875 663 875 679 871 692 858 704 846 713 829 713 812 713 796 708 779 692 767L438 487 692 225C700 217 708 204 708 187 708 171 704 154 692 142 675 129 663 125 646 125Z\"><\/path><\/svg>\t\t\t\t\t\t<\/div>\n\t\t\t\t\t\t<div class=\"elementor-swiper-button elementor-swiper-button-next\" role=\"button\" tabindex=\"0\" aria-label=\"N\u00e4chster\">\n\t\t\t\t\t\t\t<svg aria-hidden=\"true\" class=\"e-font-icon-svg e-eicon-chevron-right\" viewBox=\"0 0 1000 1000\" xmlns=\"http:\/\/www.w3.org\/2000\/svg\"><path d=\"M696 533C708 521 713 504 713 487 713 471 708 454 696 446L400 146C388 133 375 125 354 125 338 125 325 129 313 142 300 154 292 171 292 187 292 204 296 221 308 233L563 492 304 771C292 783 288 800 288 817 288 833 296 850 308 863 321 871 338 875 354 875 371 875 388 867 400 854L696 533Z\"><\/path><\/svg>\t\t\t\t\t\t<\/div>\n\t\t\t\t\t\t\t\t\t\t\t\t\t\t\t\t<div class=\"swiper-pagination\"><\/div>\n\t\t\t\t\t\t\t\t\t\t\t\t<\/div>\n\t\t\t\t<\/div>\n\t\t\t\t\t\t\t\t<\/div>\n\t\t\t\t<\/div>\n\t\t\t\t<div class=\"elementor-element elementor-element-26af864 elementor-align-center elementor-mobile-align-center elementor-invisible elementor-widget elementor-widget-button\" data-id=\"26af864\" data-element_type=\"widget\" data-e-type=\"widget\" data-settings=\"{&quot;_animation&quot;:&quot;fadeInUp&quot;}\" data-widget_type=\"button.default\">\n\t\t\t\t<div class=\"elementor-widget-container\">\n\t\t\t\t\t\t\t\t\t<div class=\"elementor-button-wrapper\">\n\t\t\t\t\t<a class=\"elementor-button elementor-button-link elementor-size-sm\" href=\"https:\/\/www.jlrent.cz\/de\/preisliste-der-autovermietung\/\">\n\t\t\t\t\t\t<span class=\"elementor-button-content-wrapper\">\n\t\t\t\t\t\t<span class=\"elementor-button-icon\">\n\t\t\t\t<svg aria-hidden=\"true\" class=\"e-font-icon-svg e-fas-arrow-right\" viewBox=\"0 0 448 512\" xmlns=\"http:\/\/www.w3.org\/2000\/svg\"><path d=\"M190.5 66.9l22.2-22.2c9.4-9.4 24.6-9.4 33.9 0L441 239c9.4 9.4 9.4 24.6 0 33.9L246.6 467.3c-9.4 9.4-24.6 9.4-33.9 0l-22.2-22.2c-9.5-9.5-9.3-25 .4-34.3L311.4 296H24c-13.3 0-24-10.7-24-24v-32c0-13.3 10.7-24 24-24h287.4L190.9 101.2c-9.8-9.3-10-24.8-.4-34.3z\"><\/path><\/svg>\t\t\t<\/span>\n\t\t\t\t\t\t\t\t\t<span class=\"elementor-button-text\">Angebot an Autos<\/span>\n\t\t\t\t\t<\/span>\n\t\t\t\t\t<\/a>\n\t\t\t\t<\/div>\n\t\t\t\t\t\t\t\t<\/div>\n\t\t\t\t<\/div>\n\t\t\t\t\t<\/div>\n\t\t\t\t<\/div>\n\t\t\t\t<section class=\"elementor-section elementor-top-section elementor-element elementor-element-a57ff12 elementor-section-stretched elementor-section-boxed elementor-section-height-default elementor-section-height-default\" data-id=\"a57ff12\" data-element_type=\"section\" data-e-type=\"section\" data-settings=\"{&quot;stretch_section&quot;:&quot;section-stretched&quot;,&quot;background_background&quot;:&quot;classic&quot;}\">\n\t\t\t\t\t\t<div class=\"elementor-container elementor-column-gap-no\">\n\t\t\t\t\t<div class=\"elementor-column elementor-col-100 elementor-top-column elementor-element elementor-element-b2eae90\" data-id=\"b2eae90\" data-element_type=\"column\" data-e-type=\"column\">\n\t\t\t<div class=\"elementor-widget-wrap elementor-element-populated\">\n\t\t\t\t\t\t<section class=\"elementor-section elementor-inner-section elementor-element elementor-element-b57c7b4 elementor-section-boxed elementor-section-height-default elementor-section-height-default\" data-id=\"b57c7b4\" data-element_type=\"section\" data-e-type=\"section\">\n\t\t\t\t\t\t<div class=\"elementor-container elementor-column-gap-wider\">\n\t\t\t\t\t<div class=\"elementor-column elementor-col-66 elementor-inner-column elementor-element elementor-element-daf0a7b\" data-id=\"daf0a7b\" data-element_type=\"column\" data-e-type=\"column\">\n\t\t\t<div class=\"elementor-widget-wrap elementor-element-populated\">\n\t\t\t\t\t\t<div class=\"elementor-element elementor-element-23f2229 elementor-widget elementor-widget-heading\" data-id=\"23f2229\" data-element_type=\"widget\" data-e-type=\"widget\" data-widget_type=\"heading.default\">\n\t\t\t\t<div class=\"elementor-widget-container\">\n\t\t\t\t\t<h2 class=\"elementor-heading-title elementor-size-default\">Autovermietung Prag Hauptbahnhof<\/h2>\t\t\t\t<\/div>\n\t\t\t\t<\/div>\n\t\t\t\t\t<\/div>\n\t\t<\/div>\n\t\t\t\t<div class=\"elementor-column elementor-col-33 elementor-inner-column elementor-element elementor-element-b219a89\" data-id=\"b219a89\" data-element_type=\"column\" data-e-type=\"column\">\n\t\t\t<div class=\"elementor-widget-wrap\">\n\t\t\t\t\t\t\t<\/div>\n\t\t<\/div>\n\t\t\t\t\t<\/div>\n\t\t<\/section>\n\t\t\t\t\t<\/div>\n\t\t<\/div>\n\t\t\t\t\t<\/div>\n\t\t<\/section>\n\t\t\t\t<section class=\"elementor-section elementor-top-section elementor-element elementor-element-7ff2a99 elementor-section-stretched elementor-section-boxed elementor-section-height-default elementor-section-height-default\" data-id=\"7ff2a99\" data-element_type=\"section\" data-e-type=\"section\" data-settings=\"{&quot;stretch_section&quot;:&quot;section-stretched&quot;,&quot;background_background&quot;:&quot;classic&quot;}\">\n\t\t\t\t\t\t\t<div class=\"elementor-background-overlay\"><\/div>\n\t\t\t\t\t\t\t<div class=\"elementor-container elementor-column-gap-wider\">\n\t\t\t\t\t<div class=\"elementor-column elementor-col-100 elementor-top-column elementor-element elementor-element-5a7068f\" data-id=\"5a7068f\" data-element_type=\"column\" data-e-type=\"column\" data-settings=\"{&quot;background_background&quot;:&quot;classic&quot;}\">\n\t\t\t<div class=\"elementor-widget-wrap elementor-element-populated\">\n\t\t\t\t<div class=\"elementor-element elementor-element-2990de1 e-flex e-con-boxed e-con e-parent\" data-id=\"2990de1\" data-element_type=\"container\" data-e-type=\"container\">\n\t\t\t\t\t<div class=\"e-con-inner\">\n\t\t\t\t<div class=\"elementor-element elementor-element-2f0332b elementor-widget elementor-widget-heading\" data-id=\"2f0332b\" data-element_type=\"widget\" data-e-type=\"widget\" data-widget_type=\"heading.default\">\n\t\t\t\t<div class=\"elementor-widget-container\">\n\t\t\t\t\t<h3 class=\"elementor-heading-title elementor-size-default\"><a href=\"https:\/\/autosalon.tv\/novinky\/reklama\/jak-funguje-dlouhodoby-pronajem-auta-a-komu-se-vyplati\" target=\"_blank\" rel=\"noopener\">Informieren Sie sich \u00fcber die Verf\u00fcgbarkeit von JL Rent am Hauptbahnhof Prag<\/a><\/h3>\t\t\t\t<\/div>\n\t\t\t\t<\/div>\n\t\t\t\t<div class=\"elementor-element elementor-element-a606014 elementor-widget elementor-widget-text-editor\" data-id=\"a606014\" data-element_type=\"widget\" data-e-type=\"widget\" data-widget_type=\"text-editor.default\">\n\t\t\t\t<div class=\"elementor-widget-container\">\n\t\t\t\t\t\t\t\t\t<p class=\"p1\">JL Rent befindet sich direkt neben dem <b>Prager Hauptbahnhof<\/b> und ist somit sowohl f\u00fcr Reisende als auch f\u00fcr Einheimische bequem zu erreichen.<br \/>\nZus\u00e4tzlich zu der g\u00fcnstigen Lage finden Sie n\u00fctzliche Informationen \u00fcber den Bahnhof und seine Dienstleistungen auf externen Websites wie <strong><a href=\"https:\/\/prague.eu\/cs\/objevujte\/praha-hlavni-nadrazi\/\" target=\"_blank\" rel=\"noopener\">Website des Hauptbahnhofs<\/a> <\/strong>oder<strong> <a href=\"https:\/\/www.dpp.cz\/cestovani\/bezbarierove-cestovani\/metro\/trasa-c\/Hlavni-nadrazi\" target=\"_blank\" rel=\"noopener\">Prager Verkehrsinformationen<\/a><\/strong>.<br \/>\nNutzen Sie die g\u00fcnstige Lage und holen Sie sich alles, was Sie f\u00fcr Ihre Reise brauchen!  <\/p>\n<p class=\"p1\">Weitere Links hier:<\/p>\n<p class=\"p1\"><a href=\"https:\/\/www.spravazeleznic.cz\/praha-hlavni-nadrazi\" target=\"_blank\" rel=\"noopener\">https:\/\/www.spravazeleznic.cz\/praha-hlavni-nadrazi<\/a><\/p>\n\t\t\t\t\t\t\t\t<\/div>\n\t\t\t\t<\/div>\n\t\t\t\t\t<\/div>\n\t\t\t\t<\/div>\n\t\t\t\t\t<\/div>\n\t\t<\/div>\n\t\t\t\t\t<\/div>\n\t\t<\/section>\n\t\t\t\t<\/div>\n\t\t","protected":false},"excerpt":{"rendered":"<p>Autovermietung Prag Hauptbahnhof | Jl Rent Bequeme Autovermietung am Hauptbahnhof Prag | JL Rent Unsere familiengef\u00fchrte Autovermietung JL Rent bringt den Wagen direkt zu Ihnen an<span class=\"excerpt-hellip\"> [\u2026]<\/span><\/p>\n","protected":false},"author":1,"featured_media":0,"parent":0,"menu_order":0,"comment_status":"open","ping_status":"closed","template":"","meta":{"footnotes":""},"class_list":["post-8894","page","type-page","status-publish","hentry"],"_links":{"self":[{"href":"https:\/\/www.jlrent.cz\/de\/wp-json\/wp\/v2\/pages\/8894","targetHints":{"allow":["GET"]}}],"collection":[{"href":"https:\/\/www.jlrent.cz\/de\/wp-json\/wp\/v2\/pages"}],"about":[{"href":"https:\/\/www.jlrent.cz\/de\/wp-json\/wp\/v2\/types\/page"}],"author":[{"embeddable":true,"href":"https:\/\/www.jlrent.cz\/de\/wp-json\/wp\/v2\/users\/1"}],"replies":[{"embeddable":true,"href":"https:\/\/www.jlrent.cz\/de\/wp-json\/wp\/v2\/comments?post=8894"}],"version-history":[{"count":0,"href":"https:\/\/www.jlrent.cz\/de\/wp-json\/wp\/v2\/pages\/8894\/revisions"}],"wp:attachment":[{"href":"https:\/\/www.jlrent.cz\/de\/wp-json\/wp\/v2\/media?parent=8894"}],"curies":[{"name":"wp","href":"https:\/\/api.w.org\/{rel}","templated":true}]}}