{"id":9585,"date":"2024-04-22T16:11:57","date_gmt":"2024-04-22T15:11:57","guid":{"rendered":"https:\/\/www.jlrent.cz\/autovermietung-in-prag-flughafen\/"},"modified":"2025-02-27T01:14:30","modified_gmt":"2025-02-27T00:14:30","slug":"autovermietung-am-prag-flughafen","status":"publish","type":"page","link":"https:\/\/www.jlrent.cz\/de\/autovermietung-am-prag-flughafen\/","title":{"rendered":"Autovermietung in Prag Flughafen"},"content":{"rendered":"\t\t<div data-elementor-type=\"wp-page\" data-elementor-id=\"9585\" class=\"elementor elementor-9585 elementor-1049\" data-elementor-post-type=\"page\">\n\t\t\t\t\t\t<section class=\"elementor-section elementor-top-section elementor-element elementor-element-7c67c2b elementor-section-height-min-height elementor-section-stretched elementor-section-boxed elementor-section-height-default elementor-section-items-middle\" data-id=\"7c67c2b\" data-element_type=\"section\" data-e-type=\"section\" data-settings=\"{&quot;background_background&quot;:&quot;classic&quot;,&quot;stretch_section&quot;:&quot;section-stretched&quot;}\">\n\t\t\t\t\t\t\t<div class=\"elementor-background-overlay\"><\/div>\n\t\t\t\t\t\t\t<div class=\"elementor-container elementor-column-gap-wider\">\n\t\t\t\t\t<div class=\"elementor-column elementor-col-100 elementor-top-column elementor-element elementor-element-483d28a\" data-id=\"483d28a\" data-element_type=\"column\" data-e-type=\"column\">\n\t\t\t<div class=\"elementor-widget-wrap elementor-element-populated\">\n\t\t\t\t<div class=\"elementor-element elementor-element-faa6079 e-flex e-con-boxed e-con e-parent\" data-id=\"faa6079\" data-element_type=\"container\" data-e-type=\"container\">\n\t\t\t\t\t<div class=\"e-con-inner\">\n\t\t<div class=\"elementor-element elementor-element-2a46a93 e-con-full e-flex e-con e-child\" data-id=\"2a46a93\" data-element_type=\"container\" data-e-type=\"container\">\n\t\t\t\t<div class=\"elementor-element elementor-element-99904e9 elementor-widget elementor-widget-heading\" data-id=\"99904e9\" data-element_type=\"widget\" data-e-type=\"widget\" data-widget_type=\"heading.default\">\n\t\t\t\t<div class=\"elementor-widget-container\">\n\t\t\t\t\t<h1 class=\"elementor-heading-title elementor-size-default\">Autovermietung in Prag Flughafen | JLRENT<\/h1>\t\t\t\t<\/div>\n\t\t\t\t<\/div>\n\t\t\t\t<\/div>\n\t\t\t\t\t<\/div>\n\t\t\t\t<\/div>\n\t\t\t\t\t<\/div>\n\t\t<\/div>\n\t\t\t\t\t<\/div>\n\t\t<\/section>\n\t\t\t\t<section class=\"elementor-section elementor-top-section elementor-element elementor-element-89dfe50 elementor-section-stretched elementor-section-boxed elementor-section-height-default elementor-section-height-default\" data-id=\"89dfe50\" data-element_type=\"section\" data-e-type=\"section\" data-settings=\"{&quot;stretch_section&quot;:&quot;section-stretched&quot;,&quot;background_background&quot;:&quot;classic&quot;}\">\n\t\t\t\t\t\t<div class=\"elementor-container elementor-column-gap-no\">\n\t\t\t\t\t<div class=\"elementor-column elementor-col-100 elementor-top-column elementor-element elementor-element-b55b389\" data-id=\"b55b389\" data-element_type=\"column\" data-e-type=\"column\">\n\t\t\t<div class=\"elementor-widget-wrap elementor-element-populated\">\n\t\t\t\t\t\t<section class=\"elementor-section elementor-inner-section elementor-element elementor-element-d2bb67d elementor-section-boxed elementor-section-height-default elementor-section-height-default\" data-id=\"d2bb67d\" data-element_type=\"section\" data-e-type=\"section\">\n\t\t\t\t\t\t<div class=\"elementor-container elementor-column-gap-wider\">\n\t\t\t\t\t<div class=\"elementor-column elementor-col-66 elementor-inner-column elementor-element elementor-element-eb14071\" data-id=\"eb14071\" data-element_type=\"column\" data-e-type=\"column\">\n\t\t\t<div class=\"elementor-widget-wrap elementor-element-populated\">\n\t\t\t\t\t\t<div class=\"elementor-element elementor-element-9ee3394 elementor-widget elementor-widget-heading\" data-id=\"9ee3394\" data-element_type=\"widget\" data-e-type=\"widget\" data-widget_type=\"heading.default\">\n\t\t\t\t<div class=\"elementor-widget-container\">\n\t\t\t\t\t<h2 class=\"elementor-heading-title elementor-size-default\">Autovermietung am V\u00e1clav Havel Flughafen<\/h2>\t\t\t\t<\/div>\n\t\t\t\t<\/div>\n\t\t\t\t\t<\/div>\n\t\t<\/div>\n\t\t\t\t<div class=\"elementor-column elementor-col-33 elementor-inner-column elementor-element elementor-element-b1526f8\" data-id=\"b1526f8\" data-element_type=\"column\" data-e-type=\"column\">\n\t\t\t<div class=\"elementor-widget-wrap elementor-element-populated\">\n\t\t\t\t\t\t<div class=\"elementor-element elementor-element-18472e6 elementor-laptop-align-center elementor-align-center elementor-widget elementor-widget-lottie\" data-id=\"18472e6\" data-element_type=\"widget\" data-e-type=\"widget\" data-settings=\"{&quot;source_json&quot;:{&quot;url&quot;:&quot;https:\\\/\\\/jlrent.cz\\\/wp-content\\\/uploads\\\/2024\\\/08\\\/Paper-plane-shadow2.json&quot;,&quot;id&quot;:6424,&quot;size&quot;:&quot;&quot;,&quot;alt&quot;:&quot;&quot;,&quot;source&quot;:&quot;library&quot;},&quot;number_of_times&quot;:2,&quot;end_point&quot;:{&quot;unit&quot;:&quot;%&quot;,&quot;size&quot;:58,&quot;sizes&quot;:[]},&quot;loop&quot;:&quot;yes&quot;,&quot;source&quot;:&quot;media_file&quot;,&quot;caption_source&quot;:&quot;none&quot;,&quot;link_to&quot;:&quot;none&quot;,&quot;trigger&quot;:&quot;arriving_to_viewport&quot;,&quot;viewport&quot;:{&quot;unit&quot;:&quot;%&quot;,&quot;size&quot;:&quot;&quot;,&quot;sizes&quot;:{&quot;start&quot;:0,&quot;end&quot;:100}},&quot;play_speed&quot;:{&quot;unit&quot;:&quot;px&quot;,&quot;size&quot;:1,&quot;sizes&quot;:[]},&quot;start_point&quot;:{&quot;unit&quot;:&quot;%&quot;,&quot;size&quot;:0,&quot;sizes&quot;:[]},&quot;renderer&quot;:&quot;svg&quot;}\" data-widget_type=\"lottie.default\">\n\t\t\t\t<div class=\"elementor-widget-container\">\n\t\t\t\t\t<div class=\"e-lottie__container\"><div class=\"e-lottie__animation\"><\/div><\/div>\t\t\t\t<\/div>\n\t\t\t\t<\/div>\n\t\t\t\t\t<\/div>\n\t\t<\/div>\n\t\t\t\t\t<\/div>\n\t\t<\/section>\n\t\t\t\t\t<\/div>\n\t\t<\/div>\n\t\t\t\t\t<\/div>\n\t\t<\/section>\n\t\t\t\t<section class=\"elementor-section elementor-top-section elementor-element elementor-element-372c63c elementor-section-content-middle elementor-section-stretched elementor-section-boxed elementor-section-height-default elementor-section-height-default\" data-id=\"372c63c\" data-element_type=\"section\" data-e-type=\"section\" data-settings=\"{&quot;stretch_section&quot;:&quot;section-stretched&quot;,&quot;background_background&quot;:&quot;classic&quot;}\">\n\t\t\t\t\t\t<div class=\"elementor-container elementor-column-gap-wider\">\n\t\t\t\t\t<div class=\"elementor-column elementor-col-50 elementor-top-column elementor-element elementor-element-8a29e92\" data-id=\"8a29e92\" data-element_type=\"column\" data-e-type=\"column\">\n\t\t\t<div class=\"elementor-widget-wrap elementor-element-populated\">\n\t\t\t\t\t\t<section class=\"elementor-section elementor-inner-section elementor-element elementor-element-ca95e2e elementor-section-boxed elementor-section-height-default elementor-section-height-default\" data-id=\"ca95e2e\" data-element_type=\"section\" data-e-type=\"section\">\n\t\t\t\t\t\t<div class=\"elementor-container elementor-column-gap-default\">\n\t\t\t\t\t<div class=\"elementor-column elementor-col-100 elementor-inner-column elementor-element elementor-element-400a540\" data-id=\"400a540\" data-element_type=\"column\" data-e-type=\"column\">\n\t\t\t<div class=\"elementor-widget-wrap elementor-element-populated\">\n\t\t\t\t\t\t<div class=\"elementor-element elementor-element-a1dc5c5 elementor-widget elementor-widget-text-editor\" data-id=\"a1dc5c5\" data-element_type=\"widget\" data-e-type=\"widget\" data-widget_type=\"text-editor.default\">\n\t\t\t\t<div class=\"elementor-widget-container\">\n\t\t\t\t\t\t\t\t\t<p>Sind Sie gekommen, um die Sch\u00f6nheit Prags zu genie\u00dfen oder auf einer Gesch\u00e4ftsreise? Aber mit unserer Autovermietung JL Rent am Flughafen Vaclav Havel k\u00f6nnen Sie sicher sein, dass Ihre Reise \u00fcberall in der Tschechischen Republik und im Ausland reibungslos und ohne Probleme verl\u00e4uft. <\/p>\n<p>Unser professionelles Team bietet Ihnen nicht nur ein hochwertiges Fahrzeug, sondern auch pers\u00f6nliche Betreuung und Unterst\u00fctzung w\u00e4hrend Ihres gesamten Aufenthalts. Wir verstehen die Bed\u00fcrfnisse von Reisenden und werden unser Bestes tun, um Ihre individuellen Anforderungen zu erf\u00fcllen. <\/p>\n<p>Dank unseres einfachen Buchungsprozesses und unserer freundlichen Mitarbeiter k\u00f6nnen Sie sich darauf verlassen, dass Ihre Anmietung bequem und sorgenfrei verl\u00e4uft. Ganz gleich, ob Sie f\u00fcr die Arbeit, f\u00fcr den Urlaub oder nur f\u00fcr einen kurzen Besuch nach Prag reisen, wir helfen Ihnen, das richtige Auto f\u00fcr Ihre Bed\u00fcrfnisse zu finden. <\/p>\n\t\t\t\t\t\t\t\t<\/div>\n\t\t\t\t<\/div>\n\t\t\t\t\t<\/div>\n\t\t<\/div>\n\t\t\t\t\t<\/div>\n\t\t<\/section>\n\t\t\t\t\t<\/div>\n\t\t<\/div>\n\t\t\t\t<div class=\"elementor-column elementor-col-50 elementor-top-column elementor-element elementor-element-dab0067\" data-id=\"dab0067\" data-element_type=\"column\" data-e-type=\"column\">\n\t\t\t<div class=\"elementor-widget-wrap elementor-element-populated\">\n\t\t\t\t\t\t<div class=\"elementor-element elementor-element-544a9e5 elementor-widget__width-initial elementor-invisible elementor-widget elementor-widget-image\" data-id=\"544a9e5\" data-element_type=\"widget\" data-e-type=\"widget\" data-settings=\"{&quot;_animation&quot;:&quot;fadeIn&quot;}\" data-widget_type=\"image.default\">\n\t\t\t\t<div class=\"elementor-widget-container\">\n\t\t\t\t\t\t\t\t\t\t\t\t\t\t\t<img fetchpriority=\"high\" decoding=\"async\" width=\"1500\" height=\"1000\" src=\"https:\/\/www.jlrent.cz\/wp-content\/uploads\/2024\/09\/Pujcovna-aut-Letiste-Praha-JLRENT.webp\" class=\"attachment-full size-full wp-image-9224\" alt=\"P\u016fj\u010dovna aut Leti\u0161t\u011b Praha\" srcset=\"https:\/\/www.jlrent.cz\/wp-content\/uploads\/2024\/09\/Pujcovna-aut-Letiste-Praha-JLRENT.webp 1500w, https:\/\/www.jlrent.cz\/wp-content\/uploads\/2024\/09\/Pujcovna-aut-Letiste-Praha-JLRENT-500x333.webp 500w, https:\/\/www.jlrent.cz\/wp-content\/uploads\/2024\/09\/Pujcovna-aut-Letiste-Praha-JLRENT-1200x800.webp 1200w, https:\/\/www.jlrent.cz\/wp-content\/uploads\/2024\/09\/Pujcovna-aut-Letiste-Praha-JLRENT-300x200.webp 300w, https:\/\/www.jlrent.cz\/wp-content\/uploads\/2024\/09\/Pujcovna-aut-Letiste-Praha-JLRENT-768x512.webp 768w, https:\/\/www.jlrent.cz\/wp-content\/uploads\/2024\/09\/Pujcovna-aut-Letiste-Praha-JLRENT-113x75.webp 113w, https:\/\/www.jlrent.cz\/wp-content\/uploads\/2024\/09\/Pujcovna-aut-Letiste-Praha-JLRENT-484x323.webp 484w\" sizes=\"(max-width:767px) 484px, (max-width:1500px) 100vw, 1500px\" title=\"\">\t\t\t\t\t\t\t\t\t\t\t\t\t\t\t<\/div>\n\t\t\t\t<\/div>\n\t\t\t\t\t<\/div>\n\t\t<\/div>\n\t\t\t\t\t<\/div>\n\t\t<\/section>\n\t\t\t\t<section class=\"elementor-section elementor-top-section elementor-element elementor-element-ea418b4 elementor-section-stretched elementor-section-boxed elementor-section-height-default elementor-section-height-default\" data-id=\"ea418b4\" data-element_type=\"section\" data-e-type=\"section\" data-settings=\"{&quot;stretch_section&quot;:&quot;section-stretched&quot;,&quot;background_background&quot;:&quot;classic&quot;}\">\n\t\t\t\t\t\t<div class=\"elementor-container elementor-column-gap-no\">\n\t\t\t\t\t<div class=\"elementor-column elementor-col-100 elementor-top-column elementor-element elementor-element-d0743c2\" data-id=\"d0743c2\" data-element_type=\"column\" data-e-type=\"column\">\n\t\t\t<div class=\"elementor-widget-wrap elementor-element-populated\">\n\t\t\t\t\t\t<section class=\"elementor-section elementor-inner-section elementor-element elementor-element-b216631 elementor-section-boxed elementor-section-height-default elementor-section-height-default\" data-id=\"b216631\" data-element_type=\"section\" data-e-type=\"section\">\n\t\t\t\t\t\t<div class=\"elementor-container elementor-column-gap-wider\">\n\t\t\t\t\t<div class=\"elementor-column elementor-col-66 elementor-inner-column elementor-element elementor-element-0b0928d\" data-id=\"0b0928d\" data-element_type=\"column\" data-e-type=\"column\">\n\t\t\t<div class=\"elementor-widget-wrap elementor-element-populated\">\n\t\t\t\t\t\t<div class=\"elementor-element elementor-element-bab3ee0 elementor-widget elementor-widget-heading\" data-id=\"bab3ee0\" data-element_type=\"widget\" data-e-type=\"widget\" data-widget_type=\"heading.default\">\n\t\t\t\t<div class=\"elementor-widget-container\">\n\t\t\t\t\t<h2 class=\"elementor-heading-title elementor-size-default\">Zuverl\u00e4ssige Autovermietung Prag Vaclav Havel Flughafen<\/h2>\t\t\t\t<\/div>\n\t\t\t\t<\/div>\n\t\t\t\t\t<\/div>\n\t\t<\/div>\n\t\t\t\t<div class=\"elementor-column elementor-col-33 elementor-inner-column elementor-element elementor-element-52a655c\" data-id=\"52a655c\" data-element_type=\"column\" data-e-type=\"column\">\n\t\t\t<div class=\"elementor-widget-wrap\">\n\t\t\t\t\t\t\t<\/div>\n\t\t<\/div>\n\t\t\t\t\t<\/div>\n\t\t<\/section>\n\t\t\t\t\t<\/div>\n\t\t<\/div>\n\t\t\t\t\t<\/div>\n\t\t<\/section>\n\t\t\t\t<section class=\"elementor-section elementor-top-section elementor-element elementor-element-721f397 elementor-section-stretched elementor-section-boxed elementor-section-height-default elementor-section-height-default\" data-id=\"721f397\" data-element_type=\"section\" data-e-type=\"section\" data-settings=\"{&quot;stretch_section&quot;:&quot;section-stretched&quot;,&quot;background_background&quot;:&quot;classic&quot;}\">\n\t\t\t\t\t\t\t<div class=\"elementor-background-overlay\"><\/div>\n\t\t\t\t\t\t\t<div class=\"elementor-container elementor-column-gap-wider\">\n\t\t\t\t\t<div class=\"elementor-column elementor-col-100 elementor-top-column elementor-element elementor-element-f71a27e\" data-id=\"f71a27e\" data-element_type=\"column\" data-e-type=\"column\">\n\t\t\t<div class=\"elementor-widget-wrap elementor-element-populated\">\n\t\t\t\t<div class=\"elementor-element elementor-element-b214546 e-flex e-con-boxed e-con e-parent\" data-id=\"b214546\" data-element_type=\"container\" data-e-type=\"container\">\n\t\t\t\t\t<div class=\"e-con-inner\">\n\t\t\t\t<div class=\"elementor-element elementor-element-326686e elementor-widget elementor-widget-heading\" data-id=\"326686e\" data-element_type=\"widget\" data-e-type=\"widget\" data-widget_type=\"heading.default\">\n\t\t\t\t<div class=\"elementor-widget-container\">\n\t\t\t\t\t<h3 class=\"elementor-heading-title elementor-size-default\">1. die Bequemlichkeit und Schnelligkeit<\/h3>\t\t\t\t<\/div>\n\t\t\t\t<\/div>\n\t\t\t\t<div class=\"elementor-element elementor-element-d68030a elementor-widget elementor-widget-text-editor\" data-id=\"d68030a\" data-element_type=\"widget\" data-e-type=\"widget\" data-widget_type=\"text-editor.default\">\n\t\t\t\t<div class=\"elementor-widget-container\">\n\t\t\t\t\t\t\t\t\t<p>Wir bem\u00fchen uns, Ihre Reise von Anfang an zu erleichtern. Wenn Sie am Flughafen V\u00e1clav Havel landen, m\u00fcssen Sie nicht weit vom Terminal nach einem Mietwagen suchen. Unser Service erm\u00f6glicht es Ihnen, direkt am Flughafen ein Auto zu bekommen, was Ihnen Zeit spart und den Start Ihrer Reise erleichtert.  <\/p>\n\t\t\t\t\t\t\t\t<\/div>\n\t\t\t\t<\/div>\n\t\t\t\t<div class=\"elementor-element elementor-element-bf7eb6b elementor-widget elementor-widget-heading\" data-id=\"bf7eb6b\" data-element_type=\"widget\" data-e-type=\"widget\" data-widget_type=\"heading.default\">\n\t\t\t\t<div class=\"elementor-widget-container\">\n\t\t\t\t\t<h3 class=\"elementor-heading-title elementor-size-default\">2. gro\u00dfe Auswahl an Fahrzeugen<\/h3>\t\t\t\t<\/div>\n\t\t\t\t<\/div>\n\t\t\t\t<div class=\"elementor-element elementor-element-78c9062 elementor-widget elementor-widget-text-editor\" data-id=\"78c9062\" data-element_type=\"widget\" data-e-type=\"widget\" data-widget_type=\"text-editor.default\">\n\t\t\t\t<div class=\"elementor-widget-container\">\n\t\t\t\t\t\t\t\t\t<p>Bei unserer Autovermietung k\u00f6nnen Sie aus einer breiten Palette von Fahrzeugen w\u00e4hlen, die Ihren Bed\u00fcrfnissen und W\u00fcnschen entsprechen. Von kleinen und sparsamen Autos bis hin zu luxuri\u00f6sen Limousinen, wir haben f\u00fcr jeden ein Fahrzeug. Egal, ob Sie allein, mit der Familie oder in einer Gruppe reisen, wir finden das perfekte Auto f\u00fcr Sie.  <\/p>\n\t\t\t\t\t\t\t\t<\/div>\n\t\t\t\t<\/div>\n\t\t\t\t<div class=\"elementor-element elementor-element-3022a1e elementor-widget elementor-widget-heading\" data-id=\"3022a1e\" data-element_type=\"widget\" data-e-type=\"widget\" data-widget_type=\"heading.default\">\n\t\t\t\t<div class=\"elementor-widget-container\">\n\t\t\t\t\t<h3 class=\"elementor-heading-title elementor-size-default\">3. Klare und transparente Preise<\/h3>\t\t\t\t<\/div>\n\t\t\t\t<\/div>\n\t\t\t\t<div class=\"elementor-element elementor-element-3609fcf elementor-widget elementor-widget-text-editor\" data-id=\"3609fcf\" data-element_type=\"widget\" data-e-type=\"widget\" data-widget_type=\"text-editor.default\">\n\t\t\t\t<div class=\"elementor-widget-container\">\n\t\t\t\t\t\t\t\t\t<p>Wir m\u00f6chten, dass unsere Kunden wissen, was sie erwarten k\u00f6nnen. Deshalb sind wir bei der Preisgestaltung unserer Dienstleistungen gr\u00fcndlich und transparent. Wir bereiten Ihnen keine unangenehmen \u00dcberraschungen in Form von versteckten Geb\u00fchren oder unklaren Bedingungen. Bei uns wissen Sie genau, wie viel Sie zahlen werden und m\u00fcssen sich keine Sorgen \u00fcber unangenehme \u00dcberraschungen bei der Bezahlung machen.   <\/p>\n\t\t\t\t\t\t\t\t<\/div>\n\t\t\t\t<\/div>\n\t\t\t\t<div class=\"elementor-element elementor-element-6f89eed elementor-widget elementor-widget-heading\" data-id=\"6f89eed\" data-element_type=\"widget\" data-e-type=\"widget\" data-widget_type=\"heading.default\">\n\t\t\t\t<div class=\"elementor-widget-container\">\n\t\t\t\t\t<h3 class=\"elementor-heading-title elementor-size-default\">4. Professionelle Dienstleistungen<\/h3>\t\t\t\t<\/div>\n\t\t\t\t<\/div>\n\t\t\t\t<div class=\"elementor-element elementor-element-39a1b3a elementor-widget elementor-widget-text-editor\" data-id=\"39a1b3a\" data-element_type=\"widget\" data-e-type=\"widget\" data-widget_type=\"text-editor.default\">\n\t\t\t\t<div class=\"elementor-widget-container\">\n\t\t\t\t\t\t\t\t\t<p>Unsere Crews bestehen aus Fachleuten mit jahrelanger Erfahrung in der Autovermietungsbranche. Wir m\u00f6chten Ihnen nicht nur ein qualitativ hochwertiges Fahrzeug, sondern auch einen ausgezeichneten Kundenservice bieten. Wenn Sie w\u00e4hrend Ihrer Reise Fragen oder W\u00fcnsche haben, z\u00f6gern Sie nicht, uns zu kontaktieren. Ihre Zufriedenheit ist unsere Priorit\u00e4t.   <\/p>\n\t\t\t\t\t\t\t\t<\/div>\n\t\t\t\t<\/div>\n\t\t\t\t<div class=\"elementor-element elementor-element-a1b9c9f elementor-widget elementor-widget-heading\" data-id=\"a1b9c9f\" data-element_type=\"widget\" data-e-type=\"widget\" data-widget_type=\"heading.default\">\n\t\t\t\t<div class=\"elementor-widget-container\">\n\t\t\t\t\t<h4 class=\"elementor-heading-title elementor-size-default\">Warum sollten Sie unseren Service w\u00e4hlen?<\/h4>\t\t\t\t<\/div>\n\t\t\t\t<\/div>\n\t\t\t\t<div class=\"elementor-element elementor-element-46046fa elementor-widget elementor-widget-text-editor\" data-id=\"46046fa\" data-element_type=\"widget\" data-e-type=\"widget\" data-widget_type=\"text-editor.default\">\n\t\t\t\t<div class=\"elementor-widget-container\">\n\t\t\t\t\t\t\t\t\t<p>Wir bieten Ihnen nicht nur eine Auswahl der neuesten Fahrzeugmodelle, sondern sind auch bestrebt, Ihren Aufenthalt bei der Autovermietung so angenehm wie m\u00f6glich zu gestalten. Deshalb sind wir nicht nur mit Autos f\u00fcr Sie da, sondern auch mit Ratschl\u00e4gen und Empfehlungen f\u00fcr Ihre Reise, damit Sie Ihren Aufenthalt in Prag in vollen Z\u00fcgen genie\u00dfen k\u00f6nnen. <\/p>\n<p>Machen Sie sich keine Sorgen, wie Sie vom Flughafen zu Ihrem Ziel kommen. Bei unserer familiengef\u00fchrten Autovermietung JL RENT am Prager Flughafen V\u00e1clav Havel ist Ihre Reise in guten H\u00e4nden! <\/p>\n\t\t\t\t\t\t\t\t<\/div>\n\t\t\t\t<\/div>\n\t\t\t\t\t<\/div>\n\t\t\t\t<\/div>\n\t\t\t\t\t<\/div>\n\t\t<\/div>\n\t\t\t\t\t<\/div>\n\t\t<\/section>\n\t\t\t\t<section class=\"elementor-section elementor-top-section elementor-element elementor-element-9676e3f elementor-section-stretched elementor-section-boxed elementor-section-height-default elementor-section-height-default\" data-id=\"9676e3f\" data-element_type=\"section\" data-e-type=\"section\" data-settings=\"{&quot;stretch_section&quot;:&quot;section-stretched&quot;,&quot;background_background&quot;:&quot;classic&quot;}\">\n\t\t\t\t\t\t<div class=\"elementor-container elementor-column-gap-no\">\n\t\t\t\t\t<div class=\"elementor-column elementor-col-100 elementor-top-column elementor-element elementor-element-aa3548e\" data-id=\"aa3548e\" data-element_type=\"column\" data-e-type=\"column\">\n\t\t\t<div class=\"elementor-widget-wrap elementor-element-populated\">\n\t\t\t\t\t\t<section class=\"elementor-section elementor-inner-section elementor-element elementor-element-ddb035c elementor-section-boxed elementor-section-height-default elementor-section-height-default\" data-id=\"ddb035c\" data-element_type=\"section\" data-e-type=\"section\">\n\t\t\t\t\t\t<div class=\"elementor-container elementor-column-gap-wider\">\n\t\t\t\t\t<div class=\"elementor-column elementor-col-66 elementor-inner-column elementor-element elementor-element-c7ede76\" data-id=\"c7ede76\" data-element_type=\"column\" data-e-type=\"column\">\n\t\t\t<div class=\"elementor-widget-wrap elementor-element-populated\">\n\t\t\t\t\t\t<div class=\"elementor-element elementor-element-82226d3 elementor-widget elementor-widget-heading\" data-id=\"82226d3\" data-element_type=\"widget\" data-e-type=\"widget\" data-widget_type=\"heading.default\">\n\t\t\t\t<div class=\"elementor-widget-container\">\n\t\t\t\t\t<h2 class=\"elementor-heading-title elementor-size-default\">Angebot an Autos<\/h2>\t\t\t\t<\/div>\n\t\t\t\t<\/div>\n\t\t\t\t\t<\/div>\n\t\t<\/div>\n\t\t\t\t<div class=\"elementor-column elementor-col-33 elementor-inner-column elementor-element elementor-element-a96153d\" data-id=\"a96153d\" data-element_type=\"column\" data-e-type=\"column\">\n\t\t\t<div class=\"elementor-widget-wrap\">\n\t\t\t\t\t\t\t<\/div>\n\t\t<\/div>\n\t\t\t\t\t<\/div>\n\t\t<\/section>\n\t\t\t\t\t<\/div>\n\t\t<\/div>\n\t\t\t\t\t<\/div>\n\t\t<\/section>\n\t\t<div class=\"elementor-element elementor-element-ce2f0ea e-flex e-con-boxed e-con e-parent\" data-id=\"ce2f0ea\" data-element_type=\"container\" data-e-type=\"container\" data-settings=\"{&quot;background_background&quot;:&quot;classic&quot;}\">\n\t\t\t\t\t<div class=\"e-con-inner\">\n\t\t\t\t<div class=\"elementor-element elementor-element-a3f59af elementor-testimonial--skin-default elementor-testimonial--layout-image_inline elementor-testimonial--align-center elementor-arrows-yes elementor-pagination-type-bullets elementor-widget elementor-widget-testimonial-carousel\" data-id=\"a3f59af\" data-element_type=\"widget\" data-e-type=\"widget\" data-settings=\"{&quot;slides_per_view&quot;:&quot;3&quot;,&quot;show_arrows&quot;:&quot;yes&quot;,&quot;pagination&quot;:&quot;bullets&quot;,&quot;speed&quot;:500,&quot;autoplay&quot;:&quot;yes&quot;,&quot;autoplay_speed&quot;:5000,&quot;loop&quot;:&quot;yes&quot;,&quot;pause_on_hover&quot;:&quot;yes&quot;,&quot;pause_on_interaction&quot;:&quot;yes&quot;,&quot;space_between&quot;:{&quot;unit&quot;:&quot;px&quot;,&quot;size&quot;:10,&quot;sizes&quot;:[]},&quot;space_between_laptop&quot;:{&quot;unit&quot;:&quot;px&quot;,&quot;size&quot;:10,&quot;sizes&quot;:[]},&quot;space_between_tablet&quot;:{&quot;unit&quot;:&quot;px&quot;,&quot;size&quot;:10,&quot;sizes&quot;:[]},&quot;space_between_mobile&quot;:{&quot;unit&quot;:&quot;px&quot;,&quot;size&quot;:10,&quot;sizes&quot;:[]}}\" data-widget_type=\"testimonial-carousel.default\">\n\t\t\t\t<div class=\"elementor-widget-container\">\n\t\t\t\t\t\t\t\t\t<div class=\"elementor-swiper\">\n\t\t\t\t\t<div class=\"elementor-main-swiper swiper\" role=\"region\" aria-roledescription=\"carousel\" aria-label=\"Slider\">\n\t\t\t\t<div class=\"swiper-wrapper\">\n\t\t\t\t\t\t\t\t\t\t\t<div class=\"swiper-slide\" role=\"group\" aria-roledescription=\"slide\">\n\t\t\t\t\t\t\t\t\t<div class=\"elementor-testimonial\">\n\t\t\t\t\t\t\t<div class=\"elementor-testimonial__content\">\n\t\t\t\t\t<div class=\"elementor-testimonial__text\">\n\t\t\t\t\t\t<p>\t\t<div data-elementor-type=\"container\" data-elementor-id=\"8796\" class=\"elementor elementor-8796 elementor-3797\" data-elementor-post-type=\"elementor_library\">\n\t\t\t\t<div class=\"elementor-element elementor-element-acdd0a7 e-flex e-con-boxed e-con e-child\" data-id=\"acdd0a7\" data-element_type=\"container\" data-e-type=\"container\">\n\t\t\t\t\t<div class=\"e-con-inner\">\n\t\t<div class=\"elementor-element elementor-element-27c9851 e-con-full e-flex e-con e-child\" data-id=\"27c9851\" data-element_type=\"container\" data-e-type=\"container\" data-settings=\"{&quot;background_background&quot;:&quot;gradient&quot;}\">\n\t\t\t\t<div class=\"elementor-element elementor-element-760f12d3 elementor-widget elementor-widget-image\" data-id=\"760f12d3\" data-element_type=\"widget\" data-e-type=\"widget\" data-widget_type=\"image.default\">\n\t\t\t\t<div class=\"elementor-widget-container\">\n\t\t\t\t\t\t\t\t\t\t\t\t\t\t\t<img decoding=\"async\" width=\"780\" height=\"390\" src=\"https:\/\/www.jlrent.cz\/wp-content\/uploads\/2024\/07\/pronajem-skoda-octavia-kombi.webp\" class=\"attachment-full size-full wp-image-8148\" alt=\"\" srcset=\"https:\/\/www.jlrent.cz\/wp-content\/uploads\/2024\/07\/pronajem-skoda-octavia-kombi.webp 780w, https:\/\/www.jlrent.cz\/wp-content\/uploads\/2024\/07\/pronajem-skoda-octavia-kombi-500x250.webp 500w, https:\/\/www.jlrent.cz\/wp-content\/uploads\/2024\/07\/pronajem-skoda-octavia-kombi-300x150.webp 300w, https:\/\/www.jlrent.cz\/wp-content\/uploads\/2024\/07\/pronajem-skoda-octavia-kombi-768x384.webp 768w, https:\/\/www.jlrent.cz\/wp-content\/uploads\/2024\/07\/pronajem-skoda-octavia-kombi-150x75.webp 150w, https:\/\/www.jlrent.cz\/wp-content\/uploads\/2024\/07\/pronajem-skoda-octavia-kombi-484x242.webp 484w\" sizes=\"(max-width:767px) 484px, (max-width:780px) 100vw, 780px\" title=\"\">\t\t\t\t\t\t\t\t\t\t\t\t\t\t\t<\/div>\n\t\t\t\t<\/div>\n\t\t\t\t<div class=\"elementor-element elementor-element-41050c7c elementor-widget elementor-widget-text-editor\" data-id=\"41050c7c\" data-element_type=\"widget\" data-e-type=\"widget\" data-widget_type=\"text-editor.default\">\n\t\t\t\t<div class=\"elementor-widget-container\">\n\t\t\t\t\t\t\t\t\t<p>\u0160KODA OCTAVIA<\/p><p style=\"color: #ff5733;\">Ab 700 CZK<\/p>\t\t\t\t\t\t\t\t<\/div>\n\t\t\t\t<\/div>\n\t\t\t\t<div class=\"elementor-element elementor-element-ba9f997 elementor-align-center elementor-mobile-align-center elementor-widget elementor-widget-button\" data-id=\"ba9f997\" data-element_type=\"widget\" data-e-type=\"widget\" data-widget_type=\"button.default\">\n\t\t\t\t<div class=\"elementor-widget-container\">\n\t\t\t\t\t\t\t\t\t<div class=\"elementor-button-wrapper\">\n\t\t\t\t\t<a class=\"elementor-button elementor-button-link elementor-size-sm\" href=\"https:\/\/www.jlrent.cz\/de\/mieten-sie-einen-skoda-octavia-kombi\/\">\n\t\t\t\t\t\t<span class=\"elementor-button-content-wrapper\">\n\t\t\t\t\t\t\t\t\t<span class=\"elementor-button-text\">Einfach bestellen<\/span>\n\t\t\t\t\t<\/span>\n\t\t\t\t\t<\/a>\n\t\t\t\t<\/div>\n\t\t\t\t\t\t\t\t<\/div>\n\t\t\t\t<\/div>\n\t\t\t\t<div class=\"elementor-element elementor-element-9e73cce elementor-widget elementor-widget-html\" data-id=\"9e73cce\" data-element_type=\"widget\" data-e-type=\"widget\" data-widget_type=\"html.default\">\n\t\t\t\t<div class=\"elementor-widget-container\">\n\t\t\t\t\t<script>\ndocument.querySelector('.elementor-3797 .elementor-element.elementor-element-27c9851').addEventListener('click', function(event) {\n    event.preventDefault(); \/\/ Zabr\u00e1n\u00ed v\u00fdchoz\u00edmu chov\u00e1n\u00ed, pokud by \u0161lo o odkaz\n    window.location.assign('https:\/\/www.jlrent.cz\/de\/mieten-sie-einen-skoda-octavia-kombi\/');\n});\n<\/script>\t\t\t\t<\/div>\n\t\t\t\t<\/div>\n\t\t\t\t<\/div>\n\t\t\t\t\t<\/div>\n\t\t\t\t<\/div>\n\t\t\t\t<\/div>\n\t\t<\/p>\n\t\t\t\t\t<\/div>\n\t\t\t\t\t\t\t\t\t<\/div>\n\t\t\t\t\t\t<div class=\"elementor-testimonial__footer\">\n\t\t\t\t\t\t\t\t\t\t\t<\/div>\n\t\t<\/div>\n\t\t\t\t\t\t\t\t<\/div>\n\t\t\t\t\t\t\t\t\t\t\t<div class=\"swiper-slide\" role=\"group\" aria-roledescription=\"slide\">\n\t\t\t\t\t\t\t\t\t<div class=\"elementor-testimonial\">\n\t\t\t\t\t\t\t<div class=\"elementor-testimonial__content\">\n\t\t\t\t\t<div class=\"elementor-testimonial__text\">\n\t\t\t\t\t\t<p>\t\t<div data-elementor-type=\"container\" data-elementor-id=\"8788\" class=\"elementor elementor-8788 elementor-3794\" data-elementor-post-type=\"elementor_library\">\n\t\t\t\t<div class=\"elementor-element elementor-element-6bc5215d e-flex e-con-boxed e-con e-child\" data-id=\"6bc5215d\" data-element_type=\"container\" data-e-type=\"container\">\n\t\t\t\t\t<div class=\"e-con-inner\">\n\t\t<div class=\"elementor-element elementor-element-c0bd88f e-con-full e-flex e-con e-child\" data-id=\"c0bd88f\" data-element_type=\"container\" data-e-type=\"container\" data-settings=\"{&quot;background_background&quot;:&quot;gradient&quot;}\">\n\t\t\t\t<div class=\"elementor-element elementor-element-3a3ea70c elementor-widget elementor-widget-image\" data-id=\"3a3ea70c\" data-element_type=\"widget\" data-e-type=\"widget\" data-widget_type=\"image.default\">\n\t\t\t\t<div class=\"elementor-widget-container\">\n\t\t\t\t\t\t\t\t\t\t\t\t\t\t\t\t<a href=\"https:\/\/jlrent.cz\/pronajem-seat-leon-fr\/\" target=\"_blank\" rel=\"noopener\">\n\t\t\t\t\t\t\t<img decoding=\"async\" width=\"780\" height=\"390\" src=\"https:\/\/www.jlrent.cz\/wp-content\/uploads\/2024\/07\/pronajem-seat-leon3.webp\" class=\"attachment-full size-full wp-image-8392\" alt=\"Seat Leon FR\" srcset=\"https:\/\/www.jlrent.cz\/wp-content\/uploads\/2024\/07\/pronajem-seat-leon3.webp 780w, https:\/\/www.jlrent.cz\/wp-content\/uploads\/2024\/07\/pronajem-seat-leon3-500x250.webp 500w, https:\/\/www.jlrent.cz\/wp-content\/uploads\/2024\/07\/pronajem-seat-leon3-300x150.webp 300w, https:\/\/www.jlrent.cz\/wp-content\/uploads\/2024\/07\/pronajem-seat-leon3-768x384.webp 768w, https:\/\/www.jlrent.cz\/wp-content\/uploads\/2024\/07\/pronajem-seat-leon3-150x75.webp 150w, https:\/\/www.jlrent.cz\/wp-content\/uploads\/2024\/07\/pronajem-seat-leon3-484x242.webp 484w\" sizes=\"(max-width:767px) 484px, (max-width:780px) 100vw, 780px\" title=\"\">\t\t\t\t\t\t\t\t<\/a>\n\t\t\t\t\t\t\t\t\t\t\t\t\t\t\t<\/div>\n\t\t\t\t<\/div>\n\t\t\t\t<div class=\"elementor-element elementor-element-7804ab0a elementor-widget elementor-widget-text-editor\" data-id=\"7804ab0a\" data-element_type=\"widget\" data-e-type=\"widget\" data-widget_type=\"text-editor.default\">\n\t\t\t\t<div class=\"elementor-widget-container\">\n\t\t\t\t\t\t\t\t\t<p>SEAT LEON FR<\/p><p style=\"color: #ff5733;\">Ab 950 CZK<\/p>\t\t\t\t\t\t\t\t<\/div>\n\t\t\t\t<\/div>\n\t\t\t\t<div class=\"elementor-element elementor-element-ff43dfc elementor-align-center elementor-mobile-align-center elementor-widget elementor-widget-button\" data-id=\"ff43dfc\" data-element_type=\"widget\" data-e-type=\"widget\" data-widget_type=\"button.default\">\n\t\t\t\t<div class=\"elementor-widget-container\">\n\t\t\t\t\t\t\t\t\t<div class=\"elementor-button-wrapper\">\n\t\t\t\t\t<a class=\"elementor-button elementor-button-link elementor-size-sm\" href=\"https:\/\/www.jlrent.cz\/de\/mieten-sie-einen-seat-leon-fr\/\">\n\t\t\t\t\t\t<span class=\"elementor-button-content-wrapper\">\n\t\t\t\t\t\t\t\t\t<span class=\"elementor-button-text\">Einfach bestellen<\/span>\n\t\t\t\t\t<\/span>\n\t\t\t\t\t<\/a>\n\t\t\t\t<\/div>\n\t\t\t\t\t\t\t\t<\/div>\n\t\t\t\t<\/div>\n\t\t\t\t<div class=\"elementor-element elementor-element-465d40a elementor-widget elementor-widget-html\" data-id=\"465d40a\" data-element_type=\"widget\" data-e-type=\"widget\" data-widget_type=\"html.default\">\n\t\t\t\t<div class=\"elementor-widget-container\">\n\t\t\t\t\t<script>\ndocument.querySelector('.elementor-3794 .elementor-element.elementor-element-6bc5215d').addEventListener('click', function(event) {\n    event.preventDefault(); \/\/ Zabr\u00e1n\u00ed v\u00fdchoz\u00edmu chov\u00e1n\u00ed, pokud by \u0161lo o odkaz\n    window.location.assign('https:\/\/www.jlrent.cz\/de\/mieten-sie-einen-seat-leon-fr\/');\n});\n<\/script>\t\t\t\t<\/div>\n\t\t\t\t<\/div>\n\t\t\t\t<\/div>\n\t\t\t\t\t<\/div>\n\t\t\t\t<\/div>\n\t\t\t\t<\/div>\n\t\t<\/p>\n\t\t\t\t\t<\/div>\n\t\t\t\t\t\t\t\t\t<\/div>\n\t\t\t\t\t\t<div class=\"elementor-testimonial__footer\">\n\t\t\t\t\t\t\t\t\t\t\t<\/div>\n\t\t<\/div>\n\t\t\t\t\t\t\t\t<\/div>\n\t\t\t\t\t\t\t\t\t\t\t<div class=\"swiper-slide\" role=\"group\" aria-roledescription=\"slide\">\n\t\t\t\t\t\t\t\t\t<div class=\"elementor-testimonial\">\n\t\t\t\t\t\t\t<div class=\"elementor-testimonial__content\">\n\t\t\t\t\t<div class=\"elementor-testimonial__text\">\n\t\t\t\t\t\t<p>\t\t<div data-elementor-type=\"container\" data-elementor-id=\"8802\" class=\"elementor elementor-8802 elementor-3791\" data-elementor-post-type=\"elementor_library\">\n\t\t\t\t<div class=\"elementor-element elementor-element-646c413f e-flex e-con-boxed e-con e-child\" data-id=\"646c413f\" data-element_type=\"container\" data-e-type=\"container\">\n\t\t\t\t\t<div class=\"e-con-inner\">\n\t\t<div class=\"elementor-element elementor-element-d7c8739 e-con-full e-flex e-con e-child\" data-id=\"d7c8739\" data-element_type=\"container\" data-e-type=\"container\" data-settings=\"{&quot;background_background&quot;:&quot;gradient&quot;}\">\n\t\t\t\t<div class=\"elementor-element elementor-element-ece6e03 elementor-widget elementor-widget-image\" data-id=\"ece6e03\" data-element_type=\"widget\" data-e-type=\"widget\" data-widget_type=\"image.default\">\n\t\t\t\t<div class=\"elementor-widget-container\">\n\t\t\t\t\t\t\t\t\t\t\t\t\t\t\t<img loading=\"lazy\" decoding=\"async\" width=\"780\" height=\"390\" src=\"https:\/\/www.jlrent.cz\/wp-content\/uploads\/2024\/07\/pronajem-skoda-karoq.webp\" class=\"attachment-full size-full wp-image-8118\" alt=\"\" srcset=\"https:\/\/www.jlrent.cz\/wp-content\/uploads\/2024\/07\/pronajem-skoda-karoq.webp 780w, https:\/\/www.jlrent.cz\/wp-content\/uploads\/2024\/07\/pronajem-skoda-karoq-500x250.webp 500w, https:\/\/www.jlrent.cz\/wp-content\/uploads\/2024\/07\/pronajem-skoda-karoq-300x150.webp 300w, https:\/\/www.jlrent.cz\/wp-content\/uploads\/2024\/07\/pronajem-skoda-karoq-768x384.webp 768w, https:\/\/www.jlrent.cz\/wp-content\/uploads\/2024\/07\/pronajem-skoda-karoq-150x75.webp 150w, https:\/\/www.jlrent.cz\/wp-content\/uploads\/2024\/07\/pronajem-skoda-karoq-484x242.webp 484w\" sizes=\"(max-width:767px) 484px, (max-width:780px) 100vw, 780px\" title=\"\">\t\t\t\t\t\t\t\t\t\t\t\t\t\t\t<\/div>\n\t\t\t\t<\/div>\n\t\t\t\t<div class=\"elementor-element elementor-element-626a18b elementor-widget elementor-widget-text-editor\" data-id=\"626a18b\" data-element_type=\"widget\" data-e-type=\"widget\" data-widget_type=\"text-editor.default\">\n\t\t\t\t<div class=\"elementor-widget-container\">\n\t\t\t\t\t\t\t\t\t<p>Skoda Karoq<\/p><p style=\"color: #ff5733;\">Ab 850 CZK<\/p>\t\t\t\t\t\t\t\t<\/div>\n\t\t\t\t<\/div>\n\t\t\t\t<div class=\"elementor-element elementor-element-0ca3921 elementor-align-center elementor-mobile-align-center elementor-widget elementor-widget-button\" data-id=\"0ca3921\" data-element_type=\"widget\" data-e-type=\"widget\" data-widget_type=\"button.default\">\n\t\t\t\t<div class=\"elementor-widget-container\">\n\t\t\t\t\t\t\t\t\t<div class=\"elementor-button-wrapper\">\n\t\t\t\t\t<a class=\"elementor-button elementor-button-link elementor-size-sm\" href=\"https:\/\/www.jlrent.cz\/de\/mieten-sie-einen-skoda-karoq\/\">\n\t\t\t\t\t\t<span class=\"elementor-button-content-wrapper\">\n\t\t\t\t\t\t\t\t\t<span class=\"elementor-button-text\">Einfach bestellen<\/span>\n\t\t\t\t\t<\/span>\n\t\t\t\t\t<\/a>\n\t\t\t\t<\/div>\n\t\t\t\t\t\t\t\t<\/div>\n\t\t\t\t<\/div>\n\t\t\t\t<div class=\"elementor-element elementor-element-a9f69cd elementor-widget elementor-widget-html\" data-id=\"a9f69cd\" data-element_type=\"widget\" data-e-type=\"widget\" data-widget_type=\"html.default\">\n\t\t\t\t<div class=\"elementor-widget-container\">\n\t\t\t\t\t<script>\ndocument.querySelector('.elementor-3791 .elementor-element.elementor-element-646c413f').addEventListener('click', function(event) {\n    event.preventDefault(); \/\/ Zabr\u00e1n\u00ed v\u00fdchoz\u00edmu chov\u00e1n\u00ed, pokud by \u0161lo o odkaz\n    window.location.assign('https:\/\/www.jlrent.cz\/de\/mieten-sie-einen-skoda-karoq\/');\n});\n<\/script>\t\t\t\t<\/div>\n\t\t\t\t<\/div>\n\t\t\t\t<\/div>\n\t\t\t\t\t<\/div>\n\t\t\t\t<\/div>\n\t\t\t\t<\/div>\n\t\t<\/p>\n\t\t\t\t\t<\/div>\n\t\t\t\t\t\t\t\t\t<\/div>\n\t\t\t\t\t\t<div class=\"elementor-testimonial__footer\">\n\t\t\t\t\t\t\t\t\t\t\t<\/div>\n\t\t<\/div>\n\t\t\t\t\t\t\t\t<\/div>\n\t\t\t\t\t\t\t\t\t\t\t<div class=\"swiper-slide\" role=\"group\" aria-roledescription=\"slide\">\n\t\t\t\t\t\t\t\t\t<div class=\"elementor-testimonial\">\n\t\t\t\t\t\t\t<div class=\"elementor-testimonial__content\">\n\t\t\t\t\t<div class=\"elementor-testimonial__text\">\n\t\t\t\t\t\t<p>\t\t<div data-elementor-type=\"container\" data-elementor-id=\"8798\" class=\"elementor elementor-8798 elementor-3788\" data-elementor-post-type=\"elementor_library\">\n\t\t\t\t<div class=\"elementor-element elementor-element-65596b1c e-flex e-con-boxed e-con e-child\" data-id=\"65596b1c\" data-element_type=\"container\" data-e-type=\"container\">\n\t\t\t\t\t<div class=\"e-con-inner\">\n\t\t<div class=\"elementor-element elementor-element-c99c7cf e-con-full e-flex e-con e-child\" data-id=\"c99c7cf\" data-element_type=\"container\" data-e-type=\"container\" data-settings=\"{&quot;background_background&quot;:&quot;gradient&quot;}\">\n\t\t\t\t<div class=\"elementor-element elementor-element-82b3898 elementor-widget elementor-widget-image\" data-id=\"82b3898\" data-element_type=\"widget\" data-e-type=\"widget\" data-widget_type=\"image.default\">\n\t\t\t\t<div class=\"elementor-widget-container\">\n\t\t\t\t\t\t\t\t\t\t\t\t\t\t\t\t<a href=\"https:\/\/jlrent.cz\/pronajem-skoda-superb-2\/\" target=\"_blank\" rel=\"noopener\">\n\t\t\t\t\t\t\t<img loading=\"lazy\" decoding=\"async\" width=\"780\" height=\"390\" src=\"https:\/\/www.jlrent.cz\/wp-content\/uploads\/2024\/07\/pronajem-skoda-superb-style.webp\" class=\"attachment-full size-full wp-image-8186\" alt=\"\" srcset=\"https:\/\/www.jlrent.cz\/wp-content\/uploads\/2024\/07\/pronajem-skoda-superb-style.webp 780w, https:\/\/www.jlrent.cz\/wp-content\/uploads\/2024\/07\/pronajem-skoda-superb-style-500x250.webp 500w, https:\/\/www.jlrent.cz\/wp-content\/uploads\/2024\/07\/pronajem-skoda-superb-style-300x150.webp 300w, https:\/\/www.jlrent.cz\/wp-content\/uploads\/2024\/07\/pronajem-skoda-superb-style-768x384.webp 768w, https:\/\/www.jlrent.cz\/wp-content\/uploads\/2024\/07\/pronajem-skoda-superb-style-150x75.webp 150w, https:\/\/www.jlrent.cz\/wp-content\/uploads\/2024\/07\/pronajem-skoda-superb-style-484x242.webp 484w\" sizes=\"(max-width:767px) 484px, (max-width:780px) 100vw, 780px\" title=\"\">\t\t\t\t\t\t\t\t<\/a>\n\t\t\t\t\t\t\t\t\t\t\t\t\t\t\t<\/div>\n\t\t\t\t<\/div>\n\t\t\t\t<div class=\"elementor-element elementor-element-c8eee30 elementor-widget elementor-widget-text-editor\" data-id=\"c8eee30\" data-element_type=\"widget\" data-e-type=\"widget\" data-widget_type=\"text-editor.default\">\n\t\t\t\t<div class=\"elementor-widget-container\">\n\t\t\t\t\t\t\t\t\t<p>\u0160KODA SUPERB<\/p><p style=\"color: #ff5733;\">Ab 900 CZK<\/p>\t\t\t\t\t\t\t\t<\/div>\n\t\t\t\t<\/div>\n\t\t\t\t<div class=\"elementor-element elementor-element-b375872 elementor-align-center elementor-mobile-align-center elementor-widget elementor-widget-button\" data-id=\"b375872\" data-element_type=\"widget\" data-e-type=\"widget\" data-widget_type=\"button.default\">\n\t\t\t\t<div class=\"elementor-widget-container\">\n\t\t\t\t\t\t\t\t\t<div class=\"elementor-button-wrapper\">\n\t\t\t\t\t<a class=\"elementor-button elementor-button-link elementor-size-sm\" href=\"https:\/\/www.jlrent.cz\/de\/mieten-sie-einen-skoda-superb\/\">\n\t\t\t\t\t\t<span class=\"elementor-button-content-wrapper\">\n\t\t\t\t\t\t\t\t\t<span class=\"elementor-button-text\">Einfach bestellen<\/span>\n\t\t\t\t\t<\/span>\n\t\t\t\t\t<\/a>\n\t\t\t\t<\/div>\n\t\t\t\t\t\t\t\t<\/div>\n\t\t\t\t<\/div>\n\t\t\t\t<div class=\"elementor-element elementor-element-d1328bd elementor-widget elementor-widget-html\" data-id=\"d1328bd\" data-element_type=\"widget\" data-e-type=\"widget\" data-widget_type=\"html.default\">\n\t\t\t\t<div class=\"elementor-widget-container\">\n\t\t\t\t\t<script>\ndocument.querySelector('.elementor-3788 .elementor-element.elementor-element-65596b1c').addEventListener('click', function(event) {\n    event.preventDefault(); \/\/ Zabr\u00e1n\u00ed v\u00fdchoz\u00edmu chov\u00e1n\u00ed, pokud by \u0161lo o odkaz\n    window.location.assign('https:\/\/www.jlrent.cz\/de\/mieten-sie-einen-skoda-superb\/');\n});\n<\/script>\t\t\t\t<\/div>\n\t\t\t\t<\/div>\n\t\t\t\t<\/div>\n\t\t\t\t\t<\/div>\n\t\t\t\t<\/div>\n\t\t\t\t<\/div>\n\t\t<\/p>\n\t\t\t\t\t<\/div>\n\t\t\t\t\t\t\t\t\t<\/div>\n\t\t\t\t\t\t<div class=\"elementor-testimonial__footer\">\n\t\t\t\t\t\t\t\t\t\t\t<\/div>\n\t\t<\/div>\n\t\t\t\t\t\t\t\t<\/div>\n\t\t\t\t\t\t\t\t\t\t\t<div class=\"swiper-slide\" role=\"group\" aria-roledescription=\"slide\">\n\t\t\t\t\t\t\t\t\t<div class=\"elementor-testimonial\">\n\t\t\t\t\t\t\t<div class=\"elementor-testimonial__content\">\n\t\t\t\t\t<div class=\"elementor-testimonial__text\">\n\t\t\t\t\t\t<p>\t\t<div data-elementor-type=\"container\" data-elementor-id=\"8790\" class=\"elementor elementor-8790 elementor-3785\" data-elementor-post-type=\"elementor_library\">\n\t\t\t\t<div class=\"elementor-element elementor-element-fc9c817 e-flex e-con-boxed e-con e-child\" data-id=\"fc9c817\" data-element_type=\"container\" data-e-type=\"container\">\n\t\t\t\t\t<div class=\"e-con-inner\">\n\t\t<div class=\"elementor-element elementor-element-d527444 e-con-full e-flex e-con e-child\" data-id=\"d527444\" data-element_type=\"container\" data-e-type=\"container\" data-settings=\"{&quot;background_background&quot;:&quot;gradient&quot;}\">\n\t\t\t\t<div class=\"elementor-element elementor-element-9d305d3 elementor-widget elementor-widget-image\" data-id=\"9d305d3\" data-element_type=\"widget\" data-e-type=\"widget\" data-widget_type=\"image.default\">\n\t\t\t\t<div class=\"elementor-widget-container\">\n\t\t\t\t\t\t\t\t\t\t\t\t\t\t\t\t<a href=\"https:\/\/www.jlrent.cz\/de\/einen-skoda-fabia-mieten\/\">\n\t\t\t\t\t\t\t<img loading=\"lazy\" decoding=\"async\" width=\"780\" height=\"390\" src=\"https:\/\/www.jlrent.cz\/wp-content\/uploads\/2024\/07\/pronajem-skoda-fabia-1.webp\" class=\"attachment-full size-full wp-image-8106\" alt=\"\" srcset=\"https:\/\/www.jlrent.cz\/wp-content\/uploads\/2024\/07\/pronajem-skoda-fabia-1.webp 780w, https:\/\/www.jlrent.cz\/wp-content\/uploads\/2024\/07\/pronajem-skoda-fabia-1-500x250.webp 500w, https:\/\/www.jlrent.cz\/wp-content\/uploads\/2024\/07\/pronajem-skoda-fabia-1-300x150.webp 300w, https:\/\/www.jlrent.cz\/wp-content\/uploads\/2024\/07\/pronajem-skoda-fabia-1-768x384.webp 768w, https:\/\/www.jlrent.cz\/wp-content\/uploads\/2024\/07\/pronajem-skoda-fabia-1-150x75.webp 150w, https:\/\/www.jlrent.cz\/wp-content\/uploads\/2024\/07\/pronajem-skoda-fabia-1-484x242.webp 484w\" sizes=\"(max-width:767px) 484px, (max-width:780px) 100vw, 780px\" title=\"\">\t\t\t\t\t\t\t\t<\/a>\n\t\t\t\t\t\t\t\t\t\t\t\t\t\t\t<\/div>\n\t\t\t\t<\/div>\n\t\t\t\t<div class=\"elementor-element elementor-element-2779f8d elementor-widget elementor-widget-text-editor\" data-id=\"2779f8d\" data-element_type=\"widget\" data-e-type=\"widget\" data-widget_type=\"text-editor.default\">\n\t\t\t\t<div class=\"elementor-widget-container\">\n\t\t\t\t\t\t\t\t\t<p>\u0160KODA FABIA<\/p><p style=\"color: #ff5733;\">Ab 575 CZK<\/p>\t\t\t\t\t\t\t\t<\/div>\n\t\t\t\t<\/div>\n\t\t\t\t<div class=\"elementor-element elementor-element-75e57d6 elementor-align-center elementor-mobile-align-center elementor-widget elementor-widget-button\" data-id=\"75e57d6\" data-element_type=\"widget\" data-e-type=\"widget\" data-widget_type=\"button.default\">\n\t\t\t\t<div class=\"elementor-widget-container\">\n\t\t\t\t\t\t\t\t\t<div class=\"elementor-button-wrapper\">\n\t\t\t\t\t<a class=\"elementor-button elementor-button-link elementor-size-sm\" href=\"https:\/\/www.jlrent.cz\/de\/mieten-sie-einen-skoda-fabia\/\">\n\t\t\t\t\t\t<span class=\"elementor-button-content-wrapper\">\n\t\t\t\t\t\t\t\t\t<span class=\"elementor-button-text\">Einfach bestellen<\/span>\n\t\t\t\t\t<\/span>\n\t\t\t\t\t<\/a>\n\t\t\t\t<\/div>\n\t\t\t\t\t\t\t\t<\/div>\n\t\t\t\t<\/div>\n\t\t\t\t<div class=\"elementor-element elementor-element-da26a3e elementor-widget elementor-widget-html\" data-id=\"da26a3e\" data-element_type=\"widget\" data-e-type=\"widget\" data-widget_type=\"html.default\">\n\t\t\t\t<div class=\"elementor-widget-container\">\n\t\t\t\t\t<script>\ndocument.querySelector('.elementor-3785 .elementor-element.elementor-element-fc9c817').addEventListener('click', function(event) {\n    event.preventDefault(); \/\/ Zabr\u00e1n\u00ed v\u00fdchoz\u00edmu chov\u00e1n\u00ed, pokud by \u0161lo o odkaz\n    window.location.assign('https:\/\/www.jlrent.cz\/de\/mieten-sie-einen-skoda-fabia\/');\n});\n<\/script>\t\t\t\t<\/div>\n\t\t\t\t<\/div>\n\t\t\t\t<\/div>\n\t\t\t\t\t<\/div>\n\t\t\t\t<\/div>\n\t\t\t\t<\/div>\n\t\t<\/p>\n\t\t\t\t\t<\/div>\n\t\t\t\t\t\t\t\t\t<\/div>\n\t\t\t\t\t\t<div class=\"elementor-testimonial__footer\">\n\t\t\t\t\t\t\t\t\t\t\t<\/div>\n\t\t<\/div>\n\t\t\t\t\t\t\t\t<\/div>\n\t\t\t\t\t\t\t\t\t<\/div>\n\t\t\t\t\t\t\t\t\t\t\t\t\t\t\t<div class=\"elementor-swiper-button elementor-swiper-button-prev\" role=\"button\" tabindex=\"0\" aria-label=\"Voriger\">\n\t\t\t\t\t\t\t<svg aria-hidden=\"true\" class=\"e-font-icon-svg e-eicon-chevron-left\" viewBox=\"0 0 1000 1000\" xmlns=\"http:\/\/www.w3.org\/2000\/svg\"><path d=\"M646 125C629 125 613 133 604 142L308 442C296 454 292 471 292 487 292 504 296 521 308 533L604 854C617 867 629 875 646 875 663 875 679 871 692 858 704 846 713 829 713 812 713 796 708 779 692 767L438 487 692 225C700 217 708 204 708 187 708 171 704 154 692 142 675 129 663 125 646 125Z\"><\/path><\/svg>\t\t\t\t\t\t<\/div>\n\t\t\t\t\t\t<div class=\"elementor-swiper-button elementor-swiper-button-next\" role=\"button\" tabindex=\"0\" aria-label=\"N\u00e4chster\">\n\t\t\t\t\t\t\t<svg aria-hidden=\"true\" class=\"e-font-icon-svg e-eicon-chevron-right\" viewBox=\"0 0 1000 1000\" xmlns=\"http:\/\/www.w3.org\/2000\/svg\"><path d=\"M696 533C708 521 713 504 713 487 713 471 708 454 696 446L400 146C388 133 375 125 354 125 338 125 325 129 313 142 300 154 292 171 292 187 292 204 296 221 308 233L563 492 304 771C292 783 288 800 288 817 288 833 296 850 308 863 321 871 338 875 354 875 371 875 388 867 400 854L696 533Z\"><\/path><\/svg>\t\t\t\t\t\t<\/div>\n\t\t\t\t\t\t\t\t\t\t\t\t\t\t\t\t<div class=\"swiper-pagination\"><\/div>\n\t\t\t\t\t\t\t\t\t\t\t\t<\/div>\n\t\t\t\t<\/div>\n\t\t\t\t\t\t\t\t<\/div>\n\t\t\t\t<\/div>\n\t\t\t\t<div class=\"elementor-element elementor-element-8b3967c elementor-align-center elementor-mobile-align-center elementor-invisible elementor-widget elementor-widget-button\" data-id=\"8b3967c\" data-element_type=\"widget\" data-e-type=\"widget\" data-settings=\"{&quot;_animation&quot;:&quot;fadeInUp&quot;}\" data-widget_type=\"button.default\">\n\t\t\t\t<div class=\"elementor-widget-container\">\n\t\t\t\t\t\t\t\t\t<div class=\"elementor-button-wrapper\">\n\t\t\t\t\t<a class=\"elementor-button elementor-button-link elementor-size-sm\" href=\"https:\/\/www.jlrent.cz\/de\/preisliste-der-autovermietung\/\">\n\t\t\t\t\t\t<span class=\"elementor-button-content-wrapper\">\n\t\t\t\t\t\t<span class=\"elementor-button-icon\">\n\t\t\t\t<svg aria-hidden=\"true\" class=\"e-font-icon-svg e-fas-arrow-right\" viewBox=\"0 0 448 512\" xmlns=\"http:\/\/www.w3.org\/2000\/svg\"><path d=\"M190.5 66.9l22.2-22.2c9.4-9.4 24.6-9.4 33.9 0L441 239c9.4 9.4 9.4 24.6 0 33.9L246.6 467.3c-9.4 9.4-24.6 9.4-33.9 0l-22.2-22.2c-9.5-9.5-9.3-25 .4-34.3L311.4 296H24c-13.3 0-24-10.7-24-24v-32c0-13.3 10.7-24 24-24h287.4L190.9 101.2c-9.8-9.3-10-24.8-.4-34.3z\"><\/path><\/svg>\t\t\t<\/span>\n\t\t\t\t\t\t\t\t\t<span class=\"elementor-button-text\">Angebot an Autos<\/span>\n\t\t\t\t\t<\/span>\n\t\t\t\t\t<\/a>\n\t\t\t\t<\/div>\n\t\t\t\t\t\t\t\t<\/div>\n\t\t\t\t<\/div>\n\t\t\t\t\t<\/div>\n\t\t\t\t<\/div>\n\t\t\t\t<section class=\"elementor-section elementor-top-section elementor-element elementor-element-a4fed8e elementor-section-stretched elementor-section-boxed elementor-section-height-default elementor-section-height-default\" data-id=\"a4fed8e\" data-element_type=\"section\" data-e-type=\"section\" data-settings=\"{&quot;stretch_section&quot;:&quot;section-stretched&quot;,&quot;background_background&quot;:&quot;classic&quot;}\">\n\t\t\t\t\t\t<div class=\"elementor-container elementor-column-gap-no\">\n\t\t\t\t\t<div class=\"elementor-column elementor-col-100 elementor-top-column elementor-element elementor-element-0518baf\" data-id=\"0518baf\" data-element_type=\"column\" data-e-type=\"column\">\n\t\t\t<div class=\"elementor-widget-wrap elementor-element-populated\">\n\t\t\t\t\t\t<section class=\"elementor-section elementor-inner-section elementor-element elementor-element-1dfee37 elementor-section-boxed elementor-section-height-default elementor-section-height-default\" data-id=\"1dfee37\" data-element_type=\"section\" data-e-type=\"section\">\n\t\t\t\t\t\t<div class=\"elementor-container elementor-column-gap-wider\">\n\t\t\t\t\t<div class=\"elementor-column elementor-col-66 elementor-inner-column elementor-element elementor-element-b1bc175\" data-id=\"b1bc175\" data-element_type=\"column\" data-e-type=\"column\">\n\t\t\t<div class=\"elementor-widget-wrap elementor-element-populated\">\n\t\t\t\t\t\t<div class=\"elementor-element elementor-element-a05f3a1 elementor-widget elementor-widget-heading\" data-id=\"a05f3a1\" data-element_type=\"widget\" data-e-type=\"widget\" data-widget_type=\"heading.default\">\n\t\t\t\t<div class=\"elementor-widget-container\">\n\t\t\t\t\t<h2 class=\"elementor-heading-title elementor-size-default\">Weitere Dienstleistungen von JL Rent: Die Komplettl\u00f6sung f\u00fcr Ihre Reise<\/h2>\t\t\t\t<\/div>\n\t\t\t\t<\/div>\n\t\t\t\t\t<\/div>\n\t\t<\/div>\n\t\t\t\t<div class=\"elementor-column elementor-col-33 elementor-inner-column elementor-element elementor-element-51a7bc8 elementor-hidden-mobile\" data-id=\"51a7bc8\" data-element_type=\"column\" data-e-type=\"column\">\n\t\t\t<div class=\"elementor-widget-wrap\">\n\t\t\t\t\t\t\t<\/div>\n\t\t<\/div>\n\t\t\t\t\t<\/div>\n\t\t<\/section>\n\t\t\t\t\t<\/div>\n\t\t<\/div>\n\t\t\t\t\t<\/div>\n\t\t<\/section>\n\t\t<div class=\"elementor-element elementor-element-833954e e-flex e-con-boxed e-con e-parent\" data-id=\"833954e\" data-element_type=\"container\" data-e-type=\"container\">\n\t\t\t\t\t<div class=\"e-con-inner\">\n\t\t<div class=\"elementor-element elementor-element-8a401ab e-grid e-con-full e-con e-child\" data-id=\"8a401ab\" data-element_type=\"container\" data-e-type=\"container\">\n\t\t<div class=\"elementor-element elementor-element-3a45984 e-flex e-con-boxed e-con e-child\" data-id=\"3a45984\" data-element_type=\"container\" data-e-type=\"container\">\n\t\t\t\t\t<div class=\"e-con-inner\">\n\t\t<div class=\"elementor-element elementor-element-d541c10 e-flex e-con-boxed e-con e-child\" data-id=\"d541c10\" data-element_type=\"container\" data-e-type=\"container\" data-settings=\"{&quot;background_background&quot;:&quot;classic&quot;}\">\n\t\t\t\t\t<div class=\"e-con-inner\">\n\t\t\t\t<div class=\"elementor-element elementor-element-6e96530 elementor-widget elementor-widget-image\" data-id=\"6e96530\" data-element_type=\"widget\" data-e-type=\"widget\" data-widget_type=\"image.default\">\n\t\t\t\t<div class=\"elementor-widget-container\">\n\t\t\t\t\t\t\t\t\t\t\t\t\t\t\t\t<a href=\"https:\/\/jlrent.cz\/autopujcovna-praha-hlavni-nadrazi\/\" target=\"_blank\" rel=\"noopener\">\n\t\t\t\t\t\t\t<img loading=\"lazy\" decoding=\"async\" width=\"489\" height=\"289\" src=\"https:\/\/www.jlrent.cz\/wp-content\/uploads\/2024\/06\/hlavni-nadrazi-praha.webp\" class=\"attachment-full size-full wp-image-7988\" alt=\"\" srcset=\"https:\/\/www.jlrent.cz\/wp-content\/uploads\/2024\/06\/hlavni-nadrazi-praha.webp 489w, https:\/\/www.jlrent.cz\/wp-content\/uploads\/2024\/06\/hlavni-nadrazi-praha-300x177.webp 300w, https:\/\/www.jlrent.cz\/wp-content\/uploads\/2024\/06\/hlavni-nadrazi-praha-127x75.webp 127w, https:\/\/www.jlrent.cz\/wp-content\/uploads\/2024\/06\/hlavni-nadrazi-praha-484x286.webp 484w\" sizes=\"(max-width:767px) 484px, 489px\" title=\"\">\t\t\t\t\t\t\t\t<\/a>\n\t\t\t\t\t\t\t\t\t\t\t\t\t\t\t<\/div>\n\t\t\t\t<\/div>\n\t\t\t\t<div class=\"elementor-element elementor-element-20038f3 elementor-widget elementor-widget-heading\" data-id=\"20038f3\" data-element_type=\"widget\" data-e-type=\"widget\" data-widget_type=\"heading.default\">\n\t\t\t\t<div class=\"elementor-widget-container\">\n\t\t\t\t\t<h4 class=\"elementor-heading-title elementor-size-default\">Hauptbahnhof Prag<\/h4>\t\t\t\t<\/div>\n\t\t\t\t<\/div>\n\t\t\t\t<div class=\"elementor-element elementor-element-5449ea3 elementor-align-center elementor-mobile-align-left elementor-tablet-align-center elementor-widget-tablet__width-initial elementor-widget-mobile__width-auto elementor-widget elementor-widget-button\" data-id=\"5449ea3\" data-element_type=\"widget\" data-e-type=\"widget\" data-widget_type=\"button.default\">\n\t\t\t\t<div class=\"elementor-widget-container\">\n\t\t\t\t\t\t\t\t\t<div class=\"elementor-button-wrapper\">\n\t\t\t\t\t<a class=\"elementor-button elementor-button-link elementor-size-sm\" href=\"https:\/\/www.jlrent.cz\/de\/hauptbahnhof-prag\/\">\n\t\t\t\t\t\t<span class=\"elementor-button-content-wrapper\">\n\t\t\t\t\t\t<span class=\"elementor-button-icon\">\n\t\t\t\t<svg aria-hidden=\"true\" class=\"e-font-icon-svg e-fas-arrow-right\" viewBox=\"0 0 448 512\" xmlns=\"http:\/\/www.w3.org\/2000\/svg\"><path d=\"M190.5 66.9l22.2-22.2c9.4-9.4 24.6-9.4 33.9 0L441 239c9.4 9.4 9.4 24.6 0 33.9L246.6 467.3c-9.4 9.4-24.6 9.4-33.9 0l-22.2-22.2c-9.5-9.5-9.3-25 .4-34.3L311.4 296H24c-13.3 0-24-10.7-24-24v-32c0-13.3 10.7-24 24-24h287.4L190.9 101.2c-9.8-9.3-10-24.8-.4-34.3z\"><\/path><\/svg>\t\t\t<\/span>\n\t\t\t\t\t\t\t\t\t<span class=\"elementor-button-text\">MEHR INFORMATIONEN<\/span>\n\t\t\t\t\t<\/span>\n\t\t\t\t\t<\/a>\n\t\t\t\t<\/div>\n\t\t\t\t\t\t\t\t<\/div>\n\t\t\t\t<\/div>\n\t\t\t\t\t<\/div>\n\t\t\t\t<\/div>\n\t\t\t\t\t<\/div>\n\t\t\t\t<\/div>\n\t\t<div class=\"elementor-element elementor-element-adcaa1a e-flex e-con-boxed e-con e-child\" data-id=\"adcaa1a\" data-element_type=\"container\" data-e-type=\"container\">\n\t\t\t\t\t<div class=\"e-con-inner\">\n\t\t<div class=\"elementor-element elementor-element-0b1f46b e-flex e-con-boxed e-con e-child\" data-id=\"0b1f46b\" data-element_type=\"container\" data-e-type=\"container\" data-settings=\"{&quot;background_background&quot;:&quot;classic&quot;}\">\n\t\t\t\t\t<div class=\"e-con-inner\">\n\t\t\t\t<div class=\"elementor-element elementor-element-57b73be elementor-widget elementor-widget-image\" data-id=\"57b73be\" data-element_type=\"widget\" data-e-type=\"widget\" data-widget_type=\"image.default\">\n\t\t\t\t<div class=\"elementor-widget-container\">\n\t\t\t\t\t\t\t\t\t\t\t\t\t\t\t\t<a href=\"https:\/\/www.jlrent.cz\/de\/kostenloses-parken-in-der-prager-metro\/\">\n\t\t\t\t\t\t\t<img loading=\"lazy\" decoding=\"async\" width=\"489\" height=\"289\" src=\"https:\/\/www.jlrent.cz\/wp-content\/uploads\/2024\/08\/metro2.webp\" class=\"attachment-full size-full wp-image-8370\" alt=\"P\u0158ISTAVEN\u00cd VOZU | JL Rent\" srcset=\"https:\/\/www.jlrent.cz\/wp-content\/uploads\/2024\/08\/metro2.webp 489w, https:\/\/www.jlrent.cz\/wp-content\/uploads\/2024\/08\/metro2-300x177.webp 300w, https:\/\/www.jlrent.cz\/wp-content\/uploads\/2024\/08\/metro2-127x75.webp 127w, https:\/\/www.jlrent.cz\/wp-content\/uploads\/2024\/08\/metro2-484x286.webp 484w\" sizes=\"(max-width:767px) 484px, 489px\" title=\"\">\t\t\t\t\t\t\t\t<\/a>\n\t\t\t\t\t\t\t\t\t\t\t\t\t\t\t<\/div>\n\t\t\t\t<\/div>\n\t\t\t\t<div class=\"elementor-element elementor-element-f805574 elementor-widget elementor-widget-heading\" data-id=\"f805574\" data-element_type=\"widget\" data-e-type=\"widget\" data-widget_type=\"heading.default\">\n\t\t\t\t<div class=\"elementor-widget-container\">\n\t\t\t\t\t<h4 class=\"elementor-heading-title elementor-size-default\">Autovermietung in Prag<\/h4>\t\t\t\t<\/div>\n\t\t\t\t<\/div>\n\t\t\t\t<div class=\"elementor-element elementor-element-0ec5094 elementor-align-center elementor-mobile-align-left elementor-tablet-align-center elementor-widget-tablet__width-initial elementor-widget-mobile__width-auto elementor-widget elementor-widget-button\" data-id=\"0ec5094\" data-element_type=\"widget\" data-e-type=\"widget\" data-widget_type=\"button.default\">\n\t\t\t\t<div class=\"elementor-widget-container\">\n\t\t\t\t\t\t\t\t\t<div class=\"elementor-button-wrapper\">\n\t\t\t\t\t<a class=\"elementor-button elementor-button-link elementor-size-sm\" href=\"https:\/\/www.jlrent.cz\/de\/kostenloses-parken-in-der-prager-metro\/\">\n\t\t\t\t\t\t<span class=\"elementor-button-content-wrapper\">\n\t\t\t\t\t\t<span class=\"elementor-button-icon\">\n\t\t\t\t<svg aria-hidden=\"true\" class=\"e-font-icon-svg e-fas-arrow-right\" viewBox=\"0 0 448 512\" xmlns=\"http:\/\/www.w3.org\/2000\/svg\"><path d=\"M190.5 66.9l22.2-22.2c9.4-9.4 24.6-9.4 33.9 0L441 239c9.4 9.4 9.4 24.6 0 33.9L246.6 467.3c-9.4 9.4-24.6 9.4-33.9 0l-22.2-22.2c-9.5-9.5-9.3-25 .4-34.3L311.4 296H24c-13.3 0-24-10.7-24-24v-32c0-13.3 10.7-24 24-24h287.4L190.9 101.2c-9.8-9.3-10-24.8-.4-34.3z\"><\/path><\/svg>\t\t\t<\/span>\n\t\t\t\t\t\t\t\t\t<span class=\"elementor-button-text\">MEHR INFORMATIONEN<\/span>\n\t\t\t\t\t<\/span>\n\t\t\t\t\t<\/a>\n\t\t\t\t<\/div>\n\t\t\t\t\t\t\t\t<\/div>\n\t\t\t\t<\/div>\n\t\t\t\t\t<\/div>\n\t\t\t\t<\/div>\n\t\t\t\t\t<\/div>\n\t\t\t\t<\/div>\n\t\t<div class=\"elementor-element elementor-element-ca2d049 e-flex e-con-boxed e-con e-child\" data-id=\"ca2d049\" data-element_type=\"container\" data-e-type=\"container\">\n\t\t\t\t\t<div class=\"e-con-inner\">\n\t\t<div class=\"elementor-element elementor-element-06c79c1 e-con-full e-flex e-con e-child\" data-id=\"06c79c1\" data-element_type=\"container\" data-e-type=\"container\" data-settings=\"{&quot;background_background&quot;:&quot;classic&quot;}\">\n\t\t\t\t<div class=\"elementor-element elementor-element-d493343 elementor-widget elementor-widget-image\" data-id=\"d493343\" data-element_type=\"widget\" data-e-type=\"widget\" data-widget_type=\"image.default\">\n\t\t\t\t<div class=\"elementor-widget-container\">\n\t\t\t\t\t\t\t\t\t\t\t\t\t\t\t\t<a href=\"https:\/\/www.jlrent.cz\/de\/langfristige-autovermietung\/\">\n\t\t\t\t\t\t\t<img loading=\"lazy\" decoding=\"async\" width=\"489\" height=\"289\" src=\"https:\/\/www.jlrent.cz\/wp-content\/uploads\/2024\/06\/dlouhodoby-pronajem-aut.webp\" class=\"attachment-full size-full wp-image-7958\" alt=\"\" srcset=\"https:\/\/www.jlrent.cz\/wp-content\/uploads\/2024\/06\/dlouhodoby-pronajem-aut.webp 489w, https:\/\/www.jlrent.cz\/wp-content\/uploads\/2024\/06\/dlouhodoby-pronajem-aut-300x177.webp 300w, https:\/\/www.jlrent.cz\/wp-content\/uploads\/2024\/06\/dlouhodoby-pronajem-aut-127x75.webp 127w, https:\/\/www.jlrent.cz\/wp-content\/uploads\/2024\/06\/dlouhodoby-pronajem-aut-484x286.webp 484w\" sizes=\"(max-width:767px) 484px, 489px\" title=\"\">\t\t\t\t\t\t\t\t<\/a>\n\t\t\t\t\t\t\t\t\t\t\t\t\t\t\t<\/div>\n\t\t\t\t<\/div>\n\t\t\t\t<div class=\"elementor-element elementor-element-97d42c8 elementor-widget elementor-widget-heading\" data-id=\"97d42c8\" data-element_type=\"widget\" data-e-type=\"widget\" data-widget_type=\"heading.default\">\n\t\t\t\t<div class=\"elementor-widget-container\">\n\t\t\t\t\t<h4 class=\"elementor-heading-title elementor-size-default\">Langfristige Autovermietung<\/h4>\t\t\t\t<\/div>\n\t\t\t\t<\/div>\n\t\t\t\t<div class=\"elementor-element elementor-element-1b3294b elementor-align-center elementor-mobile-align-left elementor-tablet-align-center elementor-widget-tablet__width-initial elementor-widget-mobile__width-auto elementor-widget elementor-widget-button\" data-id=\"1b3294b\" data-element_type=\"widget\" data-e-type=\"widget\" data-widget_type=\"button.default\">\n\t\t\t\t<div class=\"elementor-widget-container\">\n\t\t\t\t\t\t\t\t\t<div class=\"elementor-button-wrapper\">\n\t\t\t\t\t<a class=\"elementor-button elementor-button-link elementor-size-sm\" href=\"https:\/\/www.jlrent.cz\/de\/langfristige-autovermietung\/\">\n\t\t\t\t\t\t<span class=\"elementor-button-content-wrapper\">\n\t\t\t\t\t\t<span class=\"elementor-button-icon\">\n\t\t\t\t<svg aria-hidden=\"true\" class=\"e-font-icon-svg e-fas-arrow-right\" viewBox=\"0 0 448 512\" xmlns=\"http:\/\/www.w3.org\/2000\/svg\"><path d=\"M190.5 66.9l22.2-22.2c9.4-9.4 24.6-9.4 33.9 0L441 239c9.4 9.4 9.4 24.6 0 33.9L246.6 467.3c-9.4 9.4-24.6 9.4-33.9 0l-22.2-22.2c-9.5-9.5-9.3-25 .4-34.3L311.4 296H24c-13.3 0-24-10.7-24-24v-32c0-13.3 10.7-24 24-24h287.4L190.9 101.2c-9.8-9.3-10-24.8-.4-34.3z\"><\/path><\/svg>\t\t\t<\/span>\n\t\t\t\t\t\t\t\t\t<span class=\"elementor-button-text\">MEHR INFORMATIONEN<\/span>\n\t\t\t\t\t<\/span>\n\t\t\t\t\t<\/a>\n\t\t\t\t<\/div>\n\t\t\t\t\t\t\t\t<\/div>\n\t\t\t\t<\/div>\n\t\t\t\t<\/div>\n\t\t\t\t\t<\/div>\n\t\t\t\t<\/div>\n\t\t\t\t<\/div>\n\t\t\t\t\t<\/div>\n\t\t\t\t<\/div>\n\t\t\t\t<section class=\"elementor-section elementor-top-section elementor-element elementor-element-7accb29 elementor-section-stretched elementor-section-boxed elementor-section-height-default elementor-section-height-default\" data-id=\"7accb29\" data-element_type=\"section\" data-e-type=\"section\" data-settings=\"{&quot;stretch_section&quot;:&quot;section-stretched&quot;,&quot;background_background&quot;:&quot;classic&quot;}\">\n\t\t\t\t\t\t<div class=\"elementor-container elementor-column-gap-no\">\n\t\t\t\t\t<div class=\"elementor-column elementor-col-100 elementor-top-column elementor-element elementor-element-074e0cf\" data-id=\"074e0cf\" data-element_type=\"column\" data-e-type=\"column\">\n\t\t\t<div class=\"elementor-widget-wrap elementor-element-populated\">\n\t\t\t\t\t\t<section class=\"elementor-section elementor-inner-section elementor-element elementor-element-4b82fc6 elementor-section-boxed elementor-section-height-default elementor-section-height-default\" data-id=\"4b82fc6\" data-element_type=\"section\" data-e-type=\"section\">\n\t\t\t\t\t\t<div class=\"elementor-container elementor-column-gap-wider\">\n\t\t\t\t\t<div class=\"elementor-column elementor-col-66 elementor-inner-column elementor-element elementor-element-6a55804\" data-id=\"6a55804\" data-element_type=\"column\" data-e-type=\"column\">\n\t\t\t<div class=\"elementor-widget-wrap elementor-element-populated\">\n\t\t\t\t\t\t<div class=\"elementor-element elementor-element-7c2382b elementor-widget elementor-widget-heading\" data-id=\"7c2382b\" data-element_type=\"widget\" data-e-type=\"widget\" data-widget_type=\"heading.default\">\n\t\t\t\t<div class=\"elementor-widget-container\">\n\t\t\t\t\t<h2 class=\"elementor-heading-title elementor-size-default\">N\u00fctzliche Links f\u00fcr die Anreise zum Flughafen Vaclav Havel<\/h2>\t\t\t\t<\/div>\n\t\t\t\t<\/div>\n\t\t\t\t\t<\/div>\n\t\t<\/div>\n\t\t\t\t<div class=\"elementor-column elementor-col-33 elementor-inner-column elementor-element elementor-element-ec57b5f\" data-id=\"ec57b5f\" data-element_type=\"column\" data-e-type=\"column\">\n\t\t\t<div class=\"elementor-widget-wrap\">\n\t\t\t\t\t\t\t<\/div>\n\t\t<\/div>\n\t\t\t\t\t<\/div>\n\t\t<\/section>\n\t\t\t\t\t<\/div>\n\t\t<\/div>\n\t\t\t\t\t<\/div>\n\t\t<\/section>\n\t\t\t\t<section class=\"elementor-section elementor-top-section elementor-element elementor-element-32919f0 elementor-section-stretched elementor-section-boxed elementor-section-height-default elementor-section-height-default\" data-id=\"32919f0\" data-element_type=\"section\" data-e-type=\"section\" data-settings=\"{&quot;stretch_section&quot;:&quot;section-stretched&quot;,&quot;background_background&quot;:&quot;classic&quot;}\">\n\t\t\t\t\t\t\t<div class=\"elementor-background-overlay\"><\/div>\n\t\t\t\t\t\t\t<div class=\"elementor-container elementor-column-gap-wider\">\n\t\t\t\t\t<div class=\"elementor-column elementor-col-100 elementor-top-column elementor-element elementor-element-e94f53f\" data-id=\"e94f53f\" data-element_type=\"column\" data-e-type=\"column\" data-settings=\"{&quot;background_background&quot;:&quot;classic&quot;}\">\n\t\t\t<div class=\"elementor-widget-wrap elementor-element-populated\">\n\t\t\t\t<div class=\"elementor-element elementor-element-37dce3d e-flex e-con-boxed e-con e-parent\" data-id=\"37dce3d\" data-element_type=\"container\" data-e-type=\"container\">\n\t\t\t\t\t<div class=\"e-con-inner\">\n\t\t\t\t<div class=\"elementor-element elementor-element-b64d6ad elementor-widget elementor-widget-text-editor\" data-id=\"b64d6ad\" data-element_type=\"widget\" data-e-type=\"widget\" data-widget_type=\"text-editor.default\">\n\t\t\t\t<div class=\"elementor-widget-container\">\n\t\t\t\t\t\t\t\t\t<p class=\"p1\">Wir haben einige n\u00fctzliche externe Links f\u00fcr Ihre bequeme Reise zum Flughafen Prag zusammengestellt. Erfahren Sie mehr \u00fcber Verkehrsverbindungen, aktuelle Fluginformationen und Flughafenservices, die Ihnen bei der Planung Ihrer Reise helfen. Erkunden Sie die verf\u00fcgbaren Optionen und halten Sie alle wichtigen Informationen bereit!  <\/p>\n<p class=\"p1\"><strong>Links hier:<\/strong><\/p>\n<p>Offizielle Website des Flughafens<\/p>\n<p><span style=\"text-decoration: underline;\"><a href=\"https:\/\/www.prg.aero\/\" target=\"_blank\" rel=\"noopener\">https:\/\/www.prg.aero\/<\/a><\/span><\/p>\n<p>Flug\u00fcbersicht:<\/p>\n<p><span style=\"text-decoration: underline;\"><a href=\"https:\/\/www.prg.aero\/prehled-letu#\/\" target=\"_blank\" rel=\"noopener\">https:\/\/www.prg.aero\/prehled-letu#\/<\/a><\/span><\/p>\n<p>Karte des Flughafens:<\/p>\n<p><span style=\"text-decoration: underline;\"><a href=\"https:\/\/www.prg.aero\/mapa-letiste\" target=\"_blank\" rel=\"noopener\">https:\/\/www.prg.aero\/mapa-letiste<\/a><\/span><\/p>\n\t\t\t\t\t\t\t\t<\/div>\n\t\t\t\t<\/div>\n\t\t\t\t\t<\/div>\n\t\t\t\t<\/div>\n\t\t\t\t\t<\/div>\n\t\t<\/div>\n\t\t\t\t\t<\/div>\n\t\t<\/section>\n\t\t\t\t<\/div>\n\t\t","protected":false},"excerpt":{"rendered":"<p>Autovermietung in Prag Flughafen | JLRENT Autovermietung am V\u00e1clav Havel Flughafen Sind Sie gekommen, um die Sch\u00f6nheit Prags zu genie\u00dfen oder auf einer Gesch\u00e4ftsreise? Aber mit<span class=\"excerpt-hellip\"> [\u2026]<\/span><\/p>\n","protected":false},"author":1,"featured_media":0,"parent":0,"menu_order":0,"comment_status":"open","ping_status":"closed","template":"","meta":{"footnotes":""},"class_list":["post-9585","page","type-page","status-publish","hentry"],"_links":{"self":[{"href":"https:\/\/www.jlrent.cz\/de\/wp-json\/wp\/v2\/pages\/9585","targetHints":{"allow":["GET"]}}],"collection":[{"href":"https:\/\/www.jlrent.cz\/de\/wp-json\/wp\/v2\/pages"}],"about":[{"href":"https:\/\/www.jlrent.cz\/de\/wp-json\/wp\/v2\/types\/page"}],"author":[{"embeddable":true,"href":"https:\/\/www.jlrent.cz\/de\/wp-json\/wp\/v2\/users\/1"}],"replies":[{"embeddable":true,"href":"https:\/\/www.jlrent.cz\/de\/wp-json\/wp\/v2\/comments?post=9585"}],"version-history":[{"count":0,"href":"https:\/\/www.jlrent.cz\/de\/wp-json\/wp\/v2\/pages\/9585\/revisions"}],"wp:attachment":[{"href":"https:\/\/www.jlrent.cz\/de\/wp-json\/wp\/v2\/media?parent=9585"}],"curies":[{"name":"wp","href":"https:\/\/api.w.org\/{rel}","templated":true}]}}